{"id":11938,"date":"2021-05-10T13:30:20","date_gmt":"2021-05-10T11:30:20","guid":{"rendered":"https:\/\/elejido.es\/comercio\/?page_id=11938"},"modified":"2025-09-10T12:22:02","modified_gmt":"2025-09-10T10:22:02","slug":"subvenciones-y-ayudas","status":"publish","type":"page","link":"https:\/\/elejido.es\/comercio\/index.php\/info-util\/subvenciones-y-ayudas\/","title":{"rendered":"Subvenciones y ayudas"},"content":{"rendered":"\n<div class=\"wp-block-group container\"><div class=\"wp-block-group__inner-container is-layout-flow wp-block-group-is-layout-flow\">\n<div style=\"height:25px\" aria-hidden=\"true\" class=\"wp-block-spacer\"><\/div>\n\n\n\n<figure class=\"wp-block-image size-full\"><img loading=\"lazy\" decoding=\"async\" width=\"1200\" height=\"400\" src=\"https:\/\/app.elejido.es\/comercio\/wp-content\/uploads\/2023\/08\/subvenciones.png\" alt=\"\" class=\"wp-image-21849\" srcset=\"https:\/\/elejido.es\/comercio\/wp-content\/uploads\/2023\/08\/subvenciones.png 1200w, https:\/\/elejido.es\/comercio\/wp-content\/uploads\/2023\/08\/subvenciones-500x167.png 500w, https:\/\/elejido.es\/comercio\/wp-content\/uploads\/2023\/08\/subvenciones-768x256.png 768w, https:\/\/elejido.es\/comercio\/wp-content\/uploads\/2023\/08\/subvenciones-800x267.png 800w\" sizes=\"auto, (max-width: 1200px) 100vw, 1200px\" \/><\/figure>\n\n\n\n<div style=\"height:5px\" aria-hidden=\"true\" class=\"wp-block-spacer\"><\/div>\n\n\n<div class=\"breadcrumbs align  wp-block-bcn-breadcrumb-trail has-text-color has-background\" vocab=\"https:\/\/schema.org\/\" typeof=\"BreadcrumbList\">\n\t<span><\/span>\n\t<span property=\"itemListElement\" typeof=\"ListItem\"><a property=\"item\" typeof=\"WebPage\" title=\"Ir a Comercio de El Ejido.\" href=\"https:\/\/elejido.es\/comercio\" class=\"home\" aria-current=\"page\"><span property=\"name\">Comercio de El Ejido<\/span><\/a><meta property=\"position\" content=\"1\"><\/span><\/div>\n\n\n\n<div style=\"height:50px\" aria-hidden=\"true\" class=\"wp-block-spacer\"><\/div>\n\n\n\n<p>\u00bfNecesitas ayuda para impulsar tu negocio o comenzar un proyecto empresarial? Inf\u00f3rmate de cada una de las subvenciones y ayudas de las que puedes ser beneficiario. Te asesoramos y acompa\u00f1amos en su tramitaci\u00f3n.<\/p>\n\n\n\n<div style=\"height:50px\" aria-hidden=\"true\" class=\"wp-block-spacer\"><\/div>\n\n\n\n<h2 class=\"has-text-align-left animated zoomIn duration1 eds-on-scroll wp-block-heading\">Subvenciones y ayudas<\/h2>\n\n\n\n<h3 class=\"wp-block-heading\">Subvenciones para el fomento del trabajo aut\u00f3nomo. L\u00ednea 2: Inicio de actividad<\/h3>\n\n\n\n<p class=\"has-vivid-green-cyan-color has-text-color\">Estado de la convocatoria &gt;<mark style=\"background-color:rgba(0, 0, 0, 0);color:#35a64c\" class=\"has-inline-color\"> <\/mark>Abierta \ud83d\ude42 hasta 30\/06\/2026<\/p>\n\n\n<div\n\t\t\t\n\t\t\tclass=\"so-widget-sow-accordion so-widget-sow-accordion-default-42003b6a64f5\"\n\t\t\t\n\t\t><div>\n\t<div class=\"sow-accordion\">\n\t\t\t<div class=\"sow-accordion-panel\n\t\t sow-accordion-panel-open\t\t\t\"\n\t\t\t\tdata-anchor-id=\"de-que-se-trata\">\n\t\t\t\t\t<div class=\"sow-accordion-panel-header-container\" role=\"heading\" aria-level=\"2\">\n\t\t\t\t\t<div class=\"sow-accordion-panel-header\" tabindex=\"0\" role=\"button\" id=\"accordion-label-%c2%bfde-qu%c3%a9-se-trata\" aria-controls=\"accordion-content-%c2%bfde-qu%c3%a9-se-trata\" aria-expanded=\"true\">\n\t\t\t\t\t\t<div class=\"sow-accordion-title sow-accordion-title-icon-left\">\n\t\t\t\t\t\t\t\t\t\t\t\t\t\t\u00bfDe qu\u00e9 se trata?\t\t\t\t\t\t\t\t\t\t\t\t\t<\/div>\n\t\t\t\t\t\t<div class=\"sow-accordion-open-close-button\">\n\t\t\t\t\t\t\t<div class=\"sow-accordion-open-button\">\n\t\t\t\t\t\t\t\t<span class=\"sow-icon-ionicons\" data-sow-icon=\"&#xf218;\"\n\t\t \n\t\taria-hidden=\"true\"><\/span>\t\t\t\t\t\t\t<\/div>\n\t\t\t\t\t\t\t<div class=\"sow-accordion-close-button\">\n\t\t\t\t\t\t\t\t<span class=\"sow-icon-ionicons\" data-sow-icon=\"&#xf209;\"\n\t\t \n\t\taria-hidden=\"true\"><\/span>\t\t\t\t\t\t\t<\/div>\n\t\t\t\t\t\t<\/div>\n\t\t\t\t\t<\/div>\n\t\t\t\t<\/div>\n\n\t\t\t<div\n\t\t\t\tclass=\"sow-accordion-panel-content\"\n\t\t\t\trole=\"region\"\n\t\t\t\taria-labelledby=\"accordion-label-%c2%bfde-qu%c3%a9-se-trata\"\n\t\t\t\tid=\"accordion-content-%c2%bfde-qu%c3%a9-se-trata\"\n\t\t\t\t\t\t\t>\n\t\t\t\t<div class=\"sow-accordion-panel-border\">\n\t\t\t\t\t<p>La finalidad es el fomento del trabajo aut\u00f3nomo, reduciendo la carga de los gastos que supone la cotizaci\u00f3n a la Seguridad Social de las personas trabajadoras por cuenta propia o aut\u00f3nomas en los estadios iniciales de su actividad, y apoyando la estabilizaci\u00f3n y fortalecimiento de las iniciativas emprendedoras de trabajo aut\u00f3nomo.<\/p>\n<p>Objetivo: financiar las cuotas de cotizaci\u00f3n a la Seguridad Social devengadas por las personas trabajadoras por cuenta propia o aut\u00f3noma, incluidas en el R\u00e9gimen Especial de la Seguridad Social de los Trabajadores por Cuenta Propia o Aut\u00f3nomos o, en el grupo primero de cotizaci\u00f3n del R\u00e9gimen Especial de la Seguridad Social de los Trabajadores del Mar, que hayan estado acogidas a la reducci\u00f3n prevista en los apartados 1 y 2 del art\u00edculo 38 ter de la Ley 20\/2007, de 11 de julio, y a la bonificaci\u00f3n\u00a0 prevista en el art\u00edculo 38 bis de dicha Ley, siempre que hayan completado el periodo continuado de duraci\u00f3n en situaci\u00f3n de alta como persona trabajadora aut\u00f3noma previsto en el art\u00edculo 6.1 para tener derecho a la concesi\u00f3n de la subvenci\u00f3n.<\/p>\n\t\t\t\t<\/div>\n\t\t\t<\/div>\n\t\t<\/div>\n\t\t\t<div class=\"sow-accordion-panel\n\t\t\t\t\t\"\n\t\t\t\tdata-anchor-id=\"quien-puede-solicitarla\">\n\t\t\t\t\t<div class=\"sow-accordion-panel-header-container\" role=\"heading\" aria-level=\"2\">\n\t\t\t\t\t<div class=\"sow-accordion-panel-header\" tabindex=\"0\" role=\"button\" id=\"accordion-label-%c2%bfqui%c3%a9n-puede-solicitarla\" aria-controls=\"accordion-content-%c2%bfqui%c3%a9n-puede-solicitarla\" aria-expanded=\"false\">\n\t\t\t\t\t\t<div class=\"sow-accordion-title sow-accordion-title-icon-left\">\n\t\t\t\t\t\t\t\t\t\t\t\t\t\t\u00bfQui\u00e9n puede solicitarla?\t\t\t\t\t\t\t\t\t\t\t\t\t<\/div>\n\t\t\t\t\t\t<div class=\"sow-accordion-open-close-button\">\n\t\t\t\t\t\t\t<div class=\"sow-accordion-open-button\">\n\t\t\t\t\t\t\t\t<span class=\"sow-icon-ionicons\" data-sow-icon=\"&#xf218;\"\n\t\t \n\t\taria-hidden=\"true\"><\/span>\t\t\t\t\t\t\t<\/div>\n\t\t\t\t\t\t\t<div class=\"sow-accordion-close-button\">\n\t\t\t\t\t\t\t\t<span class=\"sow-icon-ionicons\" data-sow-icon=\"&#xf209;\"\n\t\t \n\t\taria-hidden=\"true\"><\/span>\t\t\t\t\t\t\t<\/div>\n\t\t\t\t\t\t<\/div>\n\t\t\t\t\t<\/div>\n\t\t\t\t<\/div>\n\n\t\t\t<div\n\t\t\t\tclass=\"sow-accordion-panel-content\"\n\t\t\t\trole=\"region\"\n\t\t\t\taria-labelledby=\"accordion-label-%c2%bfqui%c3%a9n-puede-solicitarla\"\n\t\t\t\tid=\"accordion-content-%c2%bfqui%c3%a9n-puede-solicitarla\"\n\t\t\t\tstyle=\"display: none;\"\t\t\t>\n\t\t\t\t<div class=\"sow-accordion-panel-border\">\n\t\t\t\t\t<p>Personas beneficiarias:<\/p>\n<ol>\n<li>Las personas trabajadoras por cuenta propia o aut\u00f3nomas, siempre que cumplan los requisitos exigidos en la l\u00ednea de la subvenci\u00f3n.<\/li>\n<\/ol>\n<p>\u00a0 \u00a0 \u00a0 2. A los efectos de la presente orden, se entender\u00e1 por personas trabajadoras por cuenta propia o aut\u00f3nomas las personas f\u00edsicas que realicen de forma habitual, personal, directa, por cuenta propia y fuera del\u00a0 \u00a0 \u00a0 \u00a0 \u00a0 \u00a0 \u00a0 \u00e1mbito de direcci\u00f3n y organizaci\u00f3n de otra persona, una actividad econ\u00f3mica o profesional a t\u00edtulo lucrativo, den o no ocupaci\u00f3n a personas trabajadoras por cuenta ajena.<\/p>\n<p>\u00a0 \u00a0 \u00a0 3.\u00a0 Quedan fuera del \u00e1mbito de las subvenciones:<\/p>\n<ul>\n<li>Los familiares que colaboran, regulados en el art\u00edculo 12 del texto refundido de la Ley General de la Seguridad Social, aprobado por el Real Decreto Legislativo 8\/2015, de 30 de octubre.<\/li>\n<li>Las personas socias de sociedades mercantiles, sociedades laborales y cooperativas y aquellas personas que ejerzan funciones de direcci\u00f3n o gerencia en las mismas.<\/li>\n<\/ul>\n\t\t\t\t<\/div>\n\t\t\t<\/div>\n\t\t<\/div>\n\t\t\t<div class=\"sow-accordion-panel\n\t\t\t\t\t\"\n\t\t\t\tdata-anchor-id=\"que-requisitos-tengo-que-cumplir\">\n\t\t\t\t\t<div class=\"sow-accordion-panel-header-container\" role=\"heading\" aria-level=\"2\">\n\t\t\t\t\t<div class=\"sow-accordion-panel-header\" tabindex=\"0\" role=\"button\" id=\"accordion-label-%c2%bfqu%c3%a9-requisitos-tengo-que-cumplir\" aria-controls=\"accordion-content-%c2%bfqu%c3%a9-requisitos-tengo-que-cumplir\" aria-expanded=\"false\">\n\t\t\t\t\t\t<div class=\"sow-accordion-title sow-accordion-title-icon-left\">\n\t\t\t\t\t\t\t\t\t\t\t\t\t\t\u00bfQu\u00e9 requisitos tengo que cumplir?\t\t\t\t\t\t\t\t\t\t\t\t\t<\/div>\n\t\t\t\t\t\t<div class=\"sow-accordion-open-close-button\">\n\t\t\t\t\t\t\t<div class=\"sow-accordion-open-button\">\n\t\t\t\t\t\t\t\t<span class=\"sow-icon-ionicons\" data-sow-icon=\"&#xf218;\"\n\t\t \n\t\taria-hidden=\"true\"><\/span>\t\t\t\t\t\t\t<\/div>\n\t\t\t\t\t\t\t<div class=\"sow-accordion-close-button\">\n\t\t\t\t\t\t\t\t<span class=\"sow-icon-ionicons\" data-sow-icon=\"&#xf209;\"\n\t\t \n\t\taria-hidden=\"true\"><\/span>\t\t\t\t\t\t\t<\/div>\n\t\t\t\t\t\t<\/div>\n\t\t\t\t\t<\/div>\n\t\t\t\t<\/div>\n\n\t\t\t<div\n\t\t\t\tclass=\"sow-accordion-panel-content\"\n\t\t\t\trole=\"region\"\n\t\t\t\taria-labelledby=\"accordion-label-%c2%bfqu%c3%a9-requisitos-tengo-que-cumplir\"\n\t\t\t\tid=\"accordion-content-%c2%bfqu%c3%a9-requisitos-tengo-que-cumplir\"\n\t\t\t\tstyle=\"display: none;\"\t\t\t>\n\t\t\t\t<div class=\"sow-accordion-panel-border\">\n\t\t\t\t\t<p>Las personas beneficiarias de estas subvenciones deber\u00e1n cumplir los siguientes requisitos:<\/p>\n<ol>\n<li>Estar dadas de alta en el R\u00e9gimen Especial de la Seguridad Social de Trabajadores por Cuenta Propia o Aut\u00f3nomos, en el grupo primero de cotizaci\u00f3n de r\u00e9gimen Especial de los Trabajadores del Mar, a la fecha de presentaci\u00f3n de la solicitud.<\/li>\n<li>Ser beneficiaria de la cuota reducida regulada en el apartado 1 del art\u00edculo 38 ter de la Ley 20\/2007, de 11 de julio.<\/li>\n<li>Desarrollar su actividad econ\u00f3mica o profesional en Andaluc\u00eda.<\/li>\n<li>Contar con un plan de viabilidad de la actividad proyectada a la fecha de presentaci\u00f3n de la solicitud. La cuenta de resultados previsional del citado plan deber\u00e1 tener un resultado antes de impuesto positivo, mayor que cero en todas las anualidades.<\/li>\n<\/ol>\n<p>Los requisitos previstos en los apartados 2\u00ba y 3\u00ba deber\u00e1n cumplirse con car\u00e1cter previo a dictarse la resoluci\u00f3n de concesi\u00f3n.<\/p>\n<p>\u00a0<\/p>\n\t\t\t\t<\/div>\n\t\t\t<\/div>\n\t\t<\/div>\n\t\t\t<div class=\"sow-accordion-panel\n\t\t\t\t\t\"\n\t\t\t\tdata-anchor-id=\"donde-puedo-solicitarlo\">\n\t\t\t\t\t<div class=\"sow-accordion-panel-header-container\" role=\"heading\" aria-level=\"2\">\n\t\t\t\t\t<div class=\"sow-accordion-panel-header\" tabindex=\"0\" role=\"button\" id=\"accordion-label-%c2%bfd%c3%b3nde-puedo-solicitarlo\" aria-controls=\"accordion-content-%c2%bfd%c3%b3nde-puedo-solicitarlo\" aria-expanded=\"false\">\n\t\t\t\t\t\t<div class=\"sow-accordion-title sow-accordion-title-icon-left\">\n\t\t\t\t\t\t\t\t\t\t\t\t\t\t\u00bfD\u00f3nde puedo solicitarlo?\t\t\t\t\t\t\t\t\t\t\t\t\t<\/div>\n\t\t\t\t\t\t<div class=\"sow-accordion-open-close-button\">\n\t\t\t\t\t\t\t<div class=\"sow-accordion-open-button\">\n\t\t\t\t\t\t\t\t<span class=\"sow-icon-ionicons\" data-sow-icon=\"&#xf218;\"\n\t\t \n\t\taria-hidden=\"true\"><\/span>\t\t\t\t\t\t\t<\/div>\n\t\t\t\t\t\t\t<div class=\"sow-accordion-close-button\">\n\t\t\t\t\t\t\t\t<span class=\"sow-icon-ionicons\" data-sow-icon=\"&#xf209;\"\n\t\t \n\t\taria-hidden=\"true\"><\/span>\t\t\t\t\t\t\t<\/div>\n\t\t\t\t\t\t<\/div>\n\t\t\t\t\t<\/div>\n\t\t\t\t<\/div>\n\n\t\t\t<div\n\t\t\t\tclass=\"sow-accordion-panel-content\"\n\t\t\t\trole=\"region\"\n\t\t\t\taria-labelledby=\"accordion-label-%c2%bfd%c3%b3nde-puedo-solicitarlo\"\n\t\t\t\tid=\"accordion-content-%c2%bfd%c3%b3nde-puedo-solicitarlo\"\n\t\t\t\tstyle=\"display: none;\"\t\t\t>\n\t\t\t\t<div class=\"sow-accordion-panel-border\">\n\t\t\t\t\t<p>Haz clic en el siguiente enlace para acceder a las <a href=\"https:\/\/www.juntadeandalucia.es\/organismos\/empleoempresaytrabajoautonomo\/areas\/trabajo-autonomo\/fomento-trabajo-autonomo\/paginas\/subv-fomento-inicio-actividad.html\">bases y la solicitud<\/a>.<\/p>\n<p>No se admitir\u00e1 la presentaci\u00f3n de solicitudes a trav\u00e9s de medios diferentes del formulario habilitado en la Sede Electr\u00f3nica de la Junta de Andaluc\u00eda<\/p>\n\t\t\t\t<\/div>\n\t\t\t<\/div>\n\t\t<\/div>\n\t\t\t<div class=\"sow-accordion-panel\n\t\t\t\t\t\"\n\t\t\t\tdata-anchor-id=\"necesitas-mas-informacion\">\n\t\t\t\t\t<div class=\"sow-accordion-panel-header-container\" role=\"heading\" aria-level=\"2\">\n\t\t\t\t\t<div class=\"sow-accordion-panel-header\" tabindex=\"0\" role=\"button\" id=\"accordion-label-%c2%bfnecesitas-m%c3%a1s-informaci%c3%b3n\" aria-controls=\"accordion-content-%c2%bfnecesitas-m%c3%a1s-informaci%c3%b3n\" aria-expanded=\"false\">\n\t\t\t\t\t\t<div class=\"sow-accordion-title sow-accordion-title-icon-left\">\n\t\t\t\t\t\t\t\t\t\t\t\t\t\t\u00bfNecesitas m\u00e1s informaci\u00f3n?\t\t\t\t\t\t\t\t\t\t\t\t\t<\/div>\n\t\t\t\t\t\t<div class=\"sow-accordion-open-close-button\">\n\t\t\t\t\t\t\t<div class=\"sow-accordion-open-button\">\n\t\t\t\t\t\t\t\t<span class=\"sow-icon-ionicons\" data-sow-icon=\"&#xf218;\"\n\t\t \n\t\taria-hidden=\"true\"><\/span>\t\t\t\t\t\t\t<\/div>\n\t\t\t\t\t\t\t<div class=\"sow-accordion-close-button\">\n\t\t\t\t\t\t\t\t<span class=\"sow-icon-ionicons\" data-sow-icon=\"&#xf209;\"\n\t\t \n\t\taria-hidden=\"true\"><\/span>\t\t\t\t\t\t\t<\/div>\n\t\t\t\t\t\t<\/div>\n\t\t\t\t\t<\/div>\n\t\t\t\t<\/div>\n\n\t\t\t<div\n\t\t\t\tclass=\"sow-accordion-panel-content\"\n\t\t\t\trole=\"region\"\n\t\t\t\taria-labelledby=\"accordion-label-%c2%bfnecesitas-m%c3%a1s-informaci%c3%b3n\"\n\t\t\t\tid=\"accordion-content-%c2%bfnecesitas-m%c3%a1s-informaci%c3%b3n\"\n\t\t\t\tstyle=\"display: none;\"\t\t\t>\n\t\t\t\t<div class=\"sow-accordion-panel-border\">\n\t\t\t\t\t<p>Ponte en contacto con nosotros en el 950 54 10 07 o a trav\u00e9s de comercio@elejido.es.\u00a0<\/p>\n\t\t\t\t<\/div>\n\t\t\t<\/div>\n\t\t<\/div>\n\t\t<\/div>\n<\/div>\n<\/div>\n\n\n<h3 class=\"wp-block-heading\">Kit Consulting &#8211; <em>Gobierno de Espa\u00f1a<\/em><\/h3>\n\n\n\n<p>Estado de la convocatoria &gt;<mark style=\"background-color:rgba(0, 0, 0, 0);color:#35a64c\" class=\"has-inline-color\"> <\/mark><mark style=\"background-color:rgba(0, 0, 0, 0)\" class=\"has-inline-color has-vivid-red-color\">Cerrada<\/mark> \ud83d\ude41 hasta 28\/02\/2025<\/p>\n\n\n<div\n\t\t\t\n\t\t\tclass=\"so-widget-sow-accordion so-widget-sow-accordion-default-42003b6a64f5\"\n\t\t\t\n\t\t><div>\n\t<div class=\"sow-accordion\">\n\t\t\t<div class=\"sow-accordion-panel\n\t\t sow-accordion-panel-open\t\t\t\"\n\t\t\t\tdata-anchor-id=\"de-que-se-trata\">\n\t\t\t\t\t<div class=\"sow-accordion-panel-header-container\" role=\"heading\" aria-level=\"2\">\n\t\t\t\t\t<div class=\"sow-accordion-panel-header\" tabindex=\"0\" role=\"button\" id=\"accordion-label-%c2%bfde-qu%c3%a9-se-trata\" aria-controls=\"accordion-content-%c2%bfde-qu%c3%a9-se-trata\" aria-expanded=\"true\">\n\t\t\t\t\t\t<div class=\"sow-accordion-title sow-accordion-title-icon-left\">\n\t\t\t\t\t\t\t\t\t\t\t\t\t\t\u00bfDe qu\u00e9 se trata?\t\t\t\t\t\t\t\t\t\t\t\t\t<\/div>\n\t\t\t\t\t\t<div class=\"sow-accordion-open-close-button\">\n\t\t\t\t\t\t\t<div class=\"sow-accordion-open-button\">\n\t\t\t\t\t\t\t\t<span class=\"sow-icon-ionicons\" data-sow-icon=\"&#xf218;\"\n\t\t \n\t\taria-hidden=\"true\"><\/span>\t\t\t\t\t\t\t<\/div>\n\t\t\t\t\t\t\t<div class=\"sow-accordion-close-button\">\n\t\t\t\t\t\t\t\t<span class=\"sow-icon-ionicons\" data-sow-icon=\"&#xf209;\"\n\t\t \n\t\taria-hidden=\"true\"><\/span>\t\t\t\t\t\t\t<\/div>\n\t\t\t\t\t\t<\/div>\n\t\t\t\t\t<\/div>\n\t\t\t\t<\/div>\n\n\t\t\t<div\n\t\t\t\tclass=\"sow-accordion-panel-content\"\n\t\t\t\trole=\"region\"\n\t\t\t\taria-labelledby=\"accordion-label-%c2%bfde-qu%c3%a9-se-trata\"\n\t\t\t\tid=\"accordion-content-%c2%bfde-qu%c3%a9-se-trata\"\n\t\t\t\t\t\t\t>\n\t\t\t\t<div class=\"sow-accordion-panel-border\">\n\t\t\t\t\t<p align=\"left\">La ayuda del <strong>Kit Consulting<\/strong> se materializa en un Bono de Asesoramiento Digital que las pymes deber\u00e1n emplear en la contrataci\u00f3n de uno o varios de los servicios de asesoramiento de los que se compone el Programa. Estos servicios de asesoramiento permitir\u00e1n a las pymes beneficiarias contar con una hoja de ruta para avanzar en la digitalizaci\u00f3n de su negocio y seguir avanzando en su transformaci\u00f3n digital.<\/p>\n\t\t\t\t<\/div>\n\t\t\t<\/div>\n\t\t<\/div>\n\t\t\t<div class=\"sow-accordion-panel\n\t\t\t\t\t\"\n\t\t\t\tdata-anchor-id=\"quien-puede-solicitarla\">\n\t\t\t\t\t<div class=\"sow-accordion-panel-header-container\" role=\"heading\" aria-level=\"2\">\n\t\t\t\t\t<div class=\"sow-accordion-panel-header\" tabindex=\"0\" role=\"button\" id=\"accordion-label-%c2%bfqui%c3%a9n-puede-solicitarla\" aria-controls=\"accordion-content-%c2%bfqui%c3%a9n-puede-solicitarla\" aria-expanded=\"false\">\n\t\t\t\t\t\t<div class=\"sow-accordion-title sow-accordion-title-icon-left\">\n\t\t\t\t\t\t\t\t\t\t\t\t\t\t\u00bfQui\u00e9n puede solicitarla?\t\t\t\t\t\t\t\t\t\t\t\t\t<\/div>\n\t\t\t\t\t\t<div class=\"sow-accordion-open-close-button\">\n\t\t\t\t\t\t\t<div class=\"sow-accordion-open-button\">\n\t\t\t\t\t\t\t\t<span class=\"sow-icon-ionicons\" data-sow-icon=\"&#xf218;\"\n\t\t \n\t\taria-hidden=\"true\"><\/span>\t\t\t\t\t\t\t<\/div>\n\t\t\t\t\t\t\t<div class=\"sow-accordion-close-button\">\n\t\t\t\t\t\t\t\t<span class=\"sow-icon-ionicons\" data-sow-icon=\"&#xf209;\"\n\t\t \n\t\taria-hidden=\"true\"><\/span>\t\t\t\t\t\t\t<\/div>\n\t\t\t\t\t\t<\/div>\n\t\t\t\t\t<\/div>\n\t\t\t\t<\/div>\n\n\t\t\t<div\n\t\t\t\tclass=\"sow-accordion-panel-content\"\n\t\t\t\trole=\"region\"\n\t\t\t\taria-labelledby=\"accordion-label-%c2%bfqui%c3%a9n-puede-solicitarla\"\n\t\t\t\tid=\"accordion-content-%c2%bfqui%c3%a9n-puede-solicitarla\"\n\t\t\t\tstyle=\"display: none;\"\t\t\t>\n\t\t\t\t<div class=\"sow-accordion-panel-border\">\n\t\t\t\t\t<p>En la convocatoria se establecen tres segmentos de empresas en funci\u00f3n de su tama\u00f1o y la cuant\u00eda de la ayuda para cada una de ellas. Para el segmento de empresas de entre 10 y menos de 50 empleados el bono ser\u00e1 de 12.000 euros, para el segmento de empresas de entre 50 y menos de 100 empleados la cuant\u00eda ser\u00e1 de 18.000 euros y para las empresas de entre 100 y menos de 250 empleados, la ayuda ser\u00e1 de 24.000 euros.\u00a0<\/p>\n\t\t\t\t<\/div>\n\t\t\t<\/div>\n\t\t<\/div>\n\t\t\t<div class=\"sow-accordion-panel\n\t\t\t\t\t\"\n\t\t\t\tdata-anchor-id=\"que-requisitos-tengo-que-cumplir\">\n\t\t\t\t\t<div class=\"sow-accordion-panel-header-container\" role=\"heading\" aria-level=\"2\">\n\t\t\t\t\t<div class=\"sow-accordion-panel-header\" tabindex=\"0\" role=\"button\" id=\"accordion-label-%c2%bfqu%c3%a9-requisitos-tengo-que-cumplir\" aria-controls=\"accordion-content-%c2%bfqu%c3%a9-requisitos-tengo-que-cumplir\" aria-expanded=\"false\">\n\t\t\t\t\t\t<div class=\"sow-accordion-title sow-accordion-title-icon-left\">\n\t\t\t\t\t\t\t\t\t\t\t\t\t\t\u00bfQu\u00e9 requisitos tengo que cumplir?\t\t\t\t\t\t\t\t\t\t\t\t\t<\/div>\n\t\t\t\t\t\t<div class=\"sow-accordion-open-close-button\">\n\t\t\t\t\t\t\t<div class=\"sow-accordion-open-button\">\n\t\t\t\t\t\t\t\t<span class=\"sow-icon-ionicons\" data-sow-icon=\"&#xf218;\"\n\t\t \n\t\taria-hidden=\"true\"><\/span>\t\t\t\t\t\t\t<\/div>\n\t\t\t\t\t\t\t<div class=\"sow-accordion-close-button\">\n\t\t\t\t\t\t\t\t<span class=\"sow-icon-ionicons\" data-sow-icon=\"&#xf209;\"\n\t\t \n\t\taria-hidden=\"true\"><\/span>\t\t\t\t\t\t\t<\/div>\n\t\t\t\t\t\t<\/div>\n\t\t\t\t\t<\/div>\n\t\t\t\t<\/div>\n\n\t\t\t<div\n\t\t\t\tclass=\"sow-accordion-panel-content\"\n\t\t\t\trole=\"region\"\n\t\t\t\taria-labelledby=\"accordion-label-%c2%bfqu%c3%a9-requisitos-tengo-que-cumplir\"\n\t\t\t\tid=\"accordion-content-%c2%bfqu%c3%a9-requisitos-tengo-que-cumplir\"\n\t\t\t\tstyle=\"display: none;\"\t\t\t>\n\t\t\t\t<div class=\"sow-accordion-panel-border\">\n\t\t\t\t\t<p>Podr\u00e1n ser beneficiarios de estas ayudas las peque\u00f1as y medianas empresas de los Segmentos A (empresas de entre 10 y menos de 50 empleados), Segmento B (empresas de entre 50 y menos de 100 empleados) y Segmento C (empresas de entre 100 y menos de 250 empleados), cuyo domicilio fiscal est\u00e9 ubicado en territorio espa\u00f1ol, que acrediten el cumplimiento de los requisitos establecidos en los art\u00edculos 7 y 8 de las Bases Reguladoras y el apartado segundo de la Convocatoria.\u00a0\u00a0<\/p>\n\t\t\t\t<\/div>\n\t\t\t<\/div>\n\t\t<\/div>\n\t\t\t<div class=\"sow-accordion-panel\n\t\t\t\t\t\"\n\t\t\t\tdata-anchor-id=\"donde-puedo-solicitarlo\">\n\t\t\t\t\t<div class=\"sow-accordion-panel-header-container\" role=\"heading\" aria-level=\"2\">\n\t\t\t\t\t<div class=\"sow-accordion-panel-header\" tabindex=\"0\" role=\"button\" id=\"accordion-label-%c2%bfd%c3%b3nde-puedo-solicitarlo\" aria-controls=\"accordion-content-%c2%bfd%c3%b3nde-puedo-solicitarlo\" aria-expanded=\"false\">\n\t\t\t\t\t\t<div class=\"sow-accordion-title sow-accordion-title-icon-left\">\n\t\t\t\t\t\t\t\t\t\t\t\t\t\t\u00bfD\u00f3nde puedo solicitarlo?\t\t\t\t\t\t\t\t\t\t\t\t\t<\/div>\n\t\t\t\t\t\t<div class=\"sow-accordion-open-close-button\">\n\t\t\t\t\t\t\t<div class=\"sow-accordion-open-button\">\n\t\t\t\t\t\t\t\t<span class=\"sow-icon-ionicons\" data-sow-icon=\"&#xf218;\"\n\t\t \n\t\taria-hidden=\"true\"><\/span>\t\t\t\t\t\t\t<\/div>\n\t\t\t\t\t\t\t<div class=\"sow-accordion-close-button\">\n\t\t\t\t\t\t\t\t<span class=\"sow-icon-ionicons\" data-sow-icon=\"&#xf209;\"\n\t\t \n\t\taria-hidden=\"true\"><\/span>\t\t\t\t\t\t\t<\/div>\n\t\t\t\t\t\t<\/div>\n\t\t\t\t\t<\/div>\n\t\t\t\t<\/div>\n\n\t\t\t<div\n\t\t\t\tclass=\"sow-accordion-panel-content\"\n\t\t\t\trole=\"region\"\n\t\t\t\taria-labelledby=\"accordion-label-%c2%bfd%c3%b3nde-puedo-solicitarlo\"\n\t\t\t\tid=\"accordion-content-%c2%bfd%c3%b3nde-puedo-solicitarlo\"\n\t\t\t\tstyle=\"display: none;\"\t\t\t>\n\t\t\t\t<div class=\"sow-accordion-panel-border\">\n\t\t\t\t\t<p>Haz clic en el siguiente enlace para acceder a las <a href=\"https:\/\/sede.red.gob.es\/es\/procedimientos\/convocatoria-de-ayudas-destinadas-la-contratacion-de-servicios-de-asesoramiento-para\">bases y la solicitud<\/a>.\u00a0<\/p>\n<p>No se admitir\u00e1 la presentaci\u00f3n de solicitudes a trav\u00e9s de medios diferentes del formulario habilitado en la Sede Electr\u00f3nica de Red.es.<\/p>\n\t\t\t\t<\/div>\n\t\t\t<\/div>\n\t\t<\/div>\n\t\t\t<div class=\"sow-accordion-panel\n\t\t\t\t\t\"\n\t\t\t\tdata-anchor-id=\"necesitas-mas-informacion\">\n\t\t\t\t\t<div class=\"sow-accordion-panel-header-container\" role=\"heading\" aria-level=\"2\">\n\t\t\t\t\t<div class=\"sow-accordion-panel-header\" tabindex=\"0\" role=\"button\" id=\"accordion-label-%c2%bfnecesitas-m%c3%a1s-informaci%c3%b3n\" aria-controls=\"accordion-content-%c2%bfnecesitas-m%c3%a1s-informaci%c3%b3n\" aria-expanded=\"false\">\n\t\t\t\t\t\t<div class=\"sow-accordion-title sow-accordion-title-icon-left\">\n\t\t\t\t\t\t\t\t\t\t\t\t\t\t\u00bfNecesitas m\u00e1s informaci\u00f3n?\t\t\t\t\t\t\t\t\t\t\t\t\t<\/div>\n\t\t\t\t\t\t<div class=\"sow-accordion-open-close-button\">\n\t\t\t\t\t\t\t<div class=\"sow-accordion-open-button\">\n\t\t\t\t\t\t\t\t<span class=\"sow-icon-ionicons\" data-sow-icon=\"&#xf218;\"\n\t\t \n\t\taria-hidden=\"true\"><\/span>\t\t\t\t\t\t\t<\/div>\n\t\t\t\t\t\t\t<div class=\"sow-accordion-close-button\">\n\t\t\t\t\t\t\t\t<span class=\"sow-icon-ionicons\" data-sow-icon=\"&#xf209;\"\n\t\t \n\t\taria-hidden=\"true\"><\/span>\t\t\t\t\t\t\t<\/div>\n\t\t\t\t\t\t<\/div>\n\t\t\t\t\t<\/div>\n\t\t\t\t<\/div>\n\n\t\t\t<div\n\t\t\t\tclass=\"sow-accordion-panel-content\"\n\t\t\t\trole=\"region\"\n\t\t\t\taria-labelledby=\"accordion-label-%c2%bfnecesitas-m%c3%a1s-informaci%c3%b3n\"\n\t\t\t\tid=\"accordion-content-%c2%bfnecesitas-m%c3%a1s-informaci%c3%b3n\"\n\t\t\t\tstyle=\"display: none;\"\t\t\t>\n\t\t\t\t<div class=\"sow-accordion-panel-border\">\n\t\t\t\t\t<p>Ponte en contacto con nosotros en el 950 54 10 07 o a trav\u00e9s de comercio@elejido.es.\u00a0<\/p>\n\t\t\t\t<\/div>\n\t\t\t<\/div>\n\t\t<\/div>\n\t\t<\/div>\n<\/div>\n<\/div>\n\n\n<div style=\"height:25px\" aria-hidden=\"true\" class=\"wp-block-spacer\"><\/div>\n\n\n\n<h3 class=\"wp-block-heading\">Activa Crecimiento &#8211; <em>Ministerio de Industria y Comercio<\/em><\/h3>\n\n\n\n<p>Estado de la convocatoria &gt;<mark style=\"background-color:rgba(0, 0, 0, 0);color:#35a64c\" class=\"has-inline-color\"> Abierta<\/mark> \ud83d\ude42 hasta agotar el cr\u00e9dito<\/p>\n\n\n<div\n\t\t\t\n\t\t\tclass=\"so-widget-sow-accordion so-widget-sow-accordion-default-42003b6a64f5\"\n\t\t\t\n\t\t><div>\n\t<div class=\"sow-accordion\">\n\t\t\t<div class=\"sow-accordion-panel\n\t\t sow-accordion-panel-open\t\t\t\"\n\t\t\t\tdata-anchor-id=\"de-que-se-trata\">\n\t\t\t\t\t<div class=\"sow-accordion-panel-header-container\" role=\"heading\" aria-level=\"2\">\n\t\t\t\t\t<div class=\"sow-accordion-panel-header\" tabindex=\"0\" role=\"button\" id=\"accordion-label-%c2%bfde-qu%c3%a9-se-trata\" aria-controls=\"accordion-content-%c2%bfde-qu%c3%a9-se-trata\" aria-expanded=\"true\">\n\t\t\t\t\t\t<div class=\"sow-accordion-title sow-accordion-title-icon-left\">\n\t\t\t\t\t\t\t\t\t\t\t\t\t\t\u00bfDe qu\u00e9 se trata?\t\t\t\t\t\t\t\t\t\t\t\t\t<\/div>\n\t\t\t\t\t\t<div class=\"sow-accordion-open-close-button\">\n\t\t\t\t\t\t\t<div class=\"sow-accordion-open-button\">\n\t\t\t\t\t\t\t\t<span class=\"sow-icon-ionicons\" data-sow-icon=\"&#xf218;\"\n\t\t \n\t\taria-hidden=\"true\"><\/span>\t\t\t\t\t\t\t<\/div>\n\t\t\t\t\t\t\t<div class=\"sow-accordion-close-button\">\n\t\t\t\t\t\t\t\t<span class=\"sow-icon-ionicons\" data-sow-icon=\"&#xf209;\"\n\t\t \n\t\taria-hidden=\"true\"><\/span>\t\t\t\t\t\t\t<\/div>\n\t\t\t\t\t\t<\/div>\n\t\t\t\t\t<\/div>\n\t\t\t\t<\/div>\n\n\t\t\t<div\n\t\t\t\tclass=\"sow-accordion-panel-content\"\n\t\t\t\trole=\"region\"\n\t\t\t\taria-labelledby=\"accordion-label-%c2%bfde-qu%c3%a9-se-trata\"\n\t\t\t\tid=\"accordion-content-%c2%bfde-qu%c3%a9-se-trata\"\n\t\t\t\t\t\t\t>\n\t\t\t\t<div class=\"sow-accordion-panel-border\">\n\t\t\t\t\t<p align=\"left\"><strong>ACTIVA Crecimiento<\/strong>\u00a0es un programa de asesoramiento especializado y personalizado, realizado por consultoras acreditadas y con experiencia en implantaci\u00f3n de proyectos de crecimiento industrial, que se realiza con la metodolog\u00eda desarrollada por la Secretar\u00eda General de Industria y de la PYME. Este programa permite a las empresas disponer de un diagn\u00f3stico de situaci\u00f3n y de un Plan de Crecimiento enfocado a una de las seis \u00e1reas de potencial crecimiento de la empresa: innovaci\u00f3n, recursos humanos, operaciones, digitalizaci\u00f3n, marketing y comercializaci\u00f3n y finanzas.<\/p>\n\t\t\t\t<\/div>\n\t\t\t<\/div>\n\t\t<\/div>\n\t\t\t<div class=\"sow-accordion-panel\n\t\t\t\t\t\"\n\t\t\t\tdata-anchor-id=\"quien-puede-solicitarla\">\n\t\t\t\t\t<div class=\"sow-accordion-panel-header-container\" role=\"heading\" aria-level=\"2\">\n\t\t\t\t\t<div class=\"sow-accordion-panel-header\" tabindex=\"0\" role=\"button\" id=\"accordion-label-%c2%bfqui%c3%a9n-puede-solicitarla\" aria-controls=\"accordion-content-%c2%bfqui%c3%a9n-puede-solicitarla\" aria-expanded=\"false\">\n\t\t\t\t\t\t<div class=\"sow-accordion-title sow-accordion-title-icon-left\">\n\t\t\t\t\t\t\t\t\t\t\t\t\t\t\u00bfQui\u00e9n puede solicitarla?\t\t\t\t\t\t\t\t\t\t\t\t\t<\/div>\n\t\t\t\t\t\t<div class=\"sow-accordion-open-close-button\">\n\t\t\t\t\t\t\t<div class=\"sow-accordion-open-button\">\n\t\t\t\t\t\t\t\t<span class=\"sow-icon-ionicons\" data-sow-icon=\"&#xf218;\"\n\t\t \n\t\taria-hidden=\"true\"><\/span>\t\t\t\t\t\t\t<\/div>\n\t\t\t\t\t\t\t<div class=\"sow-accordion-close-button\">\n\t\t\t\t\t\t\t\t<span class=\"sow-icon-ionicons\" data-sow-icon=\"&#xf209;\"\n\t\t \n\t\taria-hidden=\"true\"><\/span>\t\t\t\t\t\t\t<\/div>\n\t\t\t\t\t\t<\/div>\n\t\t\t\t\t<\/div>\n\t\t\t\t<\/div>\n\n\t\t\t<div\n\t\t\t\tclass=\"sow-accordion-panel-content\"\n\t\t\t\trole=\"region\"\n\t\t\t\taria-labelledby=\"accordion-label-%c2%bfqui%c3%a9n-puede-solicitarla\"\n\t\t\t\tid=\"accordion-content-%c2%bfqui%c3%a9n-puede-solicitarla\"\n\t\t\t\tstyle=\"display: none;\"\t\t\t>\n\t\t\t\t<div class=\"sow-accordion-panel-border\">\n\t\t\t\t\t<p>Programa orientado a todo tipo de PYMES, en especial las peque\u00f1as empresas con capacidad de crecimiento.\u00a0<\/p>\n\t\t\t\t<\/div>\n\t\t\t<\/div>\n\t\t<\/div>\n\t\t\t<div class=\"sow-accordion-panel\n\t\t\t\t\t\"\n\t\t\t\tdata-anchor-id=\"que-requisitos-tengo-que-cumplir\">\n\t\t\t\t\t<div class=\"sow-accordion-panel-header-container\" role=\"heading\" aria-level=\"2\">\n\t\t\t\t\t<div class=\"sow-accordion-panel-header\" tabindex=\"0\" role=\"button\" id=\"accordion-label-%c2%bfqu%c3%a9-requisitos-tengo-que-cumplir\" aria-controls=\"accordion-content-%c2%bfqu%c3%a9-requisitos-tengo-que-cumplir\" aria-expanded=\"false\">\n\t\t\t\t\t\t<div class=\"sow-accordion-title sow-accordion-title-icon-left\">\n\t\t\t\t\t\t\t\t\t\t\t\t\t\t\u00bfQu\u00e9 requisitos tengo que cumplir?\t\t\t\t\t\t\t\t\t\t\t\t\t<\/div>\n\t\t\t\t\t\t<div class=\"sow-accordion-open-close-button\">\n\t\t\t\t\t\t\t<div class=\"sow-accordion-open-button\">\n\t\t\t\t\t\t\t\t<span class=\"sow-icon-ionicons\" data-sow-icon=\"&#xf218;\"\n\t\t \n\t\taria-hidden=\"true\"><\/span>\t\t\t\t\t\t\t<\/div>\n\t\t\t\t\t\t\t<div class=\"sow-accordion-close-button\">\n\t\t\t\t\t\t\t\t<span class=\"sow-icon-ionicons\" data-sow-icon=\"&#xf209;\"\n\t\t \n\t\taria-hidden=\"true\"><\/span>\t\t\t\t\t\t\t<\/div>\n\t\t\t\t\t\t<\/div>\n\t\t\t\t\t<\/div>\n\t\t\t\t<\/div>\n\n\t\t\t<div\n\t\t\t\tclass=\"sow-accordion-panel-content\"\n\t\t\t\trole=\"region\"\n\t\t\t\taria-labelledby=\"accordion-label-%c2%bfqu%c3%a9-requisitos-tengo-que-cumplir\"\n\t\t\t\tid=\"accordion-content-%c2%bfqu%c3%a9-requisitos-tengo-que-cumplir\"\n\t\t\t\tstyle=\"display: none;\"\t\t\t>\n\t\t\t\t<div class=\"sow-accordion-panel-border\">\n\t\t\t\t\t<div>\n<ul>\n<li>Cumplir con lo establecido en el art\u00edculo 13 de la Ley 38\/2003, de 17 de noviembre, General de Subvenciones, en lo referente a los requisitos para obtener la condici\u00f3n de beneficiario, no pudiendo estar incursas en algunas de las circunstancias previstas en el art\u00edculo 13.2 de la misma ley.<\/li>\n<li>Estar inscrito en el censo de empresarios, profesionales y retenedores de la Agencia Estatal de Administraci\u00f3n Tributaria o en el censo equivalente de cada Administraci\u00f3n Tributaria Foral, que debe reflejar la actividad econ\u00f3mica efectivamente desarrollada a la fecha de solicitud de la ayuda.<\/li>\n<li>Tener su domicilio fiscal y su principal centro operativo en Espa\u00f1a y mantenerlos, al menos, durante el periodo de prestaci\u00f3n de las actividades objeto de subvenci\u00f3n.<\/li>\n<li>\u00a0No tener deudas por reintegro de ayudas, anticipos o pr\u00e9stamos con la Administraci\u00f3n, o estar sujeta a una orden de recuperaci\u00f3n pendiente tras una Decisi\u00f3n previa de la Comisi\u00f3n Europea que haya declarado una ayuda ilegal e incompatible con el mercado com\u00fan.<\/li>\n<li>No ser entidades que integren el sector p\u00fablico institucional de cualquier Administraci\u00f3n p\u00fablica, vinculadas o dependientes de \u00e9sta, en los t\u00e9rminos dispuestos en el art\u00edculo 81 y siguientes de la Ley 40\/2015, de 1 de octubre, de R\u00e9gimen Jur\u00eddico del Sector P\u00fablico.<\/li>\n<li>No ser entidades colaboradoras del Programa Activa Crecimiento, en los t\u00e9rminos del art\u00edculo 9 de la Orden de Bases ICT\/819\/2022, de 12 de agosto.<\/li>\n<\/ul>\n<\/div>\n\t\t\t\t<\/div>\n\t\t\t<\/div>\n\t\t<\/div>\n\t\t\t<div class=\"sow-accordion-panel\n\t\t\t\t\t\"\n\t\t\t\tdata-anchor-id=\"donde-puedo-solicitarlo\">\n\t\t\t\t\t<div class=\"sow-accordion-panel-header-container\" role=\"heading\" aria-level=\"2\">\n\t\t\t\t\t<div class=\"sow-accordion-panel-header\" tabindex=\"0\" role=\"button\" id=\"accordion-label-%c2%bfd%c3%b3nde-puedo-solicitarlo\" aria-controls=\"accordion-content-%c2%bfd%c3%b3nde-puedo-solicitarlo\" aria-expanded=\"false\">\n\t\t\t\t\t\t<div class=\"sow-accordion-title sow-accordion-title-icon-left\">\n\t\t\t\t\t\t\t\t\t\t\t\t\t\t\u00bfD\u00f3nde puedo solicitarlo?\t\t\t\t\t\t\t\t\t\t\t\t\t<\/div>\n\t\t\t\t\t\t<div class=\"sow-accordion-open-close-button\">\n\t\t\t\t\t\t\t<div class=\"sow-accordion-open-button\">\n\t\t\t\t\t\t\t\t<span class=\"sow-icon-ionicons\" data-sow-icon=\"&#xf218;\"\n\t\t \n\t\taria-hidden=\"true\"><\/span>\t\t\t\t\t\t\t<\/div>\n\t\t\t\t\t\t\t<div class=\"sow-accordion-close-button\">\n\t\t\t\t\t\t\t\t<span class=\"sow-icon-ionicons\" data-sow-icon=\"&#xf209;\"\n\t\t \n\t\taria-hidden=\"true\"><\/span>\t\t\t\t\t\t\t<\/div>\n\t\t\t\t\t\t<\/div>\n\t\t\t\t\t<\/div>\n\t\t\t\t<\/div>\n\n\t\t\t<div\n\t\t\t\tclass=\"sow-accordion-panel-content\"\n\t\t\t\trole=\"region\"\n\t\t\t\taria-labelledby=\"accordion-label-%c2%bfd%c3%b3nde-puedo-solicitarlo\"\n\t\t\t\tid=\"accordion-content-%c2%bfd%c3%b3nde-puedo-solicitarlo\"\n\t\t\t\tstyle=\"display: none;\"\t\t\t>\n\t\t\t\t<div class=\"sow-accordion-panel-border\">\n\t\t\t\t\t<p>Haz clic en el siguiente enlace para acceder a las <a href=\"https:\/\/sede.eoi.es\/oficina-eoi\/tramites\/acceso.do?id=8260&amp;block=subvenciones_abiertas_1094&amp;blockType=AREAS_SEDE\">bases y la solicitud<\/a>.\u00a0<\/p>\n<p>\u00a0<\/p>\n\t\t\t\t<\/div>\n\t\t\t<\/div>\n\t\t<\/div>\n\t\t\t<div class=\"sow-accordion-panel\n\t\t\t\t\t\"\n\t\t\t\tdata-anchor-id=\"necesitas-mas-informacion\">\n\t\t\t\t\t<div class=\"sow-accordion-panel-header-container\" role=\"heading\" aria-level=\"2\">\n\t\t\t\t\t<div class=\"sow-accordion-panel-header\" tabindex=\"0\" role=\"button\" id=\"accordion-label-%c2%bfnecesitas-m%c3%a1s-informaci%c3%b3n\" aria-controls=\"accordion-content-%c2%bfnecesitas-m%c3%a1s-informaci%c3%b3n\" aria-expanded=\"false\">\n\t\t\t\t\t\t<div class=\"sow-accordion-title sow-accordion-title-icon-left\">\n\t\t\t\t\t\t\t\t\t\t\t\t\t\t\u00bfNecesitas m\u00e1s informaci\u00f3n?\t\t\t\t\t\t\t\t\t\t\t\t\t<\/div>\n\t\t\t\t\t\t<div class=\"sow-accordion-open-close-button\">\n\t\t\t\t\t\t\t<div class=\"sow-accordion-open-button\">\n\t\t\t\t\t\t\t\t<span class=\"sow-icon-ionicons\" data-sow-icon=\"&#xf218;\"\n\t\t \n\t\taria-hidden=\"true\"><\/span>\t\t\t\t\t\t\t<\/div>\n\t\t\t\t\t\t\t<div class=\"sow-accordion-close-button\">\n\t\t\t\t\t\t\t\t<span class=\"sow-icon-ionicons\" data-sow-icon=\"&#xf209;\"\n\t\t \n\t\taria-hidden=\"true\"><\/span>\t\t\t\t\t\t\t<\/div>\n\t\t\t\t\t\t<\/div>\n\t\t\t\t\t<\/div>\n\t\t\t\t<\/div>\n\n\t\t\t<div\n\t\t\t\tclass=\"sow-accordion-panel-content\"\n\t\t\t\trole=\"region\"\n\t\t\t\taria-labelledby=\"accordion-label-%c2%bfnecesitas-m%c3%a1s-informaci%c3%b3n\"\n\t\t\t\tid=\"accordion-content-%c2%bfnecesitas-m%c3%a1s-informaci%c3%b3n\"\n\t\t\t\tstyle=\"display: none;\"\t\t\t>\n\t\t\t\t<div class=\"sow-accordion-panel-border\">\n\t\t\t\t\t<p>Ponte en contacto con nosotros en el 950 54 10 07 o a trav\u00e9s de comercio@elejido.es.\u00a0<\/p>\n\t\t\t\t<\/div>\n\t\t\t<\/div>\n\t\t<\/div>\n\t\t<\/div>\n<\/div>\n<\/div>\n\n\n<div style=\"height:50px\" aria-hidden=\"true\" class=\"wp-block-spacer\"><\/div>\n\n\n\n<h3 class=\"wp-block-heading\">Incentivos para el impulso de la actividad econ\u00f3mica &#8211; <em>Andaluc\u00eda TRADE<\/em><\/h3>\n\n\n\n<p>Estado de la convocatoria &gt; <mark style=\"background-color:rgba(0, 0, 0, 0);color:#35a64c\" class=\"has-inline-color\">Abierta<\/mark> \ud83d\ude42 hasta 30\/12\/2027<\/p>\n\n\n<div\n\t\t\t\n\t\t\tclass=\"so-widget-sow-accordion so-widget-sow-accordion-default-42003b6a64f5\"\n\t\t\t\n\t\t><div>\n\t<div class=\"sow-accordion\">\n\t\t\t<div class=\"sow-accordion-panel\n\t\t sow-accordion-panel-open\t\t\t\"\n\t\t\t\tdata-anchor-id=\"de-que-se-trata\">\n\t\t\t\t\t<div class=\"sow-accordion-panel-header-container\" role=\"heading\" aria-level=\"2\">\n\t\t\t\t\t<div class=\"sow-accordion-panel-header\" tabindex=\"0\" role=\"button\" id=\"accordion-label-%c2%bfde-qu%c3%a9-se-trata\" aria-controls=\"accordion-content-%c2%bfde-qu%c3%a9-se-trata\" aria-expanded=\"true\">\n\t\t\t\t\t\t<div class=\"sow-accordion-title sow-accordion-title-icon-left\">\n\t\t\t\t\t\t\t\t\t\t\t\t\t\t\u00bfDe qu\u00e9 se trata?\t\t\t\t\t\t\t\t\t\t\t\t\t<\/div>\n\t\t\t\t\t\t<div class=\"sow-accordion-open-close-button\">\n\t\t\t\t\t\t\t<div class=\"sow-accordion-open-button\">\n\t\t\t\t\t\t\t\t<span class=\"sow-icon-ionicons\" data-sow-icon=\"&#xf218;\"\n\t\t \n\t\taria-hidden=\"true\"><\/span>\t\t\t\t\t\t\t<\/div>\n\t\t\t\t\t\t\t<div class=\"sow-accordion-close-button\">\n\t\t\t\t\t\t\t\t<span class=\"sow-icon-ionicons\" data-sow-icon=\"&#xf209;\"\n\t\t \n\t\taria-hidden=\"true\"><\/span>\t\t\t\t\t\t\t<\/div>\n\t\t\t\t\t\t<\/div>\n\t\t\t\t\t<\/div>\n\t\t\t\t<\/div>\n\n\t\t\t<div\n\t\t\t\tclass=\"sow-accordion-panel-content\"\n\t\t\t\trole=\"region\"\n\t\t\t\taria-labelledby=\"accordion-label-%c2%bfde-qu%c3%a9-se-trata\"\n\t\t\t\tid=\"accordion-content-%c2%bfde-qu%c3%a9-se-trata\"\n\t\t\t\t\t\t\t>\n\t\t\t\t<div class=\"sow-accordion-panel-border\">\n\t\t\t\t\t<p align=\"left\">Programa de incentivos para multiplicar la acci\u00f3n empresarial, ofreciendo ayudas cofinanciadas con Fondos Europeos FEDER para favorecer el desarrollo industrial, la mejora de la competitividad y la puesta en marcha de peque\u00f1as empresas en Andaluc\u00eda.\u00a0<\/p>\n\t\t\t\t<\/div>\n\t\t\t<\/div>\n\t\t<\/div>\n\t\t\t<div class=\"sow-accordion-panel\n\t\t\t\t\t\"\n\t\t\t\tdata-anchor-id=\"cuales-son-las-lineas-de-subvencion\">\n\t\t\t\t\t<div class=\"sow-accordion-panel-header-container\" role=\"heading\" aria-level=\"2\">\n\t\t\t\t\t<div class=\"sow-accordion-panel-header\" tabindex=\"0\" role=\"button\" id=\"accordion-label-%c2%bfcu%c3%a1les-son-las-l%c3%adneas-de-subvenci%c3%b3n\" aria-controls=\"accordion-content-%c2%bfcu%c3%a1les-son-las-l%c3%adneas-de-subvenci%c3%b3n\" aria-expanded=\"false\">\n\t\t\t\t\t\t<div class=\"sow-accordion-title sow-accordion-title-icon-left\">\n\t\t\t\t\t\t\t\t\t\t\t\t\t\t\u00bfCu\u00e1les son las l\u00edneas de subvenci\u00f3n?\t\t\t\t\t\t\t\t\t\t\t\t\t<\/div>\n\t\t\t\t\t\t<div class=\"sow-accordion-open-close-button\">\n\t\t\t\t\t\t\t<div class=\"sow-accordion-open-button\">\n\t\t\t\t\t\t\t\t<span class=\"sow-icon-ionicons\" data-sow-icon=\"&#xf218;\"\n\t\t \n\t\taria-hidden=\"true\"><\/span>\t\t\t\t\t\t\t<\/div>\n\t\t\t\t\t\t\t<div class=\"sow-accordion-close-button\">\n\t\t\t\t\t\t\t\t<span class=\"sow-icon-ionicons\" data-sow-icon=\"&#xf209;\"\n\t\t \n\t\taria-hidden=\"true\"><\/span>\t\t\t\t\t\t\t<\/div>\n\t\t\t\t\t\t<\/div>\n\t\t\t\t\t<\/div>\n\t\t\t\t<\/div>\n\n\t\t\t<div\n\t\t\t\tclass=\"sow-accordion-panel-content\"\n\t\t\t\trole=\"region\"\n\t\t\t\taria-labelledby=\"accordion-label-%c2%bfcu%c3%a1les-son-las-l%c3%adneas-de-subvenci%c3%b3n\"\n\t\t\t\tid=\"accordion-content-%c2%bfcu%c3%a1les-son-las-l%c3%adneas-de-subvenci%c3%b3n\"\n\t\t\t\t\t\t\t>\n\t\t\t\t<div class=\"sow-accordion-panel-border\">\n\t\t\t\t\t<p>Se financian actuaciones dentro de alguna de las siguientes l\u00edneas:\u00a0<\/p>\n<ul>\n<li>Proyectos de <strong>crecimiento y mejora<\/strong> de la competitividad de PYMES con actividad econ\u00f3mica en Andaluc\u00eda.<\/li>\n<li>Proyecto de <strong>puesta en marcha<\/strong> de peque\u00f1as empresas en Andaluc\u00eda.<\/li>\n<li>Proyectos de <strong>investigaci\u00f3n industrial y desarrollo experimental<\/strong> en Andaluc\u00eda (I+D+I)<\/li>\n<\/ul>\n<p>\u00a0<\/p>\n\t\t\t\t<\/div>\n\t\t\t<\/div>\n\t\t<\/div>\n\t\t\t<div class=\"sow-accordion-panel\n\t\t\t\t\t\"\n\t\t\t\tdata-anchor-id=\"quien-puede-solicitarla\">\n\t\t\t\t\t<div class=\"sow-accordion-panel-header-container\" role=\"heading\" aria-level=\"2\">\n\t\t\t\t\t<div class=\"sow-accordion-panel-header\" tabindex=\"0\" role=\"button\" id=\"accordion-label-%c2%bfqui%c3%a9n-puede-solicitarla\" aria-controls=\"accordion-content-%c2%bfqui%c3%a9n-puede-solicitarla\" aria-expanded=\"false\">\n\t\t\t\t\t\t<div class=\"sow-accordion-title sow-accordion-title-icon-left\">\n\t\t\t\t\t\t\t\t\t\t\t\t\t\t\u00bfQui\u00e9n puede solicitarla?\t\t\t\t\t\t\t\t\t\t\t\t\t<\/div>\n\t\t\t\t\t\t<div class=\"sow-accordion-open-close-button\">\n\t\t\t\t\t\t\t<div class=\"sow-accordion-open-button\">\n\t\t\t\t\t\t\t\t<span class=\"sow-icon-ionicons\" data-sow-icon=\"&#xf218;\"\n\t\t \n\t\taria-hidden=\"true\"><\/span>\t\t\t\t\t\t\t<\/div>\n\t\t\t\t\t\t\t<div class=\"sow-accordion-close-button\">\n\t\t\t\t\t\t\t\t<span class=\"sow-icon-ionicons\" data-sow-icon=\"&#xf209;\"\n\t\t \n\t\taria-hidden=\"true\"><\/span>\t\t\t\t\t\t\t<\/div>\n\t\t\t\t\t\t<\/div>\n\t\t\t\t\t<\/div>\n\t\t\t\t<\/div>\n\n\t\t\t<div\n\t\t\t\tclass=\"sow-accordion-panel-content\"\n\t\t\t\trole=\"region\"\n\t\t\t\taria-labelledby=\"accordion-label-%c2%bfqui%c3%a9n-puede-solicitarla\"\n\t\t\t\tid=\"accordion-content-%c2%bfqui%c3%a9n-puede-solicitarla\"\n\t\t\t\t\t\t\t>\n\t\t\t\t<div class=\"sow-accordion-panel-border\">\n\t\t\t\t\t<p>Podr\u00e1n ser beneficiarias de estos incentivos las microempresas, peque\u00f1as y medianas empresas y aut\u00f3nomos que presenten un proyecto viable desde el punto de vista t\u00e9cnico, econ\u00f3mico y financiero, realizados en la Comunidad Aut\u00f3noma de Andaluc\u00eda y no iniciados antes de la presentaci\u00f3n de la solicitud y que cumplan con el efecto incentivador.<\/p>\n\t\t\t\t<\/div>\n\t\t\t<\/div>\n\t\t<\/div>\n\t\t\t<div class=\"sow-accordion-panel\n\t\t\t\t\t\"\n\t\t\t\tdata-anchor-id=\"cual-es-la-cuantia-de-los-incentivos\">\n\t\t\t\t\t<div class=\"sow-accordion-panel-header-container\" role=\"heading\" aria-level=\"2\">\n\t\t\t\t\t<div class=\"sow-accordion-panel-header\" tabindex=\"0\" role=\"button\" id=\"accordion-label-%c2%bfcu%c3%a1l-es-la-cuant%c3%ada-de-los-incentivos\" aria-controls=\"accordion-content-%c2%bfcu%c3%a1l-es-la-cuant%c3%ada-de-los-incentivos\" aria-expanded=\"false\">\n\t\t\t\t\t\t<div class=\"sow-accordion-title sow-accordion-title-icon-left\">\n\t\t\t\t\t\t\t\t\t\t\t\t\t\t\u00bfCu\u00e1l es la cuant\u00eda de los incentivos?\t\t\t\t\t\t\t\t\t\t\t\t\t<\/div>\n\t\t\t\t\t\t<div class=\"sow-accordion-open-close-button\">\n\t\t\t\t\t\t\t<div class=\"sow-accordion-open-button\">\n\t\t\t\t\t\t\t\t<span class=\"sow-icon-ionicons\" data-sow-icon=\"&#xf218;\"\n\t\t \n\t\taria-hidden=\"true\"><\/span>\t\t\t\t\t\t\t<\/div>\n\t\t\t\t\t\t\t<div class=\"sow-accordion-close-button\">\n\t\t\t\t\t\t\t\t<span class=\"sow-icon-ionicons\" data-sow-icon=\"&#xf209;\"\n\t\t \n\t\taria-hidden=\"true\"><\/span>\t\t\t\t\t\t\t<\/div>\n\t\t\t\t\t\t<\/div>\n\t\t\t\t\t<\/div>\n\t\t\t\t<\/div>\n\n\t\t\t<div\n\t\t\t\tclass=\"sow-accordion-panel-content\"\n\t\t\t\trole=\"region\"\n\t\t\t\taria-labelledby=\"accordion-label-%c2%bfcu%c3%a1l-es-la-cuant%c3%ada-de-los-incentivos\"\n\t\t\t\tid=\"accordion-content-%c2%bfcu%c3%a1l-es-la-cuant%c3%ada-de-los-incentivos\"\n\t\t\t\t\t\t\t>\n\t\t\t\t<div class=\"sow-accordion-panel-border\">\n\t\t\t\t\t<p>La cuant\u00eda del incentivo, que puede alcanzar hasta el 75% de la inversi\u00f3n subvencionable, depender\u00e1 de la l\u00ednea en la que se enmarca el proyecto y el tama\u00f1o de la empresa solicitante. Adicionalmente, se puede incrementar si, adem\u00e1s de estar encuadrado en alguna de las l\u00edneas anteriormente mencionadas, cumple algunas\/s de las caracter\u00edsticas adicionales siguientes, que est\u00e1n detalladas en la orden de Bases Reguladoras:<\/p>\n<div class=\"wp-container-8 wp-block-columns\">\n<div class=\"wp-container-7 wp-block-column\">\n<ul>\n<li>Empresas promovidas mayoritariamente por mujeres o que cuenten con el certificado EFR (Empresa Familiarmente Responsable)<\/li>\n<li>Proyectos de alta y media-tecnolog\u00eda<\/li>\n<li>Proyecto que contribuyen a la estrategia S4Andaluc\u00eda 2021-2027<\/li>\n<li>Proyectos de Econom\u00eda Social y\/o Proyectos de Colectivos Espec\u00edficos<\/li>\n<li>Ubicaci\u00f3n del proyecto<\/li>\n<li>Empleo adicional creado en el establecimiento de ejecuci\u00f3n del proyecto<\/li>\n<\/ul>\n<\/div>\n<\/div>\n\t\t\t\t<\/div>\n\t\t\t<\/div>\n\t\t<\/div>\n\t\t\t<div class=\"sow-accordion-panel\n\t\t\t\t\t\"\n\t\t\t\tdata-anchor-id=\"necesitas-mas-informacion\">\n\t\t\t\t\t<div class=\"sow-accordion-panel-header-container\" role=\"heading\" aria-level=\"2\">\n\t\t\t\t\t<div class=\"sow-accordion-panel-header\" tabindex=\"0\" role=\"button\" id=\"accordion-label-%c2%bfnecesitas-m%c3%a1s-informaci%c3%b3n\" aria-controls=\"accordion-content-%c2%bfnecesitas-m%c3%a1s-informaci%c3%b3n\" aria-expanded=\"false\">\n\t\t\t\t\t\t<div class=\"sow-accordion-title sow-accordion-title-icon-left\">\n\t\t\t\t\t\t\t\t\t\t\t\t\t\t\u00bfNecesitas m\u00e1s informaci\u00f3n?\t\t\t\t\t\t\t\t\t\t\t\t\t<\/div>\n\t\t\t\t\t\t<div class=\"sow-accordion-open-close-button\">\n\t\t\t\t\t\t\t<div class=\"sow-accordion-open-button\">\n\t\t\t\t\t\t\t\t<span class=\"sow-icon-ionicons\" data-sow-icon=\"&#xf218;\"\n\t\t \n\t\taria-hidden=\"true\"><\/span>\t\t\t\t\t\t\t<\/div>\n\t\t\t\t\t\t\t<div class=\"sow-accordion-close-button\">\n\t\t\t\t\t\t\t\t<span class=\"sow-icon-ionicons\" data-sow-icon=\"&#xf209;\"\n\t\t \n\t\taria-hidden=\"true\"><\/span>\t\t\t\t\t\t\t<\/div>\n\t\t\t\t\t\t<\/div>\n\t\t\t\t\t<\/div>\n\t\t\t\t<\/div>\n\n\t\t\t<div\n\t\t\t\tclass=\"sow-accordion-panel-content\"\n\t\t\t\trole=\"region\"\n\t\t\t\taria-labelledby=\"accordion-label-%c2%bfnecesitas-m%c3%a1s-informaci%c3%b3n\"\n\t\t\t\tid=\"accordion-content-%c2%bfnecesitas-m%c3%a1s-informaci%c3%b3n\"\n\t\t\t\t\t\t\t>\n\t\t\t\t<div class=\"sow-accordion-panel-border\">\n\t\t\t\t\t<p>Se puede solicitar a trav\u00e9s del siguiente enlace: <a href=\"https:\/\/www.andaluciatrade.es\/financiacion-empresarial\/incentivos-para-las-empresas\/incentivos-para-desarrollo-industrial\/\">https:\/\/www.andaluciatrade.es\/financiacion-empresarial\/incentivos-para-las-empresas\/incentivos-para-desarrollo-industrial\/<\/a><\/p>\n<p>Para m\u00e1s informaci\u00f3n:<\/p>\n<p><a href=\"mailto:info@andaluciatrade.es\">info@andaluciatrade.es<\/a>\u00a0\/\/ Tlf: 954 280 227<\/p>\n\t\t\t\t<\/div>\n\t\t\t<\/div>\n\t\t<\/div>\n\t\t<\/div>\n<\/div>\n<\/div>\n\n\n<div style=\"height:25px\" aria-hidden=\"true\" class=\"wp-block-spacer\"><\/div>\n\n\n\n<h3 class=\"wp-block-heading\">Kit Digital &#8211; <em>Gobierno de Espa\u00f1a<\/em><\/h3>\n\n\n\n<p>Estado de la convocatoria &gt; <mark style=\"background-color:rgba(0, 0, 0, 0);color:#35a64c\" class=\"has-inline-color\">Abierta<\/mark> \ud83d\ude42 hasta 31\/10\/2025<\/p>\n\n\n<div\n\t\t\t\n\t\t\tclass=\"so-widget-sow-accordion so-widget-sow-accordion-default-42003b6a64f5\"\n\t\t\t\n\t\t><div>\n\t<div class=\"sow-accordion\">\n\t\t\t<div class=\"sow-accordion-panel\n\t\t sow-accordion-panel-open\t\t\t\"\n\t\t\t\tdata-anchor-id=\"de-que-se-trata\">\n\t\t\t\t\t<div class=\"sow-accordion-panel-header-container\" role=\"heading\" aria-level=\"2\">\n\t\t\t\t\t<div class=\"sow-accordion-panel-header\" tabindex=\"0\" role=\"button\" id=\"accordion-label-%c2%bfde-qu%c3%a9-se-trata\" aria-controls=\"accordion-content-%c2%bfde-qu%c3%a9-se-trata\" aria-expanded=\"true\">\n\t\t\t\t\t\t<div class=\"sow-accordion-title sow-accordion-title-icon-left\">\n\t\t\t\t\t\t\t\t\t\t\t\t\t\t\u00bfDe qu\u00e9 se trata?\t\t\t\t\t\t\t\t\t\t\t\t\t<\/div>\n\t\t\t\t\t\t<div class=\"sow-accordion-open-close-button\">\n\t\t\t\t\t\t\t<div class=\"sow-accordion-open-button\">\n\t\t\t\t\t\t\t\t<span class=\"sow-icon-ionicons\" data-sow-icon=\"&#xf218;\"\n\t\t \n\t\taria-hidden=\"true\"><\/span>\t\t\t\t\t\t\t<\/div>\n\t\t\t\t\t\t\t<div class=\"sow-accordion-close-button\">\n\t\t\t\t\t\t\t\t<span class=\"sow-icon-ionicons\" data-sow-icon=\"&#xf209;\"\n\t\t \n\t\taria-hidden=\"true\"><\/span>\t\t\t\t\t\t\t<\/div>\n\t\t\t\t\t\t<\/div>\n\t\t\t\t\t<\/div>\n\t\t\t\t<\/div>\n\n\t\t\t<div\n\t\t\t\tclass=\"sow-accordion-panel-content\"\n\t\t\t\trole=\"region\"\n\t\t\t\taria-labelledby=\"accordion-label-%c2%bfde-qu%c3%a9-se-trata\"\n\t\t\t\tid=\"accordion-content-%c2%bfde-qu%c3%a9-se-trata\"\n\t\t\t\t\t\t\t>\n\t\t\t\t<div class=\"sow-accordion-panel-border\">\n\t\t\t\t\t<p align=\"left\"><strong>Kit Digital <\/strong>es una iniciativa del Gobierno de Espa\u00f1a<strong>,<\/strong> cuyo objetivo es subvencionar la implantaci\u00f3n de soluciones digitales disponibles en el mercado para conseguir un avance significativo en el nivel de madurez digital.\u00a0<\/p>\n<p align=\"left\"><strong><em>Actualizaci\u00f3n 2024<\/em><\/strong><\/p>\n<p align=\"left\">Se ampl\u00eda a 3.000 \u20ac la ayuda para las microempresas y aut\u00f3nomos del segmento III. Entre los gastos subvencionables se incluyen material inform\u00e1tico o bien la digitalizaci\u00f3n o activaci\u00f3n de la faceta digital de la empresa. Con car\u00e1cter retroactivo.\u00a0<\/p>\n<p align=\"left\">Empresas de m\u00e1s de 50 empleados tambi\u00e9n podr\u00e1n pedir un bono de ayudas de 25.000 \u20ac.\u00a0<\/p>\n\t\t\t\t<\/div>\n\t\t\t<\/div>\n\t\t<\/div>\n\t\t\t<div class=\"sow-accordion-panel\n\t\t\t\t\t\"\n\t\t\t\tdata-anchor-id=\"quien-puede-solicitarla\">\n\t\t\t\t\t<div class=\"sow-accordion-panel-header-container\" role=\"heading\" aria-level=\"2\">\n\t\t\t\t\t<div class=\"sow-accordion-panel-header\" tabindex=\"0\" role=\"button\" id=\"accordion-label-%c2%bfqui%c3%a9n-puede-solicitarla\" aria-controls=\"accordion-content-%c2%bfqui%c3%a9n-puede-solicitarla\" aria-expanded=\"false\">\n\t\t\t\t\t\t<div class=\"sow-accordion-title sow-accordion-title-icon-left\">\n\t\t\t\t\t\t\t\t\t\t\t\t\t\t\u00bfQui\u00e9n puede solicitarla?\t\t\t\t\t\t\t\t\t\t\t\t\t<\/div>\n\t\t\t\t\t\t<div class=\"sow-accordion-open-close-button\">\n\t\t\t\t\t\t\t<div class=\"sow-accordion-open-button\">\n\t\t\t\t\t\t\t\t<span class=\"sow-icon-ionicons\" data-sow-icon=\"&#xf218;\"\n\t\t \n\t\taria-hidden=\"true\"><\/span>\t\t\t\t\t\t\t<\/div>\n\t\t\t\t\t\t\t<div class=\"sow-accordion-close-button\">\n\t\t\t\t\t\t\t\t<span class=\"sow-icon-ionicons\" data-sow-icon=\"&#xf209;\"\n\t\t \n\t\taria-hidden=\"true\"><\/span>\t\t\t\t\t\t\t<\/div>\n\t\t\t\t\t\t<\/div>\n\t\t\t\t\t<\/div>\n\t\t\t\t<\/div>\n\n\t\t\t<div\n\t\t\t\tclass=\"sow-accordion-panel-content\"\n\t\t\t\trole=\"region\"\n\t\t\t\taria-labelledby=\"accordion-label-%c2%bfqui%c3%a9n-puede-solicitarla\"\n\t\t\t\tid=\"accordion-content-%c2%bfqui%c3%a9n-puede-solicitarla\"\n\t\t\t\tstyle=\"display: none;\"\t\t\t>\n\t\t\t\t<div class=\"sow-accordion-panel-border\">\n\t\t\t\t\t<p align=\"left\">Las soluciones digitales que proporciona el Kit Digital est\u00e1n orientadas a las necesidades de las peque\u00f1as empresas, microempresas y trabajadores aut\u00f3nomos, que pertenezcan a cualquier sector o tipolog\u00eda de negocio.<\/p>\n\t\t\t\t<\/div>\n\t\t\t<\/div>\n\t\t<\/div>\n\t\t\t<div class=\"sow-accordion-panel\n\t\t\t\t\t\"\n\t\t\t\tdata-anchor-id=\"que-requisitos-tengo-que-cumplir\">\n\t\t\t\t\t<div class=\"sow-accordion-panel-header-container\" role=\"heading\" aria-level=\"2\">\n\t\t\t\t\t<div class=\"sow-accordion-panel-header\" tabindex=\"0\" role=\"button\" id=\"accordion-label-%c2%bfqu%c3%a9-requisitos-tengo-que-cumplir\" aria-controls=\"accordion-content-%c2%bfqu%c3%a9-requisitos-tengo-que-cumplir\" aria-expanded=\"false\">\n\t\t\t\t\t\t<div class=\"sow-accordion-title sow-accordion-title-icon-left\">\n\t\t\t\t\t\t\t\t\t\t\t\t\t\t\u00bfQu\u00e9 requisitos tengo que cumplir?\t\t\t\t\t\t\t\t\t\t\t\t\t<\/div>\n\t\t\t\t\t\t<div class=\"sow-accordion-open-close-button\">\n\t\t\t\t\t\t\t<div class=\"sow-accordion-open-button\">\n\t\t\t\t\t\t\t\t<span class=\"sow-icon-ionicons\" data-sow-icon=\"&#xf218;\"\n\t\t \n\t\taria-hidden=\"true\"><\/span>\t\t\t\t\t\t\t<\/div>\n\t\t\t\t\t\t\t<div class=\"sow-accordion-close-button\">\n\t\t\t\t\t\t\t\t<span class=\"sow-icon-ionicons\" data-sow-icon=\"&#xf209;\"\n\t\t \n\t\taria-hidden=\"true\"><\/span>\t\t\t\t\t\t\t<\/div>\n\t\t\t\t\t\t<\/div>\n\t\t\t\t\t<\/div>\n\t\t\t\t<\/div>\n\n\t\t\t<div\n\t\t\t\tclass=\"sow-accordion-panel-content\"\n\t\t\t\trole=\"region\"\n\t\t\t\taria-labelledby=\"accordion-label-%c2%bfqu%c3%a9-requisitos-tengo-que-cumplir\"\n\t\t\t\tid=\"accordion-content-%c2%bfqu%c3%a9-requisitos-tengo-que-cumplir\"\n\t\t\t\tstyle=\"display: none;\"\t\t\t>\n\t\t\t\t<div class=\"sow-accordion-panel-border\">\n\t\t\t\t\t<ul>\n<li>Ser una peque\u00f1a empresa, microempresa o aut\u00f3nomo.<\/li>\n<li>Cumplir los l\u00edmites financieros y efectivos que definen las categor\u00edas de empresas.<\/li>\n<li>Estar en situaci\u00f3n de alta y tener la antig\u00fcedad m\u00ednima que se establece por convocatoria.<\/li>\n<li>No tener consideraci\u00f3n de empresa en crisis.<\/li>\n<li>Estar al corriente de las obligaciones tributarias y frente a la Seguridad Social.<\/li>\n<li>No estar sujeta a una orden de recuperaci\u00f3n pendiente de la Comisi\u00f3n Europea que haya declarado una ayuda ilegal e incompatible con el mercado com\u00fan.<\/li>\n<li>No incurrir en ninguna de las prohibiciones previstas en el art\u00edculo 13.2 de la Ley 38\/2003, de 17 de noviembre, General de Subvenciones.<\/li>\n<li>No superar el l\u00edmite de ayudas <em>minimis (de cuant\u00eda peque\u00f1a)<\/em><\/li>\n<\/ul>\n\t\t\t\t<\/div>\n\t\t\t<\/div>\n\t\t<\/div>\n\t\t\t<div class=\"sow-accordion-panel\n\t\t\t\t\t\"\n\t\t\t\tdata-anchor-id=\"donde-puedo-solicitarlo\">\n\t\t\t\t\t<div class=\"sow-accordion-panel-header-container\" role=\"heading\" aria-level=\"2\">\n\t\t\t\t\t<div class=\"sow-accordion-panel-header\" tabindex=\"0\" role=\"button\" id=\"accordion-label-%c2%bfd%c3%b3nde-puedo-solicitarlo\" aria-controls=\"accordion-content-%c2%bfd%c3%b3nde-puedo-solicitarlo\" aria-expanded=\"false\">\n\t\t\t\t\t\t<div class=\"sow-accordion-title sow-accordion-title-icon-left\">\n\t\t\t\t\t\t\t\t\t\t\t\t\t\t\u00bfD\u00f3nde puedo solicitarlo?\t\t\t\t\t\t\t\t\t\t\t\t\t<\/div>\n\t\t\t\t\t\t<div class=\"sow-accordion-open-close-button\">\n\t\t\t\t\t\t\t<div class=\"sow-accordion-open-button\">\n\t\t\t\t\t\t\t\t<span class=\"sow-icon-ionicons\" data-sow-icon=\"&#xf218;\"\n\t\t \n\t\taria-hidden=\"true\"><\/span>\t\t\t\t\t\t\t<\/div>\n\t\t\t\t\t\t\t<div class=\"sow-accordion-close-button\">\n\t\t\t\t\t\t\t\t<span class=\"sow-icon-ionicons\" data-sow-icon=\"&#xf209;\"\n\t\t \n\t\taria-hidden=\"true\"><\/span>\t\t\t\t\t\t\t<\/div>\n\t\t\t\t\t\t<\/div>\n\t\t\t\t\t<\/div>\n\t\t\t\t<\/div>\n\n\t\t\t<div\n\t\t\t\tclass=\"sow-accordion-panel-content\"\n\t\t\t\trole=\"region\"\n\t\t\t\taria-labelledby=\"accordion-label-%c2%bfd%c3%b3nde-puedo-solicitarlo\"\n\t\t\t\tid=\"accordion-content-%c2%bfd%c3%b3nde-puedo-solicitarlo\"\n\t\t\t\tstyle=\"display: none;\"\t\t\t>\n\t\t\t\t<div class=\"sow-accordion-panel-border\">\n\t\t\t\t\t<p>Haz clic en el siguiente enlace para acceder a las <a href=\"https:\/\/www.acelerapyme.gob.es\/kit-digital\">bases y la solicitud<\/a>.\u00a0<\/p>\n<p><a href=\"https:\/\/www.acelerapyme.gob.es\/kit-digital\">Bases y solicitud<\/a><\/p>\n\t\t\t\t<\/div>\n\t\t\t<\/div>\n\t\t<\/div>\n\t\t\t<div class=\"sow-accordion-panel\n\t\t\t\t\t\"\n\t\t\t\tdata-anchor-id=\"necesitas-mas-informacion\">\n\t\t\t\t\t<div class=\"sow-accordion-panel-header-container\" role=\"heading\" aria-level=\"2\">\n\t\t\t\t\t<div class=\"sow-accordion-panel-header\" tabindex=\"0\" role=\"button\" id=\"accordion-label-%c2%bfnecesitas-m%c3%a1s-informaci%c3%b3n\" aria-controls=\"accordion-content-%c2%bfnecesitas-m%c3%a1s-informaci%c3%b3n\" aria-expanded=\"false\">\n\t\t\t\t\t\t<div class=\"sow-accordion-title sow-accordion-title-icon-left\">\n\t\t\t\t\t\t\t\t\t\t\t\t\t\t\u00bfNecesitas m\u00e1s informaci\u00f3n?\t\t\t\t\t\t\t\t\t\t\t\t\t<\/div>\n\t\t\t\t\t\t<div class=\"sow-accordion-open-close-button\">\n\t\t\t\t\t\t\t<div class=\"sow-accordion-open-button\">\n\t\t\t\t\t\t\t\t<span class=\"sow-icon-ionicons\" data-sow-icon=\"&#xf218;\"\n\t\t \n\t\taria-hidden=\"true\"><\/span>\t\t\t\t\t\t\t<\/div>\n\t\t\t\t\t\t\t<div class=\"sow-accordion-close-button\">\n\t\t\t\t\t\t\t\t<span class=\"sow-icon-ionicons\" data-sow-icon=\"&#xf209;\"\n\t\t \n\t\taria-hidden=\"true\"><\/span>\t\t\t\t\t\t\t<\/div>\n\t\t\t\t\t\t<\/div>\n\t\t\t\t\t<\/div>\n\t\t\t\t<\/div>\n\n\t\t\t<div\n\t\t\t\tclass=\"sow-accordion-panel-content\"\n\t\t\t\trole=\"region\"\n\t\t\t\taria-labelledby=\"accordion-label-%c2%bfnecesitas-m%c3%a1s-informaci%c3%b3n\"\n\t\t\t\tid=\"accordion-content-%c2%bfnecesitas-m%c3%a1s-informaci%c3%b3n\"\n\t\t\t\tstyle=\"display: none;\"\t\t\t>\n\t\t\t\t<div class=\"sow-accordion-panel-border\">\n\t\t\t\t\t<p>Ponte en contacto con nosotros en el 950 54 10 07 o a trav\u00e9s de comercio@elejido.es.\u00a0<\/p>\n\t\t\t\t<\/div>\n\t\t\t<\/div>\n\t\t<\/div>\n\t\t<\/div>\n<\/div>\n<\/div>\n\n\n<div style=\"height:25px\" aria-hidden=\"true\" class=\"wp-block-spacer\"><\/div>\n\n\n\n<h3 class=\"wp-block-heading\">Activa Industria 4.0<\/h3>\n\n\n\n<p>Estado de la convocatoria &gt; <mark style=\"background-color:rgba(0, 0, 0, 0);color:#35a64c\" class=\"has-inline-color\">Abierta<\/mark> \ud83d\ude42 a partir del 13\/07\/2023 hasta agotamiento del cr\u00e9dito<\/p>\n\n\n<div\n\t\t\t\n\t\t\tclass=\"so-widget-sow-accordion so-widget-sow-accordion-default-42003b6a64f5\"\n\t\t\t\n\t\t><div>\n\t<div class=\"sow-accordion\">\n\t\t\t<div class=\"sow-accordion-panel\n\t\t sow-accordion-panel-open\t\t\t\"\n\t\t\t\tdata-anchor-id=\"de-que-se-trata\">\n\t\t\t\t\t<div class=\"sow-accordion-panel-header-container\" role=\"heading\" aria-level=\"2\">\n\t\t\t\t\t<div class=\"sow-accordion-panel-header\" tabindex=\"0\" role=\"button\" id=\"accordion-label-%c2%bfde-qu%c3%a9-se-trata\" aria-controls=\"accordion-content-%c2%bfde-qu%c3%a9-se-trata\" aria-expanded=\"true\">\n\t\t\t\t\t\t<div class=\"sow-accordion-title sow-accordion-title-icon-left\">\n\t\t\t\t\t\t\t\t\t\t\t\t\t\t\u00bfDe qu\u00e9 se trata?\t\t\t\t\t\t\t\t\t\t\t\t\t<\/div>\n\t\t\t\t\t\t<div class=\"sow-accordion-open-close-button\">\n\t\t\t\t\t\t\t<div class=\"sow-accordion-open-button\">\n\t\t\t\t\t\t\t\t<span class=\"sow-icon-ionicons\" data-sow-icon=\"&#xf218;\"\n\t\t \n\t\taria-hidden=\"true\"><\/span>\t\t\t\t\t\t\t<\/div>\n\t\t\t\t\t\t\t<div class=\"sow-accordion-close-button\">\n\t\t\t\t\t\t\t\t<span class=\"sow-icon-ionicons\" data-sow-icon=\"&#xf209;\"\n\t\t \n\t\taria-hidden=\"true\"><\/span>\t\t\t\t\t\t\t<\/div>\n\t\t\t\t\t\t<\/div>\n\t\t\t\t\t<\/div>\n\t\t\t\t<\/div>\n\n\t\t\t<div\n\t\t\t\tclass=\"sow-accordion-panel-content\"\n\t\t\t\trole=\"region\"\n\t\t\t\taria-labelledby=\"accordion-label-%c2%bfde-qu%c3%a9-se-trata\"\n\t\t\t\tid=\"accordion-content-%c2%bfde-qu%c3%a9-se-trata\"\n\t\t\t\t\t\t\t>\n\t\t\t\t<div class=\"sow-accordion-panel-border\">\n\t\t\t\t\t<p align=\"left\">ACTIVA Industria 4.0 es un programa de asesoramiento especializado y personalizado, realizado por consultoras acreditadas y con experiencia en implantaci\u00f3n de proyectos de Industria 4.0 que se realiza con la metodolog\u00eda desarrollada por la Secretar\u00eda General de Industria y de la PYME. Este programa permite a las empresas disponer de un diagn\u00f3stico de situaci\u00f3n y de un plan de transformaci\u00f3n que identifique los habilitadores digitales necesarios en ese proceso de transformaci\u00f3n y establezca la hoja de ruta para su implantaci\u00f3n. El asesoramiento se complementa con talleres demostrativos sobre tecnolog\u00edas habilitadoras.<\/p>\n\t\t\t\t<\/div>\n\t\t\t<\/div>\n\t\t<\/div>\n\t\t\t<div class=\"sow-accordion-panel\n\t\t\t\t\t\"\n\t\t\t\tdata-anchor-id=\"quien-puede-solicitarla\">\n\t\t\t\t\t<div class=\"sow-accordion-panel-header-container\" role=\"heading\" aria-level=\"2\">\n\t\t\t\t\t<div class=\"sow-accordion-panel-header\" tabindex=\"0\" role=\"button\" id=\"accordion-label-%c2%bfqui%c3%a9n-puede-solicitarla\" aria-controls=\"accordion-content-%c2%bfqui%c3%a9n-puede-solicitarla\" aria-expanded=\"false\">\n\t\t\t\t\t\t<div class=\"sow-accordion-title sow-accordion-title-icon-left\">\n\t\t\t\t\t\t\t\t\t\t\t\t\t\t\u00bfQui\u00e9n puede solicitarla?\t\t\t\t\t\t\t\t\t\t\t\t\t<\/div>\n\t\t\t\t\t\t<div class=\"sow-accordion-open-close-button\">\n\t\t\t\t\t\t\t<div class=\"sow-accordion-open-button\">\n\t\t\t\t\t\t\t\t<span class=\"sow-icon-ionicons\" data-sow-icon=\"&#xf218;\"\n\t\t \n\t\taria-hidden=\"true\"><\/span>\t\t\t\t\t\t\t<\/div>\n\t\t\t\t\t\t\t<div class=\"sow-accordion-close-button\">\n\t\t\t\t\t\t\t\t<span class=\"sow-icon-ionicons\" data-sow-icon=\"&#xf209;\"\n\t\t \n\t\taria-hidden=\"true\"><\/span>\t\t\t\t\t\t\t<\/div>\n\t\t\t\t\t\t<\/div>\n\t\t\t\t\t<\/div>\n\t\t\t\t<\/div>\n\n\t\t\t<div\n\t\t\t\tclass=\"sow-accordion-panel-content\"\n\t\t\t\trole=\"region\"\n\t\t\t\taria-labelledby=\"accordion-label-%c2%bfqui%c3%a9n-puede-solicitarla\"\n\t\t\t\tid=\"accordion-content-%c2%bfqui%c3%a9n-puede-solicitarla\"\n\t\t\t\tstyle=\"display: none;\"\t\t\t>\n\t\t\t\t<div class=\"sow-accordion-panel-border\">\n\t\t\t\t\t<p align=\"left\">Programa orientado a PYMES de la industria manufacturera para impulsar su transici\u00f3n a Industria 4.0<\/p>\n\t\t\t\t<\/div>\n\t\t\t<\/div>\n\t\t<\/div>\n\t\t\t<div class=\"sow-accordion-panel\n\t\t\t\t\t\"\n\t\t\t\tdata-anchor-id=\"que-gastos-puedo-subvencionar-y-cual-es-el-importe-maximo\">\n\t\t\t\t\t<div class=\"sow-accordion-panel-header-container\" role=\"heading\" aria-level=\"2\">\n\t\t\t\t\t<div class=\"sow-accordion-panel-header\" tabindex=\"0\" role=\"button\" id=\"accordion-label-%c2%bfqu%c3%a9-gastos-puedo-subvencionar-y-cu%c3%a1l-es-el-importe-m%c3%a1ximo\" aria-controls=\"accordion-content-%c2%bfqu%c3%a9-gastos-puedo-subvencionar-y-cu%c3%a1l-es-el-importe-m%c3%a1ximo\" aria-expanded=\"false\">\n\t\t\t\t\t\t<div class=\"sow-accordion-title sow-accordion-title-icon-left\">\n\t\t\t\t\t\t\t\t\t\t\t\t\t\t\u00bfQu\u00e9 gastos puedo subvencionar y cu\u00e1l es el importe m\u00e1ximo?\t\t\t\t\t\t\t\t\t\t\t\t\t<\/div>\n\t\t\t\t\t\t<div class=\"sow-accordion-open-close-button\">\n\t\t\t\t\t\t\t<div class=\"sow-accordion-open-button\">\n\t\t\t\t\t\t\t\t<span class=\"sow-icon-ionicons\" data-sow-icon=\"&#xf218;\"\n\t\t \n\t\taria-hidden=\"true\"><\/span>\t\t\t\t\t\t\t<\/div>\n\t\t\t\t\t\t\t<div class=\"sow-accordion-close-button\">\n\t\t\t\t\t\t\t\t<span class=\"sow-icon-ionicons\" data-sow-icon=\"&#xf209;\"\n\t\t \n\t\taria-hidden=\"true\"><\/span>\t\t\t\t\t\t\t<\/div>\n\t\t\t\t\t\t<\/div>\n\t\t\t\t\t<\/div>\n\t\t\t\t<\/div>\n\n\t\t\t<div\n\t\t\t\tclass=\"sow-accordion-panel-content\"\n\t\t\t\trole=\"region\"\n\t\t\t\taria-labelledby=\"accordion-label-%c2%bfqu%c3%a9-gastos-puedo-subvencionar-y-cu%c3%a1l-es-el-importe-m%c3%a1ximo\"\n\t\t\t\tid=\"accordion-content-%c2%bfqu%c3%a9-gastos-puedo-subvencionar-y-cu%c3%a1l-es-el-importe-m%c3%a1ximo\"\n\t\t\t\tstyle=\"display: none;\"\t\t\t>\n\t\t\t\t<div class=\"sow-accordion-panel-border\">\n\t\t\t\t\t<p align=\"left\">Procedimiento para la concesi\u00f3n de ayudas en especie, en r\u00e9gimen de concurrencia no competitiva.<\/p>\n<p align=\"left\"><strong>IMPORTANTE: NO EXIGE COFINANCIACI\u00d3N<\/strong><\/p>\t\t\t\t<\/div>\n\t\t\t<\/div>\n\t\t<\/div>\n\t\t\t<div class=\"sow-accordion-panel\n\t\t\t\t\t\"\n\t\t\t\tdata-anchor-id=\"donde-puedo-solicitarlo\">\n\t\t\t\t\t<div class=\"sow-accordion-panel-header-container\" role=\"heading\" aria-level=\"2\">\n\t\t\t\t\t<div class=\"sow-accordion-panel-header\" tabindex=\"0\" role=\"button\" id=\"accordion-label-%c2%bfd%c3%b3nde-puedo-solicitarlo\" aria-controls=\"accordion-content-%c2%bfd%c3%b3nde-puedo-solicitarlo\" aria-expanded=\"false\">\n\t\t\t\t\t\t<div class=\"sow-accordion-title sow-accordion-title-icon-left\">\n\t\t\t\t\t\t\t\t\t\t\t\t\t\t\u00bfD\u00f3nde puedo solicitarlo?\t\t\t\t\t\t\t\t\t\t\t\t\t<\/div>\n\t\t\t\t\t\t<div class=\"sow-accordion-open-close-button\">\n\t\t\t\t\t\t\t<div class=\"sow-accordion-open-button\">\n\t\t\t\t\t\t\t\t<span class=\"sow-icon-ionicons\" data-sow-icon=\"&#xf218;\"\n\t\t \n\t\taria-hidden=\"true\"><\/span>\t\t\t\t\t\t\t<\/div>\n\t\t\t\t\t\t\t<div class=\"sow-accordion-close-button\">\n\t\t\t\t\t\t\t\t<span class=\"sow-icon-ionicons\" data-sow-icon=\"&#xf209;\"\n\t\t \n\t\taria-hidden=\"true\"><\/span>\t\t\t\t\t\t\t<\/div>\n\t\t\t\t\t\t<\/div>\n\t\t\t\t\t<\/div>\n\t\t\t\t<\/div>\n\n\t\t\t<div\n\t\t\t\tclass=\"sow-accordion-panel-content\"\n\t\t\t\trole=\"region\"\n\t\t\t\taria-labelledby=\"accordion-label-%c2%bfd%c3%b3nde-puedo-solicitarlo\"\n\t\t\t\tid=\"accordion-content-%c2%bfd%c3%b3nde-puedo-solicitarlo\"\n\t\t\t\tstyle=\"display: none;\"\t\t\t>\n\t\t\t\t<div class=\"sow-accordion-panel-border\">\n\t\t\t\t\t<p>Haz clic en el siguiente enlace para acceder a las <a href=\"https:\/\/www.industriaconectada40.gob.es\/programas-apoyo\/Paginas\/activa.aspx\">bases y la solicitud<\/a>.<\/p>\n<p><a href=\"https:\/\/www.industriaconectada40.gob.es\/programas-apoyo\/Paginas\/activa.aspx\">Bases y solicitud<\/a><\/p>\n\t\t\t\t<\/div>\n\t\t\t<\/div>\n\t\t<\/div>\n\t\t\t<div class=\"sow-accordion-panel\n\t\t\t\t\t\"\n\t\t\t\tdata-anchor-id=\"necesitas-mas-informacion\">\n\t\t\t\t\t<div class=\"sow-accordion-panel-header-container\" role=\"heading\" aria-level=\"2\">\n\t\t\t\t\t<div class=\"sow-accordion-panel-header\" tabindex=\"0\" role=\"button\" id=\"accordion-label-%c2%bfnecesitas-m%c3%a1s-informaci%c3%b3n\" aria-controls=\"accordion-content-%c2%bfnecesitas-m%c3%a1s-informaci%c3%b3n\" aria-expanded=\"false\">\n\t\t\t\t\t\t<div class=\"sow-accordion-title sow-accordion-title-icon-left\">\n\t\t\t\t\t\t\t\t\t\t\t\t\t\t\u00bfNecesitas m\u00e1s informaci\u00f3n?\t\t\t\t\t\t\t\t\t\t\t\t\t<\/div>\n\t\t\t\t\t\t<div class=\"sow-accordion-open-close-button\">\n\t\t\t\t\t\t\t<div class=\"sow-accordion-open-button\">\n\t\t\t\t\t\t\t\t<span class=\"sow-icon-ionicons\" data-sow-icon=\"&#xf218;\"\n\t\t \n\t\taria-hidden=\"true\"><\/span>\t\t\t\t\t\t\t<\/div>\n\t\t\t\t\t\t\t<div class=\"sow-accordion-close-button\">\n\t\t\t\t\t\t\t\t<span class=\"sow-icon-ionicons\" data-sow-icon=\"&#xf209;\"\n\t\t \n\t\taria-hidden=\"true\"><\/span>\t\t\t\t\t\t\t<\/div>\n\t\t\t\t\t\t<\/div>\n\t\t\t\t\t<\/div>\n\t\t\t\t<\/div>\n\n\t\t\t<div\n\t\t\t\tclass=\"sow-accordion-panel-content\"\n\t\t\t\trole=\"region\"\n\t\t\t\taria-labelledby=\"accordion-label-%c2%bfnecesitas-m%c3%a1s-informaci%c3%b3n\"\n\t\t\t\tid=\"accordion-content-%c2%bfnecesitas-m%c3%a1s-informaci%c3%b3n\"\n\t\t\t\tstyle=\"display: none;\"\t\t\t>\n\t\t\t\t<div class=\"sow-accordion-panel-border\">\n\t\t\t\t\t<p>Ponte en contacto con nosotros en el 950 54 10 07 o a trav\u00e9s de comercio@elejido.es.\u00a0<\/p>\n\t\t\t\t<\/div>\n\t\t\t<\/div>\n\t\t<\/div>\n\t\t<\/div>\n<\/div>\n<\/div>\n\n\n<div style=\"height:25px\" aria-hidden=\"true\" class=\"wp-block-spacer\"><\/div>\n\n\n\n<h3 class=\"wp-block-heading\">Subvenciones para paliar los efectos de la sequ\u00eda en el sector tur\u00edstico &#8211; <em>Junta de Andaluc\u00eda<\/em><\/h3>\n\n\n\n<p>Estado de la convocatoria &gt; <mark style=\"background-color:rgba(0, 0, 0, 0)\" class=\"has-inline-color has-vivid-red-color\">Cerrada<\/mark> \ud83d\ude41 hasta 15\/09\/2024<\/p>\n\n\n<div\n\t\t\t\n\t\t\tclass=\"so-widget-sow-accordion so-widget-sow-accordion-default-42003b6a64f5\"\n\t\t\t\n\t\t><div>\n\t<div class=\"sow-accordion\">\n\t\t\t<div class=\"sow-accordion-panel\n\t\t\t\t\t\"\n\t\t\t\tdata-anchor-id=\"de-que-se-trata\">\n\t\t\t\t\t<div class=\"sow-accordion-panel-header-container\" role=\"heading\" aria-level=\"2\">\n\t\t\t\t\t<div class=\"sow-accordion-panel-header\" tabindex=\"0\" role=\"button\" id=\"accordion-label-%c2%bfde-qu%c3%a9-se-trata\" aria-controls=\"accordion-content-%c2%bfde-qu%c3%a9-se-trata\" aria-expanded=\"false\">\n\t\t\t\t\t\t<div class=\"sow-accordion-title sow-accordion-title-icon-left\">\n\t\t\t\t\t\t\t\t\t\t\t\t\t\t\u00bfDe qu\u00e9 se trata?\t\t\t\t\t\t\t\t\t\t\t\t\t<\/div>\n\t\t\t\t\t\t<div class=\"sow-accordion-open-close-button\">\n\t\t\t\t\t\t\t<div class=\"sow-accordion-open-button\">\n\t\t\t\t\t\t\t\t<span class=\"sow-icon-ionicons\" data-sow-icon=\"&#xf218;\"\n\t\t \n\t\taria-hidden=\"true\"><\/span>\t\t\t\t\t\t\t<\/div>\n\t\t\t\t\t\t\t<div class=\"sow-accordion-close-button\">\n\t\t\t\t\t\t\t\t<span class=\"sow-icon-ionicons\" data-sow-icon=\"&#xf209;\"\n\t\t \n\t\taria-hidden=\"true\"><\/span>\t\t\t\t\t\t\t<\/div>\n\t\t\t\t\t\t<\/div>\n\t\t\t\t\t<\/div>\n\t\t\t\t<\/div>\n\n\t\t\t<div\n\t\t\t\tclass=\"sow-accordion-panel-content\"\n\t\t\t\trole=\"region\"\n\t\t\t\taria-labelledby=\"accordion-label-%c2%bfde-qu%c3%a9-se-trata\"\n\t\t\t\tid=\"accordion-content-%c2%bfde-qu%c3%a9-se-trata\"\n\t\t\t\t\t\t\t>\n\t\t\t\t<div class=\"sow-accordion-panel-border\">\n\t\t\t\t\t<p align=\"left\"><strong>Subvenci\u00f3n para empresas tur\u00edsticas <\/strong>de Andaluc\u00eda<strong>\u00a0para la realizaci\u00f3n de acciones encaminadas a paliar los efectos de la sequ\u00eda en el sector y para mitigar y adaptar al cambio clim\u00e1tico los destinos tur\u00edsticos<\/strong> de la comunidad.<\/p>\n\t\t\t\t<\/div>\n\t\t\t<\/div>\n\t\t<\/div>\n\t\t\t<div class=\"sow-accordion-panel\n\t\t\t\t\t\"\n\t\t\t\tdata-anchor-id=\"a-quien-va-dirigido\">\n\t\t\t\t\t<div class=\"sow-accordion-panel-header-container\" role=\"heading\" aria-level=\"2\">\n\t\t\t\t\t<div class=\"sow-accordion-panel-header\" tabindex=\"0\" role=\"button\" id=\"accordion-label-%c2%bfa-qui%c3%a9n-va-dirigido\" aria-controls=\"accordion-content-%c2%bfa-qui%c3%a9n-va-dirigido\" aria-expanded=\"false\">\n\t\t\t\t\t\t<div class=\"sow-accordion-title sow-accordion-title-icon-left\">\n\t\t\t\t\t\t\t\t\t\t\t\t\t\t\u00bfA qui\u00e9n va dirigido?\t\t\t\t\t\t\t\t\t\t\t\t\t<\/div>\n\t\t\t\t\t\t<div class=\"sow-accordion-open-close-button\">\n\t\t\t\t\t\t\t<div class=\"sow-accordion-open-button\">\n\t\t\t\t\t\t\t\t<span class=\"sow-icon-ionicons\" data-sow-icon=\"&#xf218;\"\n\t\t \n\t\taria-hidden=\"true\"><\/span>\t\t\t\t\t\t\t<\/div>\n\t\t\t\t\t\t\t<div class=\"sow-accordion-close-button\">\n\t\t\t\t\t\t\t\t<span class=\"sow-icon-ionicons\" data-sow-icon=\"&#xf209;\"\n\t\t \n\t\taria-hidden=\"true\"><\/span>\t\t\t\t\t\t\t<\/div>\n\t\t\t\t\t\t<\/div>\n\t\t\t\t\t<\/div>\n\t\t\t\t<\/div>\n\n\t\t\t<div\n\t\t\t\tclass=\"sow-accordion-panel-content\"\n\t\t\t\trole=\"region\"\n\t\t\t\taria-labelledby=\"accordion-label-%c2%bfa-qui%c3%a9n-va-dirigido\"\n\t\t\t\tid=\"accordion-content-%c2%bfa-qui%c3%a9n-va-dirigido\"\n\t\t\t\t\t\t\t>\n\t\t\t\t<div class=\"sow-accordion-panel-border\">\n\t\t\t\t\t<p>Hay dos l\u00edneas de subvenci\u00f3n:\u00a0<\/p>\n<ol>\n<li><strong>L\u00ednea 1:<\/strong> Subvenciones a empresas que presten servicio de alojamiento tur\u00edstico y otro tipo de actividades o servicios vinculados al turismo (actividades de organizaci\u00f3n de congresos y eventos y actividades deportivas desarrolladas en estaciones de esqu\u00ed, campos de golf, puertos deportivos e instalaciones similares; parques tem\u00e1ticos, zool\u00f3gicos o bot\u00e1nicos; balnearios, spas o instalaciones similares; autobuses con recorridos panor\u00e1micos, transporte de viajeros; coches de caballos y alquiler de bicicletas; actividades relacionadas con el conocimiento de la lengua castellana por personas extranjeras).\u00a0<\/li>\n<li><strong>L\u00ednea 2:<\/strong> Subvenciones a empresas que presten el servicio de restauraci\u00f3n\/hosteler\u00eda. CNAE 5610 Restaurantes y puestos de comidas, 5621 Provisi\u00f3n de comidas preparadas para eventos, 5629 Otros servicios de comidas y 5630 Establecimientos de bebidas.\u00a0<\/li>\n<\/ol>\n\t\t\t\t<\/div>\n\t\t\t<\/div>\n\t\t<\/div>\n\t\t\t<div class=\"sow-accordion-panel\n\t\t\t\t\t\"\n\t\t\t\tdata-anchor-id=\"cual-es-la-ayuda\">\n\t\t\t\t\t<div class=\"sow-accordion-panel-header-container\" role=\"heading\" aria-level=\"2\">\n\t\t\t\t\t<div class=\"sow-accordion-panel-header\" tabindex=\"0\" role=\"button\" id=\"accordion-label-%c2%bfcu%c3%a1l-es-la-ayuda\" aria-controls=\"accordion-content-%c2%bfcu%c3%a1l-es-la-ayuda\" aria-expanded=\"false\">\n\t\t\t\t\t\t<div class=\"sow-accordion-title sow-accordion-title-icon-left\">\n\t\t\t\t\t\t\t\t\t\t\t\t\t\t\u00bfCu\u00e1l es la ayuda?\t\t\t\t\t\t\t\t\t\t\t\t\t<\/div>\n\t\t\t\t\t\t<div class=\"sow-accordion-open-close-button\">\n\t\t\t\t\t\t\t<div class=\"sow-accordion-open-button\">\n\t\t\t\t\t\t\t\t<span class=\"sow-icon-ionicons\" data-sow-icon=\"&#xf218;\"\n\t\t \n\t\taria-hidden=\"true\"><\/span>\t\t\t\t\t\t\t<\/div>\n\t\t\t\t\t\t\t<div class=\"sow-accordion-close-button\">\n\t\t\t\t\t\t\t\t<span class=\"sow-icon-ionicons\" data-sow-icon=\"&#xf209;\"\n\t\t \n\t\taria-hidden=\"true\"><\/span>\t\t\t\t\t\t\t<\/div>\n\t\t\t\t\t\t<\/div>\n\t\t\t\t\t<\/div>\n\t\t\t\t<\/div>\n\n\t\t\t<div\n\t\t\t\tclass=\"sow-accordion-panel-content\"\n\t\t\t\trole=\"region\"\n\t\t\t\taria-labelledby=\"accordion-label-%c2%bfcu%c3%a1l-es-la-ayuda\"\n\t\t\t\tid=\"accordion-content-%c2%bfcu%c3%a1l-es-la-ayuda\"\n\t\t\t\t\t\t\t>\n\t\t\t\t<div class=\"sow-accordion-panel-border\">\n\t\t\t\t\t<div class=\"h3 text-sora text-grey mb-2 font-30 font-extrabold font-kit-grey\">\n<div class=\"text-montserrat font-size-18 text-grey font-montserrat font-18 font-regulare font-18 font-kit-grey\">\n<div class=\"text-montserrat font-size-18 text-grey font-montserrat font-18 font-regulare font-18 font-kit-grey\">\n<p>Hay dos l\u00edneas de subvenci\u00f3n:\u00a0<\/p>\n<ol>\n<li><strong>L\u00ednea 1:<\/strong> Las ayudas cubrir\u00e1n el 45% de los costes subvencionables en el caso de las grandes empresas, 55% para las medianas y 65% para las peque\u00f1as, con un <strong>presupuesto m\u00ednimo\u00a0<\/strong>del proyecto\u00a0<strong>de 100.000 euros y m\u00e1ximo de un mill\u00f3n<\/strong>.<\/li>\n<li><strong>L\u00ednea 2:<\/strong> Se podr\u00e1 alcanzar el 100% del coste del proyecto, con un <strong>presupuesto m\u00ednimo de 50.000 euros y m\u00e1ximo de 300.000.\u00a0<\/strong><\/li>\n<\/ol>\n<\/div>\n<\/div>\n<\/div>\n\t\t\t\t<\/div>\n\t\t\t<\/div>\n\t\t<\/div>\n\t\t\t<div class=\"sow-accordion-panel\n\t\t\t\t\t\"\n\t\t\t\tdata-anchor-id=\"que-proyectos-son-subvencionables\">\n\t\t\t\t\t<div class=\"sow-accordion-panel-header-container\" role=\"heading\" aria-level=\"2\">\n\t\t\t\t\t<div class=\"sow-accordion-panel-header\" tabindex=\"0\" role=\"button\" id=\"accordion-label-%c2%bfqu%c3%a9-proyectos-son-subvencionables\" aria-controls=\"accordion-content-%c2%bfqu%c3%a9-proyectos-son-subvencionables\" aria-expanded=\"false\">\n\t\t\t\t\t\t<div class=\"sow-accordion-title sow-accordion-title-icon-left\">\n\t\t\t\t\t\t\t\t\t\t\t\t\t\t\u00bfQu\u00e9 proyectos son subvencionables?\t\t\t\t\t\t\t\t\t\t\t\t\t<\/div>\n\t\t\t\t\t\t<div class=\"sow-accordion-open-close-button\">\n\t\t\t\t\t\t\t<div class=\"sow-accordion-open-button\">\n\t\t\t\t\t\t\t\t<span class=\"sow-icon-ionicons\" data-sow-icon=\"&#xf218;\"\n\t\t \n\t\taria-hidden=\"true\"><\/span>\t\t\t\t\t\t\t<\/div>\n\t\t\t\t\t\t\t<div class=\"sow-accordion-close-button\">\n\t\t\t\t\t\t\t\t<span class=\"sow-icon-ionicons\" data-sow-icon=\"&#xf209;\"\n\t\t \n\t\taria-hidden=\"true\"><\/span>\t\t\t\t\t\t\t<\/div>\n\t\t\t\t\t\t<\/div>\n\t\t\t\t\t<\/div>\n\t\t\t\t<\/div>\n\n\t\t\t<div\n\t\t\t\tclass=\"sow-accordion-panel-content\"\n\t\t\t\trole=\"region\"\n\t\t\t\taria-labelledby=\"accordion-label-%c2%bfqu%c3%a9-proyectos-son-subvencionables\"\n\t\t\t\tid=\"accordion-content-%c2%bfqu%c3%a9-proyectos-son-subvencionables\"\n\t\t\t\t\t\t\t>\n\t\t\t\t<div class=\"sow-accordion-panel-border\">\n\t\t\t\t\t<p>Ser\u00e1n proyectos subvencionables aquellas inversiones destinadas a\u00a0<strong>reducir el consumo de agua mediante la reutilizaci\u00f3n y el ahorro<\/strong>\u00a0por parte de las empresas tur\u00edsticas que presten sus servicios o ejerzan sus actividades en Andaluc\u00eda, as\u00ed como las que contribuyan a la\u00a0<strong>mitigaci\u00f3n y adaptaci\u00f3n al cambio clim\u00e1tico de la actividad tur\u00edstica<\/strong>.<\/p>\n\t\t\t\t<\/div>\n\t\t\t<\/div>\n\t\t<\/div>\n\t\t\t<div class=\"sow-accordion-panel\n\t\t\t\t\t\"\n\t\t\t\tdata-anchor-id=\"como-solicitarlo\">\n\t\t\t\t\t<div class=\"sow-accordion-panel-header-container\" role=\"heading\" aria-level=\"2\">\n\t\t\t\t\t<div class=\"sow-accordion-panel-header\" tabindex=\"0\" role=\"button\" id=\"accordion-label-%c2%bfc%c3%b3mo-solicitarlo\" aria-controls=\"accordion-content-%c2%bfc%c3%b3mo-solicitarlo\" aria-expanded=\"false\">\n\t\t\t\t\t\t<div class=\"sow-accordion-title sow-accordion-title-icon-left\">\n\t\t\t\t\t\t\t\t\t\t\t\t\t\t\u00bfC\u00f3mo solicitarlo?\t\t\t\t\t\t\t\t\t\t\t\t\t<\/div>\n\t\t\t\t\t\t<div class=\"sow-accordion-open-close-button\">\n\t\t\t\t\t\t\t<div class=\"sow-accordion-open-button\">\n\t\t\t\t\t\t\t\t<span class=\"sow-icon-ionicons\" data-sow-icon=\"&#xf218;\"\n\t\t \n\t\taria-hidden=\"true\"><\/span>\t\t\t\t\t\t\t<\/div>\n\t\t\t\t\t\t\t<div class=\"sow-accordion-close-button\">\n\t\t\t\t\t\t\t\t<span class=\"sow-icon-ionicons\" data-sow-icon=\"&#xf209;\"\n\t\t \n\t\taria-hidden=\"true\"><\/span>\t\t\t\t\t\t\t<\/div>\n\t\t\t\t\t\t<\/div>\n\t\t\t\t\t<\/div>\n\t\t\t\t<\/div>\n\n\t\t\t<div\n\t\t\t\tclass=\"sow-accordion-panel-content\"\n\t\t\t\trole=\"region\"\n\t\t\t\taria-labelledby=\"accordion-label-%c2%bfc%c3%b3mo-solicitarlo\"\n\t\t\t\tid=\"accordion-content-%c2%bfc%c3%b3mo-solicitarlo\"\n\t\t\t\t\t\t\t>\n\t\t\t\t<div class=\"sow-accordion-panel-border\">\n\t\t\t\t\t<p>Solicitud e informaci\u00f3n<strong>\u00a0L\u00ednea 1<\/strong>:\u00a0<strong>Empresas de Alojamiento y otros servicios vinculados al turismo.<\/strong><\/p>\n<p>\u00a0 \u00a0 \u00a0 \u00a0 \u00a0 \u00a0 \u00a0 \u00a0 \u00a0 \u00a0 \u00a0 \u00a0 \u00a0 \u00a0 \u00a0 \u00a0 \u00a0 \u00a0 \u00a0 \u00a0 \u00a0 \u00a0 \u00a0 \u00a0 \u00a0\u00a0<a href=\"https:\/\/juntadeandalucia.es\/servicios\/sede\/tramites\/procedimientos\/detalle\/25652.html\" target=\"_blank\" rel=\"noopener noreferrer\">https:\/\/juntadeandalucia.es\/servicios\/sede\/tramites\/procedimientos\/detalle\/25652.html<\/a><\/p>\n<p><strong>\u25e6\u00a0<\/strong>Solicitud e informaci\u00f3n\u00a0<strong>L\u00ednea 2<\/strong>:\u00a0<strong>Empresas de Restauraci\u00f3n y Hosteler\u00eda.<\/strong><\/p>\n<p>\u00a0 \u00a0 \u00a0 \u00a0 \u00a0 \u00a0 \u00a0 \u00a0 \u00a0 \u00a0 \u00a0 \u00a0 \u00a0 \u00a0 \u00a0 \u00a0 \u00a0 \u00a0 \u00a0 \u00a0 \u00a0 \u00a0 \u00a0 \u00a0 \u00a0\u00a0<a href=\"https:\/\/juntadeandalucia.es\/servicios\/sede\/tramites\/procedimientos\/detalle\/25682.html\" target=\"_blank\" rel=\"noopener noreferrer\">https:\/\/juntadeandalucia.es\/servicios\/sede\/tramites\/procedimientos\/detalle\/25682.html<\/a><\/p>\n\t\t\t\t<\/div>\n\t\t\t<\/div>\n\t\t<\/div>\n\t\t<\/div>\n<\/div>\n<\/div>\n\n\n<div style=\"height:25px\" aria-hidden=\"true\" class=\"wp-block-spacer\"><\/div>\n\n\n\n<h3 class=\"wp-block-heading\">UNICO Demanda Bono PYME &#8211; <em>Gobierno de Espa\u00f1a<\/em><\/h3>\n\n\n\n<p>Estado de la convocatoria &gt; <mark style=\"background-color:rgba(0, 0, 0, 0)\" class=\"has-inline-color has-vivid-red-color\">Cerrada<\/mark> \ud83d\ude41 hasta 31\/12\/2024<\/p>\n\n\n<div\n\t\t\t\n\t\t\tclass=\"so-widget-sow-accordion so-widget-sow-accordion-default-42003b6a64f5\"\n\t\t\t\n\t\t><div>\n\t<div class=\"sow-accordion\">\n\t\t\t<div class=\"sow-accordion-panel\n\t\t sow-accordion-panel-open\t\t\t\"\n\t\t\t\tdata-anchor-id=\"de-que-se-trata\">\n\t\t\t\t\t<div class=\"sow-accordion-panel-header-container\" role=\"heading\" aria-level=\"2\">\n\t\t\t\t\t<div class=\"sow-accordion-panel-header\" tabindex=\"0\" role=\"button\" id=\"accordion-label-%c2%bfde-qu%c3%a9-se-trata\" aria-controls=\"accordion-content-%c2%bfde-qu%c3%a9-se-trata\" aria-expanded=\"true\">\n\t\t\t\t\t\t<div class=\"sow-accordion-title sow-accordion-title-icon-left\">\n\t\t\t\t\t\t\t\t\t\t\t\t\t\t\u00bfDe qu\u00e9 se trata?\t\t\t\t\t\t\t\t\t\t\t\t\t<\/div>\n\t\t\t\t\t\t<div class=\"sow-accordion-open-close-button\">\n\t\t\t\t\t\t\t<div class=\"sow-accordion-open-button\">\n\t\t\t\t\t\t\t\t<span class=\"sow-icon-ionicons\" data-sow-icon=\"&#xf218;\"\n\t\t \n\t\taria-hidden=\"true\"><\/span>\t\t\t\t\t\t\t<\/div>\n\t\t\t\t\t\t\t<div class=\"sow-accordion-close-button\">\n\t\t\t\t\t\t\t\t<span class=\"sow-icon-ionicons\" data-sow-icon=\"&#xf209;\"\n\t\t \n\t\taria-hidden=\"true\"><\/span>\t\t\t\t\t\t\t<\/div>\n\t\t\t\t\t\t<\/div>\n\t\t\t\t\t<\/div>\n\t\t\t\t<\/div>\n\n\t\t\t<div\n\t\t\t\tclass=\"sow-accordion-panel-content\"\n\t\t\t\trole=\"region\"\n\t\t\t\taria-labelledby=\"accordion-label-%c2%bfde-qu%c3%a9-se-trata\"\n\t\t\t\tid=\"accordion-content-%c2%bfde-qu%c3%a9-se-trata\"\n\t\t\t\t\t\t\t>\n\t\t\t\t<div class=\"sow-accordion-panel-border\">\n\t\t\t\t\t<p align=\"left\"><strong>UNICO Demanda Bono PYME,<\/strong>\u00a0<strong>es una iniciativa del Gobierno de Espa\u00f1a,<\/strong>\u00a0cuyo objetivo es subvencionar la implantaci\u00f3n de servicios y soluciones de conectividad digital.<\/p>\n\t\t\t\t<\/div>\n\t\t\t<\/div>\n\t\t<\/div>\n\t\t\t<div class=\"sow-accordion-panel\n\t\t\t\t\t\"\n\t\t\t\tdata-anchor-id=\"cual-es-la-ayuda\">\n\t\t\t\t\t<div class=\"sow-accordion-panel-header-container\" role=\"heading\" aria-level=\"2\">\n\t\t\t\t\t<div class=\"sow-accordion-panel-header\" tabindex=\"0\" role=\"button\" id=\"accordion-label-%c2%bfcu%c3%a1l-es-la-ayuda\" aria-controls=\"accordion-content-%c2%bfcu%c3%a1l-es-la-ayuda\" aria-expanded=\"false\">\n\t\t\t\t\t\t<div class=\"sow-accordion-title sow-accordion-title-icon-left\">\n\t\t\t\t\t\t\t\t\t\t\t\t\t\t\u00bfCu\u00e1l es la ayuda?\t\t\t\t\t\t\t\t\t\t\t\t\t<\/div>\n\t\t\t\t\t\t<div class=\"sow-accordion-open-close-button\">\n\t\t\t\t\t\t\t<div class=\"sow-accordion-open-button\">\n\t\t\t\t\t\t\t\t<span class=\"sow-icon-ionicons\" data-sow-icon=\"&#xf218;\"\n\t\t \n\t\taria-hidden=\"true\"><\/span>\t\t\t\t\t\t\t<\/div>\n\t\t\t\t\t\t\t<div class=\"sow-accordion-close-button\">\n\t\t\t\t\t\t\t\t<span class=\"sow-icon-ionicons\" data-sow-icon=\"&#xf209;\"\n\t\t \n\t\taria-hidden=\"true\"><\/span>\t\t\t\t\t\t\t<\/div>\n\t\t\t\t\t\t<\/div>\n\t\t\t\t\t<\/div>\n\t\t\t\t<\/div>\n\n\t\t\t<div\n\t\t\t\tclass=\"sow-accordion-panel-content\"\n\t\t\t\trole=\"region\"\n\t\t\t\taria-labelledby=\"accordion-label-%c2%bfcu%c3%a1l-es-la-ayuda\"\n\t\t\t\tid=\"accordion-content-%c2%bfcu%c3%a1l-es-la-ayuda\"\n\t\t\t\t\t\t\t>\n\t\t\t\t<div class=\"sow-accordion-panel-border\">\n\t\t\t\t\t<div class=\"h3 text-sora text-grey mb-2 font-30 font-extrabold font-kit-grey\">\n<div class=\"text-montserrat font-size-18 text-grey font-montserrat font-18 font-regulare font-18 font-kit-grey\">\n<div class=\"text-montserrat font-size-18 text-grey font-montserrat font-18 font-regulare font-18 font-kit-grey\">\n<p>Se trata de una\u00a0<strong>subvenci\u00f3n m\u00e1xima de 3.000\u20ac<\/strong>\u00a0estructurada en dos elementos:\u00a0<\/p>\n<ol>\n<li>Una soluci\u00f3n de acceso a internet con red de banda ancha.<\/li>\n<li>Una ayuda para servicios de conectividad asociados, dirigida a financiar la prestaci\u00f3n a las PYME beneficiarias de uno o varios servicios de valor a\u00f1adido asociados a la conectividad.<\/li>\n<\/ol>\n<\/div>\n<\/div>\n<\/div>\n<div class=\"text-montserrat font-size-18 text-grey font-montserrat font-18 font-regulare font-18 font-kit-grey\">\n<div class=\"text-montserrat font-size-18 text-grey font-montserrat font-18 font-regulare font-18 font-kit-grey\">\n<p>\u00a0<\/p>\n<\/div>\n<\/div>\n\t\t\t\t<\/div>\n\t\t\t<\/div>\n\t\t<\/div>\n\t\t\t<div class=\"sow-accordion-panel\n\t\t\t\t\t\"\n\t\t\t\tdata-anchor-id=\"a-quien-va-dirigido\">\n\t\t\t\t\t<div class=\"sow-accordion-panel-header-container\" role=\"heading\" aria-level=\"2\">\n\t\t\t\t\t<div class=\"sow-accordion-panel-header\" tabindex=\"0\" role=\"button\" id=\"accordion-label-%c2%bfa-qui%c3%a9n-va-dirigido\" aria-controls=\"accordion-content-%c2%bfa-qui%c3%a9n-va-dirigido\" aria-expanded=\"false\">\n\t\t\t\t\t\t<div class=\"sow-accordion-title sow-accordion-title-icon-left\">\n\t\t\t\t\t\t\t\t\t\t\t\t\t\t\u00bfA qui\u00e9n va dirigido?\t\t\t\t\t\t\t\t\t\t\t\t\t<\/div>\n\t\t\t\t\t\t<div class=\"sow-accordion-open-close-button\">\n\t\t\t\t\t\t\t<div class=\"sow-accordion-open-button\">\n\t\t\t\t\t\t\t\t<span class=\"sow-icon-ionicons\" data-sow-icon=\"&#xf218;\"\n\t\t \n\t\taria-hidden=\"true\"><\/span>\t\t\t\t\t\t\t<\/div>\n\t\t\t\t\t\t\t<div class=\"sow-accordion-close-button\">\n\t\t\t\t\t\t\t\t<span class=\"sow-icon-ionicons\" data-sow-icon=\"&#xf209;\"\n\t\t \n\t\taria-hidden=\"true\"><\/span>\t\t\t\t\t\t\t<\/div>\n\t\t\t\t\t\t<\/div>\n\t\t\t\t\t<\/div>\n\t\t\t\t<\/div>\n\n\t\t\t<div\n\t\t\t\tclass=\"sow-accordion-panel-content\"\n\t\t\t\trole=\"region\"\n\t\t\t\taria-labelledby=\"accordion-label-%c2%bfa-qui%c3%a9n-va-dirigido\"\n\t\t\t\tid=\"accordion-content-%c2%bfa-qui%c3%a9n-va-dirigido\"\n\t\t\t\t\t\t\t>\n\t\t\t\t<div class=\"sow-accordion-panel-border\">\n\t\t\t\t\t<p>A aquellas pymes, microempresas y personas en situaci\u00f3n de autoempleo que pertenezcan a cualquier sector o tipolog\u00eda de negocio y que cuenten con menos de 50 empleados.<\/p>\n\t\t\t\t<\/div>\n\t\t\t<\/div>\n\t\t<\/div>\n\t\t\t<div class=\"sow-accordion-panel\n\t\t\t\t\t\"\n\t\t\t\tdata-anchor-id=\"como-solicitarlo\">\n\t\t\t\t\t<div class=\"sow-accordion-panel-header-container\" role=\"heading\" aria-level=\"2\">\n\t\t\t\t\t<div class=\"sow-accordion-panel-header\" tabindex=\"0\" role=\"button\" id=\"accordion-label-%c2%bfc%c3%b3mo-solicitarlo\" aria-controls=\"accordion-content-%c2%bfc%c3%b3mo-solicitarlo\" aria-expanded=\"false\">\n\t\t\t\t\t\t<div class=\"sow-accordion-title sow-accordion-title-icon-left\">\n\t\t\t\t\t\t\t\t\t\t\t\t\t\t\u00bfC\u00f3mo solicitarlo?\t\t\t\t\t\t\t\t\t\t\t\t\t<\/div>\n\t\t\t\t\t\t<div class=\"sow-accordion-open-close-button\">\n\t\t\t\t\t\t\t<div class=\"sow-accordion-open-button\">\n\t\t\t\t\t\t\t\t<span class=\"sow-icon-ionicons\" data-sow-icon=\"&#xf218;\"\n\t\t \n\t\taria-hidden=\"true\"><\/span>\t\t\t\t\t\t\t<\/div>\n\t\t\t\t\t\t\t<div class=\"sow-accordion-close-button\">\n\t\t\t\t\t\t\t\t<span class=\"sow-icon-ionicons\" data-sow-icon=\"&#xf209;\"\n\t\t \n\t\taria-hidden=\"true\"><\/span>\t\t\t\t\t\t\t<\/div>\n\t\t\t\t\t\t<\/div>\n\t\t\t\t\t<\/div>\n\t\t\t\t<\/div>\n\n\t\t\t<div\n\t\t\t\tclass=\"sow-accordion-panel-content\"\n\t\t\t\trole=\"region\"\n\t\t\t\taria-labelledby=\"accordion-label-%c2%bfc%c3%b3mo-solicitarlo\"\n\t\t\t\tid=\"accordion-content-%c2%bfc%c3%b3mo-solicitarlo\"\n\t\t\t\t\t\t\t>\n\t\t\t\t<div class=\"sow-accordion-panel-border\">\n\t\t\t\t\t<p>Accede aqu\u00ed a las\u00a0<a href=\"https:\/\/www.acelerapyme.gob.es\/sites\/acelerapyme\/files\/2024-07\/BOE-A-2024-15200.pdf\" data-insuit-uuid=\"95fdc77a-705b-4686-b152-ae8f1f9a7789\"><span class=\"insuit-u\"><strong>Bases Reguladoras<\/strong><\/span><\/a> de la convocatoria del programa UNICO Demanda Bono PYME.<\/p>\n<p>Para m\u00e1s informaci\u00f3n:<\/p>\n<p>comercio@elejido.es \/\/ Tlf: 950 54 10 07 (Sara\/Elisa)<\/p>\n\t\t\t\t<\/div>\n\t\t\t<\/div>\n\t\t<\/div>\n\t\t<\/div>\n<\/div>\n<\/div>\n\n\n<div style=\"height:25px\" aria-hidden=\"true\" class=\"wp-block-spacer\"><\/div>\n\n\n\n<div style=\"height:25px\" aria-hidden=\"true\" class=\"wp-block-spacer\"><\/div>\n\n\n\n<h3 class=\"wp-block-heading\">Ayudas al Emprendimiento INNOVACTIVA 2024<\/h3>\n\n\n\n<p>Estado de la convocatoria &gt; <mark style=\"background-color:rgba(0, 0, 0, 0)\" class=\"has-inline-color has-vivid-red-color\">Cerrada<\/mark> \ud83d\ude41 <\/p>\n\n\n<div\n\t\t\t\n\t\t\tclass=\"so-widget-sow-accordion so-widget-sow-accordion-default-42003b6a64f5\"\n\t\t\t\n\t\t><div>\n\t<div class=\"sow-accordion\">\n\t\t\t<div class=\"sow-accordion-panel\n\t\t sow-accordion-panel-open\t\t\t\"\n\t\t\t\tdata-anchor-id=\"de-que-se-trata\">\n\t\t\t\t\t<div class=\"sow-accordion-panel-header-container\" role=\"heading\" aria-level=\"2\">\n\t\t\t\t\t<div class=\"sow-accordion-panel-header\" tabindex=\"0\" role=\"button\" id=\"accordion-label-%c2%bfde-qu%c3%a9-se-trata\" aria-controls=\"accordion-content-%c2%bfde-qu%c3%a9-se-trata\" aria-expanded=\"true\">\n\t\t\t\t\t\t<div class=\"sow-accordion-title sow-accordion-title-icon-left\">\n\t\t\t\t\t\t\t\t\t\t\t\t\t\t\u00bfDe qu\u00e9 se trata?\t\t\t\t\t\t\t\t\t\t\t\t\t<\/div>\n\t\t\t\t\t\t<div class=\"sow-accordion-open-close-button\">\n\t\t\t\t\t\t\t<div class=\"sow-accordion-open-button\">\n\t\t\t\t\t\t\t\t<span class=\"sow-icon-ionicons\" data-sow-icon=\"&#xf218;\"\n\t\t \n\t\taria-hidden=\"true\"><\/span>\t\t\t\t\t\t\t<\/div>\n\t\t\t\t\t\t\t<div class=\"sow-accordion-close-button\">\n\t\t\t\t\t\t\t\t<span class=\"sow-icon-ionicons\" data-sow-icon=\"&#xf209;\"\n\t\t \n\t\taria-hidden=\"true\"><\/span>\t\t\t\t\t\t\t<\/div>\n\t\t\t\t\t\t<\/div>\n\t\t\t\t\t<\/div>\n\t\t\t\t<\/div>\n\n\t\t\t<div\n\t\t\t\tclass=\"sow-accordion-panel-content\"\n\t\t\t\trole=\"region\"\n\t\t\t\taria-labelledby=\"accordion-label-%c2%bfde-qu%c3%a9-se-trata\"\n\t\t\t\tid=\"accordion-content-%c2%bfde-qu%c3%a9-se-trata\"\n\t\t\t\t\t\t\t>\n\t\t\t\t<div class=\"sow-accordion-panel-border\">\n\t\t\t\t\t<p align=\"left\">Las ayudas de un m\u00e1ximo de 9.000 euros tienen como objetivo financiar los gastos para la <strong>puesta en marcha de proyectos empresariales a personas j\u00f3venes andaluzas o residentes de Andaluc\u00eda<\/strong>, a trav\u00e9s de la constituci\u00f3n de empresas con forma jur\u00eddica societaria, o bien, para constituirse como persona empresaria individual aut\u00f3noma. En ambos casos el domicilio fiscal de la actividad debe radicar en Andaluc\u00eda.<\/p>\n\t\t\t\t<\/div>\n\t\t\t<\/div>\n\t\t<\/div>\n\t\t\t<div class=\"sow-accordion-panel\n\t\t\t\t\t\"\n\t\t\t\tdata-anchor-id=\"quien-puede-solicitarla\">\n\t\t\t\t\t<div class=\"sow-accordion-panel-header-container\" role=\"heading\" aria-level=\"2\">\n\t\t\t\t\t<div class=\"sow-accordion-panel-header\" tabindex=\"0\" role=\"button\" id=\"accordion-label-%c2%bfqui%c3%a9n-puede-solicitarla\" aria-controls=\"accordion-content-%c2%bfqui%c3%a9n-puede-solicitarla\" aria-expanded=\"false\">\n\t\t\t\t\t\t<div class=\"sow-accordion-title sow-accordion-title-icon-left\">\n\t\t\t\t\t\t\t\t\t\t\t\t\t\t\u00bfQui\u00e9n puede solicitarla?\t\t\t\t\t\t\t\t\t\t\t\t\t<\/div>\n\t\t\t\t\t\t<div class=\"sow-accordion-open-close-button\">\n\t\t\t\t\t\t\t<div class=\"sow-accordion-open-button\">\n\t\t\t\t\t\t\t\t<span class=\"sow-icon-ionicons\" data-sow-icon=\"&#xf218;\"\n\t\t \n\t\taria-hidden=\"true\"><\/span>\t\t\t\t\t\t\t<\/div>\n\t\t\t\t\t\t\t<div class=\"sow-accordion-close-button\">\n\t\t\t\t\t\t\t\t<span class=\"sow-icon-ionicons\" data-sow-icon=\"&#xf209;\"\n\t\t \n\t\taria-hidden=\"true\"><\/span>\t\t\t\t\t\t\t<\/div>\n\t\t\t\t\t\t<\/div>\n\t\t\t\t\t<\/div>\n\t\t\t\t<\/div>\n\n\t\t\t<div\n\t\t\t\tclass=\"sow-accordion-panel-content\"\n\t\t\t\trole=\"region\"\n\t\t\t\taria-labelledby=\"accordion-label-%c2%bfqui%c3%a9n-puede-solicitarla\"\n\t\t\t\tid=\"accordion-content-%c2%bfqui%c3%a9n-puede-solicitarla\"\n\t\t\t\tstyle=\"display: none;\"\t\t\t>\n\t\t\t\t<div class=\"sow-accordion-panel-border\">\n\t\t\t\t\t<p align=\"left\">Las subvenciones podr\u00e1n ser solicitadas por personas j\u00f3venes andaluzas o residentes en Andaluc\u00eda, <strong>mayores de 18 a\u00f1os y hasta 35 a\u00f1os<\/strong>, inclusive (40 a\u00f1os en el caso de proyectos agr\u00edcolas o ganaderos), con formaci\u00f3n acad\u00e9mica universitaria, ciclo formativo de grado medio o superior, educaci\u00f3n secundaria obligatoria o certificado de profesionalidad.\u00a0<\/p>\n\t\t\t\t<\/div>\n\t\t\t<\/div>\n\t\t<\/div>\n\t\t\t<div class=\"sow-accordion-panel\n\t\t\t\t\t\"\n\t\t\t\tdata-anchor-id=\"que-conceptos-puedo-subvencionar\">\n\t\t\t\t\t<div class=\"sow-accordion-panel-header-container\" role=\"heading\" aria-level=\"2\">\n\t\t\t\t\t<div class=\"sow-accordion-panel-header\" tabindex=\"0\" role=\"button\" id=\"accordion-label-%c2%bfqu%c3%a9-conceptos-puedo-subvencionar\" aria-controls=\"accordion-content-%c2%bfqu%c3%a9-conceptos-puedo-subvencionar\" aria-expanded=\"false\">\n\t\t\t\t\t\t<div class=\"sow-accordion-title sow-accordion-title-icon-left\">\n\t\t\t\t\t\t\t\t\t\t\t\t\t\t\u00bfQu\u00e9 conceptos puedo subvencionar?\t\t\t\t\t\t\t\t\t\t\t\t\t<\/div>\n\t\t\t\t\t\t<div class=\"sow-accordion-open-close-button\">\n\t\t\t\t\t\t\t<div class=\"sow-accordion-open-button\">\n\t\t\t\t\t\t\t\t<span class=\"sow-icon-ionicons\" data-sow-icon=\"&#xf218;\"\n\t\t \n\t\taria-hidden=\"true\"><\/span>\t\t\t\t\t\t\t<\/div>\n\t\t\t\t\t\t\t<div class=\"sow-accordion-close-button\">\n\t\t\t\t\t\t\t\t<span class=\"sow-icon-ionicons\" data-sow-icon=\"&#xf209;\"\n\t\t \n\t\taria-hidden=\"true\"><\/span>\t\t\t\t\t\t\t<\/div>\n\t\t\t\t\t\t<\/div>\n\t\t\t\t\t<\/div>\n\t\t\t\t<\/div>\n\n\t\t\t<div\n\t\t\t\tclass=\"sow-accordion-panel-content\"\n\t\t\t\trole=\"region\"\n\t\t\t\taria-labelledby=\"accordion-label-%c2%bfqu%c3%a9-conceptos-puedo-subvencionar\"\n\t\t\t\tid=\"accordion-content-%c2%bfqu%c3%a9-conceptos-puedo-subvencionar\"\n\t\t\t\tstyle=\"display: none;\"\t\t\t>\n\t\t\t\t<div class=\"sow-accordion-panel-border\">\n\t\t\t\t\t<p>Los gastos subvencionables ser\u00e1n:<\/p>\n<ul>\n<li><strong>Gastos de capital:<\/strong> gastos ocasionados para la elevaci\u00f3n a p\u00fablico de su constituci\u00f3n y los gastos de solicitud de denominaci\u00f3n e inscripci\u00f3n de la misma en el Registro Mercantil. No ser\u00e1n objeto de subvenci\u00f3n las aportaciones de capital inicial de la empresa.<\/li>\n<li><strong>Gastos de inversi\u00f3n en inmovilizado material e intangible:<\/strong> gastos de instalaci\u00f3n necesarios para el desarrollo de la actividad (que no impliquen la ejecuci\u00f3n de una obra, para lo cual ser\u00e1 necesario acreditar la propiedad del local), mobiliario, maquinaria, utillaje, equipamiento inform\u00e1ticos y de telefon\u00eda, aplicaciones inform\u00e1ticas, software, dominios web, elementos de transporte, leasing, propiedad industrial (patentes, marcas, entre otros), derechos de traspaso, creaci\u00f3n y desarrollo de p\u00e1gina web, creaci\u00f3n y dise\u00f1o de imagen corporativa, obras de adecuaci\u00f3n, mejora y adaptaci\u00f3n de inmueble dedicado a la actividad empresarial (en cuyo caso deber\u00e1 acreditarse la propiedad del mismo por parte de la persona solicitante de la ayuda) y otros gastos de inversi\u00f3n que sean inherentes y que resulten necesarios para la puesta en marcha y funcionamiento de la empresa.<\/li>\n<\/ul>\n<p>Para la constituci\u00f3n de empresas con forma jur\u00eddica societaria mercantil, o cooperativas y sociedades laborales,\u00a0 ser\u00e1n subvencionables los dos tipos de gastos reflejados anteriormente. Para la constituci\u00f3n de la persona solicitante como persona empresaria individual aut\u00f3noma los gastos especificados en el apartado 2.<\/p>\n<p>En ambas l\u00edneas los gastos subvencionables deber\u00e1n tener naturaleza de gastos de inversi\u00f3n, no pudiendo ser subvencionados gastos de naturaleza corriente.<\/p>\n\t\t\t\t<\/div>\n\t\t\t<\/div>\n\t\t<\/div>\n\t\t\t<div class=\"sow-accordion-panel\n\t\t\t\t\t\"\n\t\t\t\tdata-anchor-id=\"donde-puedo-solicitarlo\">\n\t\t\t\t\t<div class=\"sow-accordion-panel-header-container\" role=\"heading\" aria-level=\"2\">\n\t\t\t\t\t<div class=\"sow-accordion-panel-header\" tabindex=\"0\" role=\"button\" id=\"accordion-label-%c2%bfd%c3%b3nde-puedo-solicitarlo\" aria-controls=\"accordion-content-%c2%bfd%c3%b3nde-puedo-solicitarlo\" aria-expanded=\"false\">\n\t\t\t\t\t\t<div class=\"sow-accordion-title sow-accordion-title-icon-left\">\n\t\t\t\t\t\t\t\t\t\t\t\t\t\t\u00bfD\u00f3nde puedo solicitarlo?\t\t\t\t\t\t\t\t\t\t\t\t\t<\/div>\n\t\t\t\t\t\t<div class=\"sow-accordion-open-close-button\">\n\t\t\t\t\t\t\t<div class=\"sow-accordion-open-button\">\n\t\t\t\t\t\t\t\t<span class=\"sow-icon-ionicons\" data-sow-icon=\"&#xf218;\"\n\t\t \n\t\taria-hidden=\"true\"><\/span>\t\t\t\t\t\t\t<\/div>\n\t\t\t\t\t\t\t<div class=\"sow-accordion-close-button\">\n\t\t\t\t\t\t\t\t<span class=\"sow-icon-ionicons\" data-sow-icon=\"&#xf209;\"\n\t\t \n\t\taria-hidden=\"true\"><\/span>\t\t\t\t\t\t\t<\/div>\n\t\t\t\t\t\t<\/div>\n\t\t\t\t\t<\/div>\n\t\t\t\t<\/div>\n\n\t\t\t<div\n\t\t\t\tclass=\"sow-accordion-panel-content\"\n\t\t\t\trole=\"region\"\n\t\t\t\taria-labelledby=\"accordion-label-%c2%bfd%c3%b3nde-puedo-solicitarlo\"\n\t\t\t\tid=\"accordion-content-%c2%bfd%c3%b3nde-puedo-solicitarlo\"\n\t\t\t\tstyle=\"display: none;\"\t\t\t>\n\t\t\t\t<div class=\"sow-accordion-panel-border\">\n\t\t\t\t\t<p><strong>Ventanilla Electr\u00f3nica de Administraci\u00f3n. Junta de Andaluc\u00eda:<\/strong><\/p>\n<p><a href=\"https:\/\/ws050.juntadeandalucia.es\/vea\/\">https:\/\/ws050.juntadeandalucia.es\/vea\/<\/a><\/p>\n<p><a href=\"https:\/\/ws050.juntadeandalucia.es\/vea\/faces\/vi\/procedimientos.xhtml\">https:\/\/ws050.juntadeandalucia.es\/vea\/faces\/vi\/procedimientos.xhtml<\/a><\/p>\n<p><strong>Registro Electr\u00f3nico de la Administraci\u00f3n de la Junta de Andaluc\u00eda accesible en la direcci\u00f3n:<\/strong><\/p>\n<p><a href=\"https:\/\/juntadeandalucia.es\/servicios\/tramites\/presentacion-documentos\/registro-electronico.html\">https:\/\/juntadeandalucia.es\/servicios\/tramites\/presentacion-documentos\/registro-electronico.html<\/a><\/p>\n<p><a href=\"https:\/\/ws050.juntadeandalucia.es\/vea\/faces\/vi\/rocedimientoDetalle.xhtml\">https:\/\/ws050.juntadeandalucia.es\/vea\/faces\/vi\/rocedimientoDetalle.xhtm<\/a><\/p>\n<p><a href=\"https:\/\/www.juntadeandalucia.es\/eboja\/2022\/144\/BOJA22-144-00020-12436-01_00265713.pdf\">Bases reguladoras<\/a><\/p>\n\t\t\t\t<\/div>\n\t\t\t<\/div>\n\t\t<\/div>\n\t\t\t<div class=\"sow-accordion-panel\n\t\t\t\t\t\"\n\t\t\t\tdata-anchor-id=\"necesitas-mas-informacion\">\n\t\t\t\t\t<div class=\"sow-accordion-panel-header-container\" role=\"heading\" aria-level=\"2\">\n\t\t\t\t\t<div class=\"sow-accordion-panel-header\" tabindex=\"0\" role=\"button\" id=\"accordion-label-%c2%bfnecesitas-m%c3%a1s-informaci%c3%b3n\" aria-controls=\"accordion-content-%c2%bfnecesitas-m%c3%a1s-informaci%c3%b3n\" aria-expanded=\"false\">\n\t\t\t\t\t\t<div class=\"sow-accordion-title sow-accordion-title-icon-left\">\n\t\t\t\t\t\t\t\t\t\t\t\t\t\t\u00bfNecesitas m\u00e1s informaci\u00f3n?\t\t\t\t\t\t\t\t\t\t\t\t\t<\/div>\n\t\t\t\t\t\t<div class=\"sow-accordion-open-close-button\">\n\t\t\t\t\t\t\t<div class=\"sow-accordion-open-button\">\n\t\t\t\t\t\t\t\t<span class=\"sow-icon-ionicons\" data-sow-icon=\"&#xf218;\"\n\t\t \n\t\taria-hidden=\"true\"><\/span>\t\t\t\t\t\t\t<\/div>\n\t\t\t\t\t\t\t<div class=\"sow-accordion-close-button\">\n\t\t\t\t\t\t\t\t<span class=\"sow-icon-ionicons\" data-sow-icon=\"&#xf209;\"\n\t\t \n\t\taria-hidden=\"true\"><\/span>\t\t\t\t\t\t\t<\/div>\n\t\t\t\t\t\t<\/div>\n\t\t\t\t\t<\/div>\n\t\t\t\t<\/div>\n\n\t\t\t<div\n\t\t\t\tclass=\"sow-accordion-panel-content\"\n\t\t\t\trole=\"region\"\n\t\t\t\taria-labelledby=\"accordion-label-%c2%bfnecesitas-m%c3%a1s-informaci%c3%b3n\"\n\t\t\t\tid=\"accordion-content-%c2%bfnecesitas-m%c3%a1s-informaci%c3%b3n\"\n\t\t\t\tstyle=\"display: none;\"\t\t\t>\n\t\t\t\t<div class=\"sow-accordion-panel-border\">\n\t\t\t\t\t<p><a href=\"https:\/\/ws101.juntadeandalucia.es\/patiojoven\/scri\/ayudas-y-subvenciones\/ayudas-al-emprendimiento\">Visita el siguiente enlace para m\u00e1s informaci\u00f3n.<\/a><\/p>\n\t\t\t\t<\/div>\n\t\t\t<\/div>\n\t\t<\/div>\n\t\t<\/div>\n<\/div>\n<\/div>\n\n\n<div style=\"height:25px\" aria-hidden=\"true\" class=\"wp-block-spacer\"><\/div>\n\n\n\n<h3 class=\"wp-block-heading\">Subvenciones dirigidas a la digitalizaci\u00f3n de las pymes tur\u00edsticas de Andaluc\u00eda (DIGITUR) &#8211;<em>Junta de Andaluc\u00eda<\/em><\/h3>\n\n\n\n<p>Estado de la convocatoria &gt;<mark style=\"background-color:rgba(0, 0, 0, 0)\" class=\"has-inline-color has-vivid-red-color\"> Cerrada<\/mark> \ud83d\ude41<\/p>\n\n\n<div\n\t\t\t\n\t\t\tclass=\"so-widget-sow-accordion so-widget-sow-accordion-default-42003b6a64f5\"\n\t\t\t\n\t\t><div>\n\t<div class=\"sow-accordion\">\n\t\t\t<div class=\"sow-accordion-panel\n\t\t sow-accordion-panel-open\t\t\t\"\n\t\t\t\tdata-anchor-id=\"de-que-se-trata\">\n\t\t\t\t\t<div class=\"sow-accordion-panel-header-container\" role=\"heading\" aria-level=\"2\">\n\t\t\t\t\t<div class=\"sow-accordion-panel-header\" tabindex=\"0\" role=\"button\" id=\"accordion-label-%c2%bfde-qu%c3%a9-se-trata\" aria-controls=\"accordion-content-%c2%bfde-qu%c3%a9-se-trata\" aria-expanded=\"true\">\n\t\t\t\t\t\t<div class=\"sow-accordion-title sow-accordion-title-icon-left\">\n\t\t\t\t\t\t\t\t\t\t\t\t\t\t\u00bfDe qu\u00e9 se trata?\t\t\t\t\t\t\t\t\t\t\t\t\t<\/div>\n\t\t\t\t\t\t<div class=\"sow-accordion-open-close-button\">\n\t\t\t\t\t\t\t<div class=\"sow-accordion-open-button\">\n\t\t\t\t\t\t\t\t<span class=\"sow-icon-ionicons\" data-sow-icon=\"&#xf218;\"\n\t\t \n\t\taria-hidden=\"true\"><\/span>\t\t\t\t\t\t\t<\/div>\n\t\t\t\t\t\t\t<div class=\"sow-accordion-close-button\">\n\t\t\t\t\t\t\t\t<span class=\"sow-icon-ionicons\" data-sow-icon=\"&#xf209;\"\n\t\t \n\t\taria-hidden=\"true\"><\/span>\t\t\t\t\t\t\t<\/div>\n\t\t\t\t\t\t<\/div>\n\t\t\t\t\t<\/div>\n\t\t\t\t<\/div>\n\n\t\t\t<div\n\t\t\t\tclass=\"sow-accordion-panel-content\"\n\t\t\t\trole=\"region\"\n\t\t\t\taria-labelledby=\"accordion-label-%c2%bfde-qu%c3%a9-se-trata\"\n\t\t\t\tid=\"accordion-content-%c2%bfde-qu%c3%a9-se-trata\"\n\t\t\t\t\t\t\t>\n\t\t\t\t<div class=\"sow-accordion-panel-border\">\n\t\t\t\t\t<p align=\"left\">Subvenciones en r\u00e9gimen de concurrencia no competitiva dirigidas a la digitalizaci\u00f3n de las PYMES tur\u00edsticas de Andaluc\u00eda, en el marco del Programa Operativo FEDER de Andaluc\u00eda 2021-2027.<\/p>\n\t\t\t\t<\/div>\n\t\t\t<\/div>\n\t\t<\/div>\n\t\t\t<div class=\"sow-accordion-panel\n\t\t\t\t\t\"\n\t\t\t\tdata-anchor-id=\"quien-puede-solicitarla\">\n\t\t\t\t\t<div class=\"sow-accordion-panel-header-container\" role=\"heading\" aria-level=\"2\">\n\t\t\t\t\t<div class=\"sow-accordion-panel-header\" tabindex=\"0\" role=\"button\" id=\"accordion-label-%c2%bfqui%c3%a9n-puede-solicitarla\" aria-controls=\"accordion-content-%c2%bfqui%c3%a9n-puede-solicitarla\" aria-expanded=\"false\">\n\t\t\t\t\t\t<div class=\"sow-accordion-title sow-accordion-title-icon-left\">\n\t\t\t\t\t\t\t\t\t\t\t\t\t\t\u00bfQui\u00e9n puede solicitarla?\t\t\t\t\t\t\t\t\t\t\t\t\t<\/div>\n\t\t\t\t\t\t<div class=\"sow-accordion-open-close-button\">\n\t\t\t\t\t\t\t<div class=\"sow-accordion-open-button\">\n\t\t\t\t\t\t\t\t<span class=\"sow-icon-ionicons\" data-sow-icon=\"&#xf218;\"\n\t\t \n\t\taria-hidden=\"true\"><\/span>\t\t\t\t\t\t\t<\/div>\n\t\t\t\t\t\t\t<div class=\"sow-accordion-close-button\">\n\t\t\t\t\t\t\t\t<span class=\"sow-icon-ionicons\" data-sow-icon=\"&#xf209;\"\n\t\t \n\t\taria-hidden=\"true\"><\/span>\t\t\t\t\t\t\t<\/div>\n\t\t\t\t\t\t<\/div>\n\t\t\t\t\t<\/div>\n\t\t\t\t<\/div>\n\n\t\t\t<div\n\t\t\t\tclass=\"sow-accordion-panel-content\"\n\t\t\t\trole=\"region\"\n\t\t\t\taria-labelledby=\"accordion-label-%c2%bfqui%c3%a9n-puede-solicitarla\"\n\t\t\t\tid=\"accordion-content-%c2%bfqui%c3%a9n-puede-solicitarla\"\n\t\t\t\tstyle=\"display: none;\"\t\t\t>\n\t\t\t\t<div class=\"sow-accordion-panel-border\">\n\t\t\t\t\t<p align=\"left\">La subvenci\u00f3n est\u00e1 dirigida a la digitalizaci\u00f3n de microempresas, peque\u00f1as y medianas empresas (PYMES), y empresas de trabajo aut\u00f3nomo tur\u00edsticas de Andaluc\u00eda, con objeto de mejorar la competitividad de las empresas de forma sostenible, fomentar su crecimiento, innovaci\u00f3n y su expansi\u00f3n internacional, contribuyendo a la mejora del empleo.\u00a0<\/p>\n\t\t\t\t<\/div>\n\t\t\t<\/div>\n\t\t<\/div>\n\t\t\t<div class=\"sow-accordion-panel\n\t\t\t\t\t\"\n\t\t\t\tdata-anchor-id=\"que-conceptos-puedo-subvencionar\">\n\t\t\t\t\t<div class=\"sow-accordion-panel-header-container\" role=\"heading\" aria-level=\"2\">\n\t\t\t\t\t<div class=\"sow-accordion-panel-header\" tabindex=\"0\" role=\"button\" id=\"accordion-label-%c2%bfqu%c3%a9-conceptos-puedo-subvencionar\" aria-controls=\"accordion-content-%c2%bfqu%c3%a9-conceptos-puedo-subvencionar\" aria-expanded=\"false\">\n\t\t\t\t\t\t<div class=\"sow-accordion-title sow-accordion-title-icon-left\">\n\t\t\t\t\t\t\t\t\t\t\t\t\t\t\u00bfQu\u00e9 conceptos puedo subvencionar?\t\t\t\t\t\t\t\t\t\t\t\t\t<\/div>\n\t\t\t\t\t\t<div class=\"sow-accordion-open-close-button\">\n\t\t\t\t\t\t\t<div class=\"sow-accordion-open-button\">\n\t\t\t\t\t\t\t\t<span class=\"sow-icon-ionicons\" data-sow-icon=\"&#xf218;\"\n\t\t \n\t\taria-hidden=\"true\"><\/span>\t\t\t\t\t\t\t<\/div>\n\t\t\t\t\t\t\t<div class=\"sow-accordion-close-button\">\n\t\t\t\t\t\t\t\t<span class=\"sow-icon-ionicons\" data-sow-icon=\"&#xf209;\"\n\t\t \n\t\taria-hidden=\"true\"><\/span>\t\t\t\t\t\t\t<\/div>\n\t\t\t\t\t\t<\/div>\n\t\t\t\t\t<\/div>\n\t\t\t\t<\/div>\n\n\t\t\t<div\n\t\t\t\tclass=\"sow-accordion-panel-content\"\n\t\t\t\trole=\"region\"\n\t\t\t\taria-labelledby=\"accordion-label-%c2%bfqu%c3%a9-conceptos-puedo-subvencionar\"\n\t\t\t\tid=\"accordion-content-%c2%bfqu%c3%a9-conceptos-puedo-subvencionar\"\n\t\t\t\tstyle=\"display: none;\"\t\t\t>\n\t\t\t\t<div class=\"sow-accordion-panel-border\">\n\t\t\t\t\t<ul>\n<li>Implantaci\u00f3n de soluciones digitales en los \u00e1mbitos de actividad empresarial relacionados con los procesos de gesti\u00f3n empresarial, el posicionamiento en internet y la gesti\u00f3n de redes sociales, el comercio electr\u00f3nico y la seguridad de las comunicaciones.<\/li>\n<li>Implementaci\u00f3n de productos tur\u00edsticos apoyados en tecnolog\u00edas habilitadoras digitales, tales como la utilizaci\u00f3n de la realidad aumentada o virtual para la interpretaci\u00f3n de los recursos culturales y naturales, aplicaciones personalizadas, la ludificaci\u00f3n de la experiencia tur\u00edstica, la geolocalizaci\u00f3n, etc.<\/li>\n<li>Acompa\u00f1amiento a la pyme en el proceso de transformaci\u00f3n digital.\u00a0<\/li>\n<\/ul>\n\t\t\t\t<\/div>\n\t\t\t<\/div>\n\t\t<\/div>\n\t\t\t<div class=\"sow-accordion-panel\n\t\t\t\t\t\"\n\t\t\t\tdata-anchor-id=\"donde-puedo-solicitarlo\">\n\t\t\t\t\t<div class=\"sow-accordion-panel-header-container\" role=\"heading\" aria-level=\"2\">\n\t\t\t\t\t<div class=\"sow-accordion-panel-header\" tabindex=\"0\" role=\"button\" id=\"accordion-label-%c2%bfd%c3%b3nde-puedo-solicitarlo\" aria-controls=\"accordion-content-%c2%bfd%c3%b3nde-puedo-solicitarlo\" aria-expanded=\"false\">\n\t\t\t\t\t\t<div class=\"sow-accordion-title sow-accordion-title-icon-left\">\n\t\t\t\t\t\t\t\t\t\t\t\t\t\t\u00bfD\u00f3nde puedo solicitarlo?\t\t\t\t\t\t\t\t\t\t\t\t\t<\/div>\n\t\t\t\t\t\t<div class=\"sow-accordion-open-close-button\">\n\t\t\t\t\t\t\t<div class=\"sow-accordion-open-button\">\n\t\t\t\t\t\t\t\t<span class=\"sow-icon-ionicons\" data-sow-icon=\"&#xf218;\"\n\t\t \n\t\taria-hidden=\"true\"><\/span>\t\t\t\t\t\t\t<\/div>\n\t\t\t\t\t\t\t<div class=\"sow-accordion-close-button\">\n\t\t\t\t\t\t\t\t<span class=\"sow-icon-ionicons\" data-sow-icon=\"&#xf209;\"\n\t\t \n\t\taria-hidden=\"true\"><\/span>\t\t\t\t\t\t\t<\/div>\n\t\t\t\t\t\t<\/div>\n\t\t\t\t\t<\/div>\n\t\t\t\t<\/div>\n\n\t\t\t<div\n\t\t\t\tclass=\"sow-accordion-panel-content\"\n\t\t\t\trole=\"region\"\n\t\t\t\taria-labelledby=\"accordion-label-%c2%bfd%c3%b3nde-puedo-solicitarlo\"\n\t\t\t\tid=\"accordion-content-%c2%bfd%c3%b3nde-puedo-solicitarlo\"\n\t\t\t\tstyle=\"display: none;\"\t\t\t>\n\t\t\t\t<div class=\"sow-accordion-panel-border\">\n\t\t\t\t\t<p>A trav\u00e9s de la Oficina Virtual de la Junta de Andaluc\u00eda.\u00a0<\/p>\n<p><a href=\"https:\/\/app.elejido.es\/comercio\/wp-content\/uploads\/2024\/03\/BOJA24-059-00019-42243-01_00299108.pdf\">Bases y solicitud<\/a><\/p>\n\t\t\t\t<\/div>\n\t\t\t<\/div>\n\t\t<\/div>\n\t\t\t<div class=\"sow-accordion-panel\n\t\t\t\t\t\"\n\t\t\t\tdata-anchor-id=\"necesitas-mas-informacion\">\n\t\t\t\t\t<div class=\"sow-accordion-panel-header-container\" role=\"heading\" aria-level=\"2\">\n\t\t\t\t\t<div class=\"sow-accordion-panel-header\" tabindex=\"0\" role=\"button\" id=\"accordion-label-%c2%bfnecesitas-m%c3%a1s-informaci%c3%b3n\" aria-controls=\"accordion-content-%c2%bfnecesitas-m%c3%a1s-informaci%c3%b3n\" aria-expanded=\"false\">\n\t\t\t\t\t\t<div class=\"sow-accordion-title sow-accordion-title-icon-left\">\n\t\t\t\t\t\t\t\t\t\t\t\t\t\t\u00bfNecesitas m\u00e1s informaci\u00f3n?\t\t\t\t\t\t\t\t\t\t\t\t\t<\/div>\n\t\t\t\t\t\t<div class=\"sow-accordion-open-close-button\">\n\t\t\t\t\t\t\t<div class=\"sow-accordion-open-button\">\n\t\t\t\t\t\t\t\t<span class=\"sow-icon-ionicons\" data-sow-icon=\"&#xf218;\"\n\t\t \n\t\taria-hidden=\"true\"><\/span>\t\t\t\t\t\t\t<\/div>\n\t\t\t\t\t\t\t<div class=\"sow-accordion-close-button\">\n\t\t\t\t\t\t\t\t<span class=\"sow-icon-ionicons\" data-sow-icon=\"&#xf209;\"\n\t\t \n\t\taria-hidden=\"true\"><\/span>\t\t\t\t\t\t\t<\/div>\n\t\t\t\t\t\t<\/div>\n\t\t\t\t\t<\/div>\n\t\t\t\t<\/div>\n\n\t\t\t<div\n\t\t\t\tclass=\"sow-accordion-panel-content\"\n\t\t\t\trole=\"region\"\n\t\t\t\taria-labelledby=\"accordion-label-%c2%bfnecesitas-m%c3%a1s-informaci%c3%b3n\"\n\t\t\t\tid=\"accordion-content-%c2%bfnecesitas-m%c3%a1s-informaci%c3%b3n\"\n\t\t\t\tstyle=\"display: none;\"\t\t\t>\n\t\t\t\t<div class=\"sow-accordion-panel-border\">\n\t\t\t\t\t<p>Ponte en contacto con nosotros en el 950 54 10 07 o a trav\u00e9s de comercio@elejido.es.\u00a0<\/p>\n\t\t\t\t<\/div>\n\t\t\t<\/div>\n\t\t<\/div>\n\t\t<\/div>\n<\/div>\n<\/div>\n\n\n<div style=\"height:50px\" aria-hidden=\"true\" class=\"wp-block-spacer\"><\/div>\n\n\n\n<h3 class=\"wp-block-heading\">Subvenciones para el Fomento del Trabajo Aut\u00f3nomo &#8211; <em>Junta de Andaluc\u00eda<\/em><\/h3>\n\n\n\n<p>Estado de la convocatoria &gt; <mark style=\"background-color:rgba(0, 0, 0, 0)\" class=\"has-inline-color has-vivid-red-color\">Cerrada<\/mark> \ud83d\ude41 hasta 30\/09\/2024<\/p>\n\n\n<div\n\t\t\t\n\t\t\tclass=\"so-widget-sow-accordion so-widget-sow-accordion-default-42003b6a64f5\"\n\t\t\t\n\t\t><div>\n\t<div class=\"sow-accordion\">\n\t\t\t<div class=\"sow-accordion-panel\n\t\t sow-accordion-panel-open\t\t\t\"\n\t\t\t\tdata-anchor-id=\"de-que-se-trata\">\n\t\t\t\t\t<div class=\"sow-accordion-panel-header-container\" role=\"heading\" aria-level=\"2\">\n\t\t\t\t\t<div class=\"sow-accordion-panel-header\" tabindex=\"0\" role=\"button\" id=\"accordion-label-%c2%bfde-qu%c3%a9-se-trata\" aria-controls=\"accordion-content-%c2%bfde-qu%c3%a9-se-trata\" aria-expanded=\"true\">\n\t\t\t\t\t\t<div class=\"sow-accordion-title sow-accordion-title-icon-left\">\n\t\t\t\t\t\t\t\t\t\t\t\t\t\t\u00bfDe qu\u00e9 se trata?\t\t\t\t\t\t\t\t\t\t\t\t\t<\/div>\n\t\t\t\t\t\t<div class=\"sow-accordion-open-close-button\">\n\t\t\t\t\t\t\t<div class=\"sow-accordion-open-button\">\n\t\t\t\t\t\t\t\t<span class=\"sow-icon-ionicons\" data-sow-icon=\"&#xf218;\"\n\t\t \n\t\taria-hidden=\"true\"><\/span>\t\t\t\t\t\t\t<\/div>\n\t\t\t\t\t\t\t<div class=\"sow-accordion-close-button\">\n\t\t\t\t\t\t\t\t<span class=\"sow-icon-ionicons\" data-sow-icon=\"&#xf209;\"\n\t\t \n\t\taria-hidden=\"true\"><\/span>\t\t\t\t\t\t\t<\/div>\n\t\t\t\t\t\t<\/div>\n\t\t\t\t\t<\/div>\n\t\t\t\t<\/div>\n\n\t\t\t<div\n\t\t\t\tclass=\"sow-accordion-panel-content\"\n\t\t\t\trole=\"region\"\n\t\t\t\taria-labelledby=\"accordion-label-%c2%bfde-qu%c3%a9-se-trata\"\n\t\t\t\tid=\"accordion-content-%c2%bfde-qu%c3%a9-se-trata\"\n\t\t\t\t\t\t\t>\n\t\t\t\t<div class=\"sow-accordion-panel-border\">\n\t\t\t\t\t<p align=\"left\">Se convoca, para los a\u00f1os 2023 y 2024, la concesi\u00f3n de subvenciones de la l\u00ednea 2 regulada en la Orden de 29 de junio de 2023, por la que se aprueban las bases reguladoras para la concesi\u00f3n de subvenciones en r\u00e9gimen de concurrencia no competitiva para el fomento del trabajo aut\u00f3nomo en Andaluc\u00eda.<\/p>\n\t\t\t\t<\/div>\n\t\t\t<\/div>\n\t\t<\/div>\n\t\t\t<div class=\"sow-accordion-panel\n\t\t\t\t\t\"\n\t\t\t\tdata-anchor-id=\"quien-puede-solicitarla\">\n\t\t\t\t\t<div class=\"sow-accordion-panel-header-container\" role=\"heading\" aria-level=\"2\">\n\t\t\t\t\t<div class=\"sow-accordion-panel-header\" tabindex=\"0\" role=\"button\" id=\"accordion-label-%c2%bfqui%c3%a9n-puede-solicitarla\" aria-controls=\"accordion-content-%c2%bfqui%c3%a9n-puede-solicitarla\" aria-expanded=\"false\">\n\t\t\t\t\t\t<div class=\"sow-accordion-title sow-accordion-title-icon-left\">\n\t\t\t\t\t\t\t\t\t\t\t\t\t\t\u00bfQui\u00e9n puede solicitarla?\t\t\t\t\t\t\t\t\t\t\t\t\t<\/div>\n\t\t\t\t\t\t<div class=\"sow-accordion-open-close-button\">\n\t\t\t\t\t\t\t<div class=\"sow-accordion-open-button\">\n\t\t\t\t\t\t\t\t<span class=\"sow-icon-ionicons\" data-sow-icon=\"&#xf218;\"\n\t\t \n\t\taria-hidden=\"true\"><\/span>\t\t\t\t\t\t\t<\/div>\n\t\t\t\t\t\t\t<div class=\"sow-accordion-close-button\">\n\t\t\t\t\t\t\t\t<span class=\"sow-icon-ionicons\" data-sow-icon=\"&#xf209;\"\n\t\t \n\t\taria-hidden=\"true\"><\/span>\t\t\t\t\t\t\t<\/div>\n\t\t\t\t\t\t<\/div>\n\t\t\t\t\t<\/div>\n\t\t\t\t<\/div>\n\n\t\t\t<div\n\t\t\t\tclass=\"sow-accordion-panel-content\"\n\t\t\t\trole=\"region\"\n\t\t\t\taria-labelledby=\"accordion-label-%c2%bfqui%c3%a9n-puede-solicitarla\"\n\t\t\t\tid=\"accordion-content-%c2%bfqui%c3%a9n-puede-solicitarla\"\n\t\t\t\tstyle=\"display: none;\"\t\t\t>\n\t\t\t\t<div class=\"sow-accordion-panel-border\">\n\t\t\t\t\t<p align=\"left\">Las personas trabajadoras por cuenta propia o aut\u00f3nomas, siempre que cumplan los requisitos exigidos en la l\u00ednea de la subvenci\u00f3n (Orden de 29 de junio de 2023), que hayan iniciado su actividad econ\u00f3mica o profesional a partir del 1 de enero de 2023.<\/p>\n<p>A los efectos de la presente orden, se entender\u00e1 por personas trabajadoras por cuenta propia o aut\u00f3nomas las personas f\u00edsicas que realicen de forma habitual, personal, directa, por cuenta propia y fuera del \u00e1mbito de direcci\u00f3n y organizaci\u00f3n de otra persona, una actividad econ\u00f3mica o profesional a t\u00edtulo lucrativo, den o no ocupaci\u00f3n a personas trabajadoras por cuenta ajena.<\/p>\n\t\t\t\t<\/div>\n\t\t\t<\/div>\n\t\t<\/div>\n\t\t\t<div class=\"sow-accordion-panel\n\t\t\t\t\t\"\n\t\t\t\tdata-anchor-id=\"que-gastos-puedo-subvencionar-y-cual-es-el-importe-maximo\">\n\t\t\t\t\t<div class=\"sow-accordion-panel-header-container\" role=\"heading\" aria-level=\"2\">\n\t\t\t\t\t<div class=\"sow-accordion-panel-header\" tabindex=\"0\" role=\"button\" id=\"accordion-label-%c2%bfqu%c3%a9-gastos-puedo-subvencionar-y-cu%c3%a1l-es-el-importe-m%c3%a1ximo\" aria-controls=\"accordion-content-%c2%bfqu%c3%a9-gastos-puedo-subvencionar-y-cu%c3%a1l-es-el-importe-m%c3%a1ximo\" aria-expanded=\"false\">\n\t\t\t\t\t\t<div class=\"sow-accordion-title sow-accordion-title-icon-left\">\n\t\t\t\t\t\t\t\t\t\t\t\t\t\t\u00bfQu\u00e9 gastos puedo subvencionar y cu\u00e1l es el importe m\u00e1ximo?\t\t\t\t\t\t\t\t\t\t\t\t\t<\/div>\n\t\t\t\t\t\t<div class=\"sow-accordion-open-close-button\">\n\t\t\t\t\t\t\t<div class=\"sow-accordion-open-button\">\n\t\t\t\t\t\t\t\t<span class=\"sow-icon-ionicons\" data-sow-icon=\"&#xf218;\"\n\t\t \n\t\taria-hidden=\"true\"><\/span>\t\t\t\t\t\t\t<\/div>\n\t\t\t\t\t\t\t<div class=\"sow-accordion-close-button\">\n\t\t\t\t\t\t\t\t<span class=\"sow-icon-ionicons\" data-sow-icon=\"&#xf209;\"\n\t\t \n\t\taria-hidden=\"true\"><\/span>\t\t\t\t\t\t\t<\/div>\n\t\t\t\t\t\t<\/div>\n\t\t\t\t\t<\/div>\n\t\t\t\t<\/div>\n\n\t\t\t<div\n\t\t\t\tclass=\"sow-accordion-panel-content\"\n\t\t\t\trole=\"region\"\n\t\t\t\taria-labelledby=\"accordion-label-%c2%bfqu%c3%a9-gastos-puedo-subvencionar-y-cu%c3%a1l-es-el-importe-m%c3%a1ximo\"\n\t\t\t\tid=\"accordion-content-%c2%bfqu%c3%a9-gastos-puedo-subvencionar-y-cu%c3%a1l-es-el-importe-m%c3%a1ximo\"\n\t\t\t\tstyle=\"display: none;\"\t\t\t>\n\t\t\t\t<div class=\"sow-accordion-panel-border\">\n\t\t\t\t\t<p align=\"left\">Dentro de la l\u00ednea 2, ser\u00e1n subvencionables las siguientes medidas, atendiendo al colectivo destinatario:<br \/>Medida a): Mujeres trabajadoras aut\u00f3nomas menores de 35 a\u00f1os. (5.000 \u20ac)<br \/>Medida b): Hombres trabajadores aut\u00f3nomos menores de 30 a\u00f1os. (5.000 \u20ac)<br \/>Medida c): Mujeres trabajadoras aut\u00f3nomas de 35 a\u00f1os o m\u00e1s. (3.800 \u20ac)<br \/>Medida d): Hombres trabajadores aut\u00f3nomos de 30 a\u00f1os o m\u00e1s. (3.800 \u20ac)<br \/><strong>NO EXIGE COFINANCIACI\u00d3N<\/strong><\/p>\n\t\t\t\t<\/div>\n\t\t\t<\/div>\n\t\t<\/div>\n\t\t\t<div class=\"sow-accordion-panel\n\t\t\t\t\t\"\n\t\t\t\tdata-anchor-id=\"donde-puedo-solicitarlo\">\n\t\t\t\t\t<div class=\"sow-accordion-panel-header-container\" role=\"heading\" aria-level=\"2\">\n\t\t\t\t\t<div class=\"sow-accordion-panel-header\" tabindex=\"0\" role=\"button\" id=\"accordion-label-%c2%bfd%c3%b3nde-puedo-solicitarlo\" aria-controls=\"accordion-content-%c2%bfd%c3%b3nde-puedo-solicitarlo\" aria-expanded=\"false\">\n\t\t\t\t\t\t<div class=\"sow-accordion-title sow-accordion-title-icon-left\">\n\t\t\t\t\t\t\t\t\t\t\t\t\t\t\u00bfD\u00f3nde puedo solicitarlo?\t\t\t\t\t\t\t\t\t\t\t\t\t<\/div>\n\t\t\t\t\t\t<div class=\"sow-accordion-open-close-button\">\n\t\t\t\t\t\t\t<div class=\"sow-accordion-open-button\">\n\t\t\t\t\t\t\t\t<span class=\"sow-icon-ionicons\" data-sow-icon=\"&#xf218;\"\n\t\t \n\t\taria-hidden=\"true\"><\/span>\t\t\t\t\t\t\t<\/div>\n\t\t\t\t\t\t\t<div class=\"sow-accordion-close-button\">\n\t\t\t\t\t\t\t\t<span class=\"sow-icon-ionicons\" data-sow-icon=\"&#xf209;\"\n\t\t \n\t\taria-hidden=\"true\"><\/span>\t\t\t\t\t\t\t<\/div>\n\t\t\t\t\t\t<\/div>\n\t\t\t\t\t<\/div>\n\t\t\t\t<\/div>\n\n\t\t\t<div\n\t\t\t\tclass=\"sow-accordion-panel-content\"\n\t\t\t\trole=\"region\"\n\t\t\t\taria-labelledby=\"accordion-label-%c2%bfd%c3%b3nde-puedo-solicitarlo\"\n\t\t\t\tid=\"accordion-content-%c2%bfd%c3%b3nde-puedo-solicitarlo\"\n\t\t\t\tstyle=\"display: none;\"\t\t\t>\n\t\t\t\t<div class=\"sow-accordion-panel-border\">\n\t\t\t\t\t<p>Haz clic en el siguiente enlace para acceder a las <a href=\"https:\/\/www.juntadeandalucia.es\/organismos\/empleoempresaytrabajoautonomo\/areas\/trabajo-autonomo\/fomento-trabajo-autonomo\/paginas\/subv-fomento-inicio-actividad.html\">bases y la solicitud<\/a>.<\/p>\n<p><a href=\"https:\/\/www.juntadeandalucia.es\/organismos\/empleoempresaytrabajoautonomo\/areas\/trabajo-autonomo\/fomento-trabajo-autonomo\/paginas\/subv-fomento-inicio-actividad.html\">Bases y solicitud<\/a><\/p>\n\t\t\t\t<\/div>\n\t\t\t<\/div>\n\t\t<\/div>\n\t\t\t<div class=\"sow-accordion-panel\n\t\t\t\t\t\"\n\t\t\t\tdata-anchor-id=\"necesitas-mas-informacion\">\n\t\t\t\t\t<div class=\"sow-accordion-panel-header-container\" role=\"heading\" aria-level=\"2\">\n\t\t\t\t\t<div class=\"sow-accordion-panel-header\" tabindex=\"0\" role=\"button\" id=\"accordion-label-%c2%bfnecesitas-m%c3%a1s-informaci%c3%b3n\" aria-controls=\"accordion-content-%c2%bfnecesitas-m%c3%a1s-informaci%c3%b3n\" aria-expanded=\"false\">\n\t\t\t\t\t\t<div class=\"sow-accordion-title sow-accordion-title-icon-left\">\n\t\t\t\t\t\t\t\t\t\t\t\t\t\t\u00bfNecesitas m\u00e1s informaci\u00f3n?\t\t\t\t\t\t\t\t\t\t\t\t\t<\/div>\n\t\t\t\t\t\t<div class=\"sow-accordion-open-close-button\">\n\t\t\t\t\t\t\t<div class=\"sow-accordion-open-button\">\n\t\t\t\t\t\t\t\t<span class=\"sow-icon-ionicons\" data-sow-icon=\"&#xf218;\"\n\t\t \n\t\taria-hidden=\"true\"><\/span>\t\t\t\t\t\t\t<\/div>\n\t\t\t\t\t\t\t<div class=\"sow-accordion-close-button\">\n\t\t\t\t\t\t\t\t<span class=\"sow-icon-ionicons\" data-sow-icon=\"&#xf209;\"\n\t\t \n\t\taria-hidden=\"true\"><\/span>\t\t\t\t\t\t\t<\/div>\n\t\t\t\t\t\t<\/div>\n\t\t\t\t\t<\/div>\n\t\t\t\t<\/div>\n\n\t\t\t<div\n\t\t\t\tclass=\"sow-accordion-panel-content\"\n\t\t\t\trole=\"region\"\n\t\t\t\taria-labelledby=\"accordion-label-%c2%bfnecesitas-m%c3%a1s-informaci%c3%b3n\"\n\t\t\t\tid=\"accordion-content-%c2%bfnecesitas-m%c3%a1s-informaci%c3%b3n\"\n\t\t\t\tstyle=\"display: none;\"\t\t\t>\n\t\t\t\t<div class=\"sow-accordion-panel-border\">\n\t\t\t\t\t<p>Ponte en contacto con nosotros en el 950 54 10 07 o a trav\u00e9s de comercio@elejido.es.\u00a0<\/p>\n\t\t\t\t<\/div>\n\t\t\t<\/div>\n\t\t<\/div>\n\t\t<\/div>\n<\/div>\n<\/div>\n\n\n<div style=\"height:25px\" aria-hidden=\"true\" class=\"wp-block-spacer\"><\/div>\n\n\n\n<h3 class=\"wp-block-heading\">Programa \u00abAgentes del Cambio\u00bb<\/h3>\n\n\n\n<p>Estado de la convocatoria &gt; <mark style=\"background-color:rgba(0, 0, 0, 0)\" class=\"has-inline-color has-vivid-red-color\">Cerrada<\/mark> \ud83d\ude41 a partir del 25\/04\/2023 hasta agotamiento del cr\u00e9dito<\/p>\n\n\n<div\n\t\t\t\n\t\t\tclass=\"so-widget-sow-accordion so-widget-sow-accordion-default-42003b6a64f5\"\n\t\t\t\n\t\t><div>\n\t<div class=\"sow-accordion\">\n\t\t\t<div class=\"sow-accordion-panel\n\t\t sow-accordion-panel-open\t\t\t\"\n\t\t\t\tdata-anchor-id=\"de-que-se-trata\">\n\t\t\t\t\t<div class=\"sow-accordion-panel-header-container\" role=\"heading\" aria-level=\"2\">\n\t\t\t\t\t<div class=\"sow-accordion-panel-header\" tabindex=\"0\" role=\"button\" id=\"accordion-label-%c2%bfde-qu%c3%a9-se-trata\" aria-controls=\"accordion-content-%c2%bfde-qu%c3%a9-se-trata\" aria-expanded=\"true\">\n\t\t\t\t\t\t<div class=\"sow-accordion-title sow-accordion-title-icon-left\">\n\t\t\t\t\t\t\t\t\t\t\t\t\t\t\u00bfDe qu\u00e9 se trata?\t\t\t\t\t\t\t\t\t\t\t\t\t<\/div>\n\t\t\t\t\t\t<div class=\"sow-accordion-open-close-button\">\n\t\t\t\t\t\t\t<div class=\"sow-accordion-open-button\">\n\t\t\t\t\t\t\t\t<span class=\"sow-icon-ionicons\" data-sow-icon=\"&#xf218;\"\n\t\t \n\t\taria-hidden=\"true\"><\/span>\t\t\t\t\t\t\t<\/div>\n\t\t\t\t\t\t\t<div class=\"sow-accordion-close-button\">\n\t\t\t\t\t\t\t\t<span class=\"sow-icon-ionicons\" data-sow-icon=\"&#xf209;\"\n\t\t \n\t\taria-hidden=\"true\"><\/span>\t\t\t\t\t\t\t<\/div>\n\t\t\t\t\t\t<\/div>\n\t\t\t\t\t<\/div>\n\t\t\t\t<\/div>\n\n\t\t\t<div\n\t\t\t\tclass=\"sow-accordion-panel-content\"\n\t\t\t\trole=\"region\"\n\t\t\t\taria-labelledby=\"accordion-label-%c2%bfde-qu%c3%a9-se-trata\"\n\t\t\t\tid=\"accordion-content-%c2%bfde-qu%c3%a9-se-trata\"\n\t\t\t\t\t\t\t>\n\t\t\t\t<div class=\"sow-accordion-panel-border\">\n\t\t\t\t\t<p align=\"left\">Agentes del Cambio es un Programa de la Secretar\u00eda de Estado de Digitalizaci\u00f3n e Inteligencia Artificial (SEDIA) que va a permitir que, al menos, 15.000 peque\u00f1as y medianas empresas puedan incorporar a un experto para apoyar la transformaci\u00f3n digital de su negocio.<\/p>\n\t\t\t\t<\/div>\n\t\t\t<\/div>\n\t\t<\/div>\n\t\t\t<div class=\"sow-accordion-panel\n\t\t\t\t\t\"\n\t\t\t\tdata-anchor-id=\"quien-puede-solicitarla\">\n\t\t\t\t\t<div class=\"sow-accordion-panel-header-container\" role=\"heading\" aria-level=\"2\">\n\t\t\t\t\t<div class=\"sow-accordion-panel-header\" tabindex=\"0\" role=\"button\" id=\"accordion-label-%c2%bfqui%c3%a9n-puede-solicitarla\" aria-controls=\"accordion-content-%c2%bfqui%c3%a9n-puede-solicitarla\" aria-expanded=\"false\">\n\t\t\t\t\t\t<div class=\"sow-accordion-title sow-accordion-title-icon-left\">\n\t\t\t\t\t\t\t\t\t\t\t\t\t\t\u00bfQui\u00e9n puede solicitarla?\t\t\t\t\t\t\t\t\t\t\t\t\t<\/div>\n\t\t\t\t\t\t<div class=\"sow-accordion-open-close-button\">\n\t\t\t\t\t\t\t<div class=\"sow-accordion-open-button\">\n\t\t\t\t\t\t\t\t<span class=\"sow-icon-ionicons\" data-sow-icon=\"&#xf218;\"\n\t\t \n\t\taria-hidden=\"true\"><\/span>\t\t\t\t\t\t\t<\/div>\n\t\t\t\t\t\t\t<div class=\"sow-accordion-close-button\">\n\t\t\t\t\t\t\t\t<span class=\"sow-icon-ionicons\" data-sow-icon=\"&#xf209;\"\n\t\t \n\t\taria-hidden=\"true\"><\/span>\t\t\t\t\t\t\t<\/div>\n\t\t\t\t\t\t<\/div>\n\t\t\t\t\t<\/div>\n\t\t\t\t<\/div>\n\n\t\t\t<div\n\t\t\t\tclass=\"sow-accordion-panel-content\"\n\t\t\t\trole=\"region\"\n\t\t\t\taria-labelledby=\"accordion-label-%c2%bfqui%c3%a9n-puede-solicitarla\"\n\t\t\t\tid=\"accordion-content-%c2%bfqui%c3%a9n-puede-solicitarla\"\n\t\t\t\tstyle=\"display: none;\"\t\t\t>\n\t\t\t\t<div class=\"sow-accordion-panel-border\">\n\t\t\t\t\t<p align=\"left\">Peque\u00f1as y medianas empresas (entre 10 y 249 trabajadores) de todo el territorio nacional, que tengan inter\u00e9s en mejorar sus procesos de negocio a trav\u00e9s de la Transformaci\u00f3n Digital dise\u00f1ando una hoja de ruta de digitalizaci\u00f3n, as\u00ed como su implementaci\u00f3n.<\/p>\n\t\t\t\t<\/div>\n\t\t\t<\/div>\n\t\t<\/div>\n\t\t\t<div class=\"sow-accordion-panel\n\t\t\t\t\t\"\n\t\t\t\tdata-anchor-id=\"que-gastos-puedo-subvencionar-y-cual-es-el-importe-maximo\">\n\t\t\t\t\t<div class=\"sow-accordion-panel-header-container\" role=\"heading\" aria-level=\"2\">\n\t\t\t\t\t<div class=\"sow-accordion-panel-header\" tabindex=\"0\" role=\"button\" id=\"accordion-label-%c2%bfqu%c3%a9-gastos-puedo-subvencionar-y-cu%c3%a1l-es-el-importe-m%c3%a1ximo\" aria-controls=\"accordion-content-%c2%bfqu%c3%a9-gastos-puedo-subvencionar-y-cu%c3%a1l-es-el-importe-m%c3%a1ximo\" aria-expanded=\"false\">\n\t\t\t\t\t\t<div class=\"sow-accordion-title sow-accordion-title-icon-left\">\n\t\t\t\t\t\t\t\t\t\t\t\t\t\t\u00bfQu\u00e9 gastos puedo subvencionar y cu\u00e1l es el importe m\u00e1ximo?\t\t\t\t\t\t\t\t\t\t\t\t\t<\/div>\n\t\t\t\t\t\t<div class=\"sow-accordion-open-close-button\">\n\t\t\t\t\t\t\t<div class=\"sow-accordion-open-button\">\n\t\t\t\t\t\t\t\t<span class=\"sow-icon-ionicons\" data-sow-icon=\"&#xf218;\"\n\t\t \n\t\taria-hidden=\"true\"><\/span>\t\t\t\t\t\t\t<\/div>\n\t\t\t\t\t\t\t<div class=\"sow-accordion-close-button\">\n\t\t\t\t\t\t\t\t<span class=\"sow-icon-ionicons\" data-sow-icon=\"&#xf209;\"\n\t\t \n\t\taria-hidden=\"true\"><\/span>\t\t\t\t\t\t\t<\/div>\n\t\t\t\t\t\t<\/div>\n\t\t\t\t\t<\/div>\n\t\t\t\t<\/div>\n\n\t\t\t<div\n\t\t\t\tclass=\"sow-accordion-panel-content\"\n\t\t\t\trole=\"region\"\n\t\t\t\taria-labelledby=\"accordion-label-%c2%bfqu%c3%a9-gastos-puedo-subvencionar-y-cu%c3%a1l-es-el-importe-m%c3%a1ximo\"\n\t\t\t\tid=\"accordion-content-%c2%bfqu%c3%a9-gastos-puedo-subvencionar-y-cu%c3%a1l-es-el-importe-m%c3%a1ximo\"\n\t\t\t\tstyle=\"display: none;\"\t\t\t>\n\t\t\t\t<div class=\"sow-accordion-panel-border\">\n\t\t\t\t\t<p align=\"left\">Se subvencionar\u00e1 parcialmente la contrataci\u00f3n de profesionales denominados \u201cAgentes del Cambio\u201d.<br \/>La cuant\u00eda total de la ayuda es de un <strong>m\u00e1ximo de 20.000 euros durante 20 meses consecutivos<\/strong> a contar desde la formalizaci\u00f3n del contrato, siendo el importe m\u00e1ximo mensual de 1.000 euros.<br \/>El beneficiario deber\u00e1 financiar con fondos propios los costes labores del contrato por el importe que sobrepase los l\u00edmites mencionados.<br \/><strong>IMPORTANTE: EXIGE COFINANCIACI\u00d3N<\/strong><\/p>\n\t\t\t\t<\/div>\n\t\t\t<\/div>\n\t\t<\/div>\n\t\t\t<div class=\"sow-accordion-panel\n\t\t\t\t\t\"\n\t\t\t\tdata-anchor-id=\"donde-puedo-solicitarlo\">\n\t\t\t\t\t<div class=\"sow-accordion-panel-header-container\" role=\"heading\" aria-level=\"2\">\n\t\t\t\t\t<div class=\"sow-accordion-panel-header\" tabindex=\"0\" role=\"button\" id=\"accordion-label-%c2%bfd%c3%b3nde-puedo-solicitarlo\" aria-controls=\"accordion-content-%c2%bfd%c3%b3nde-puedo-solicitarlo\" aria-expanded=\"false\">\n\t\t\t\t\t\t<div class=\"sow-accordion-title sow-accordion-title-icon-left\">\n\t\t\t\t\t\t\t\t\t\t\t\t\t\t\u00bfD\u00f3nde puedo solicitarlo?\t\t\t\t\t\t\t\t\t\t\t\t\t<\/div>\n\t\t\t\t\t\t<div class=\"sow-accordion-open-close-button\">\n\t\t\t\t\t\t\t<div class=\"sow-accordion-open-button\">\n\t\t\t\t\t\t\t\t<span class=\"sow-icon-ionicons\" data-sow-icon=\"&#xf218;\"\n\t\t \n\t\taria-hidden=\"true\"><\/span>\t\t\t\t\t\t\t<\/div>\n\t\t\t\t\t\t\t<div class=\"sow-accordion-close-button\">\n\t\t\t\t\t\t\t\t<span class=\"sow-icon-ionicons\" data-sow-icon=\"&#xf209;\"\n\t\t \n\t\taria-hidden=\"true\"><\/span>\t\t\t\t\t\t\t<\/div>\n\t\t\t\t\t\t<\/div>\n\t\t\t\t\t<\/div>\n\t\t\t\t<\/div>\n\n\t\t\t<div\n\t\t\t\tclass=\"sow-accordion-panel-content\"\n\t\t\t\trole=\"region\"\n\t\t\t\taria-labelledby=\"accordion-label-%c2%bfd%c3%b3nde-puedo-solicitarlo\"\n\t\t\t\tid=\"accordion-content-%c2%bfd%c3%b3nde-puedo-solicitarlo\"\n\t\t\t\tstyle=\"display: none;\"\t\t\t>\n\t\t\t\t<div class=\"sow-accordion-panel-border\">\n\t\t\t\t\t<p>Haz clic en el siguiente enlace para acceder a las <a href=\"https:\/\/www.eoi.es\/es\/noticias\/se-abre-la-convocatoria-de-generacion-d-pymes-y-generacion-d-agentes-del-cambio-los-programas-de-formacion-digital-para-las-pequenas-y-medianas-empresas\">bases y la solicitud<\/a>.<\/p>\n<p><a href=\"https:\/\/www.eoi.es\/es\/noticias\/se-abre-la-convocatoria-de-generacion-d-pymes-y-generacion-d-agentes-del-cambio-los-programas-de-formacion-digital-para-las-pequenas-y-medianas-empresas\">Bases y solicitud<\/a><\/p>\n\t\t\t\t<\/div>\n\t\t\t<\/div>\n\t\t<\/div>\n\t\t\t<div class=\"sow-accordion-panel\n\t\t\t\t\t\"\n\t\t\t\tdata-anchor-id=\"necesitas-mas-informacion\">\n\t\t\t\t\t<div class=\"sow-accordion-panel-header-container\" role=\"heading\" aria-level=\"2\">\n\t\t\t\t\t<div class=\"sow-accordion-panel-header\" tabindex=\"0\" role=\"button\" id=\"accordion-label-%c2%bfnecesitas-m%c3%a1s-informaci%c3%b3n\" aria-controls=\"accordion-content-%c2%bfnecesitas-m%c3%a1s-informaci%c3%b3n\" aria-expanded=\"false\">\n\t\t\t\t\t\t<div class=\"sow-accordion-title sow-accordion-title-icon-left\">\n\t\t\t\t\t\t\t\t\t\t\t\t\t\t\u00bfNecesitas m\u00e1s informaci\u00f3n?\t\t\t\t\t\t\t\t\t\t\t\t\t<\/div>\n\t\t\t\t\t\t<div class=\"sow-accordion-open-close-button\">\n\t\t\t\t\t\t\t<div class=\"sow-accordion-open-button\">\n\t\t\t\t\t\t\t\t<span class=\"sow-icon-ionicons\" data-sow-icon=\"&#xf218;\"\n\t\t \n\t\taria-hidden=\"true\"><\/span>\t\t\t\t\t\t\t<\/div>\n\t\t\t\t\t\t\t<div class=\"sow-accordion-close-button\">\n\t\t\t\t\t\t\t\t<span class=\"sow-icon-ionicons\" data-sow-icon=\"&#xf209;\"\n\t\t \n\t\taria-hidden=\"true\"><\/span>\t\t\t\t\t\t\t<\/div>\n\t\t\t\t\t\t<\/div>\n\t\t\t\t\t<\/div>\n\t\t\t\t<\/div>\n\n\t\t\t<div\n\t\t\t\tclass=\"sow-accordion-panel-content\"\n\t\t\t\trole=\"region\"\n\t\t\t\taria-labelledby=\"accordion-label-%c2%bfnecesitas-m%c3%a1s-informaci%c3%b3n\"\n\t\t\t\tid=\"accordion-content-%c2%bfnecesitas-m%c3%a1s-informaci%c3%b3n\"\n\t\t\t\tstyle=\"display: none;\"\t\t\t>\n\t\t\t\t<div class=\"sow-accordion-panel-border\">\n\t\t\t\t\t<p>Ponte en contacto con nosotros en el 950 54 10 07 o a trav\u00e9s de comercio@elejido.es.\u00a0<\/p>\n\t\t\t\t<\/div>\n\t\t\t<\/div>\n\t\t<\/div>\n\t\t<\/div>\n<\/div>\n<\/div>\n\n\n<div style=\"height:25px\" aria-hidden=\"true\" class=\"wp-block-spacer\"><\/div>\n\n\n\n<div style=\"height:50px\" aria-hidden=\"true\" class=\"wp-block-spacer\"><\/div>\n\n\n\n<div style=\"height:25px\" aria-hidden=\"true\" class=\"wp-block-spacer\"><\/div>\n<\/div><\/div>\n\n\n\n<p><\/p>\n","protected":false},"excerpt":{"rendered":"<p>\u00bfNecesitas ayuda para impulsar tu negocio o comenzar un proyecto empresarial? Inf\u00f3rmate de cada una de las subvenciones y ayudas de las que puedes ser beneficiario. Te asesoramos y acompa\u00f1amos en su tramitaci\u00f3n. Subvenciones y ayudas Subvenciones para el fomento del trabajo aut\u00f3nomo. L\u00ednea 2: Inicio de actividad Estado de la convocatoria &gt; Abierta \ud83d\ude42 [&hellip;]<\/p>\n","protected":false},"author":5,"featured_media":22243,"parent":21755,"menu_order":0,"comment_status":"closed","ping_status":"closed","template":"","meta":{"content-type":"","ocean_post_layout":"","ocean_both_sidebars_style":"","ocean_both_sidebars_content_width":0,"ocean_both_sidebars_sidebars_width":0,"ocean_sidebar":"0","ocean_second_sidebar":"0","ocean_disable_margins":"enable","ocean_add_body_class":"","ocean_shortcode_before_top_bar":"","ocean_shortcode_after_top_bar":"","ocean_shortcode_before_header":"","ocean_shortcode_after_header":"","ocean_has_shortcode":"","ocean_shortcode_after_title":"","ocean_shortcode_before_footer_widgets":"","ocean_shortcode_after_footer_widgets":"","ocean_shortcode_before_footer_bottom":"","ocean_shortcode_after_footer_bottom":"","ocean_display_top_bar":"default","ocean_display_header":"default","ocean_header_style":"","ocean_center_header_left_menu":"0","ocean_custom_header_template":"0","ocean_custom_logo":0,"ocean_custom_retina_logo":0,"ocean_custom_logo_max_width":0,"ocean_custom_logo_tablet_max_width":0,"ocean_custom_logo_mobile_max_width":0,"ocean_custom_logo_max_height":0,"ocean_custom_logo_tablet_max_height":0,"ocean_custom_logo_mobile_max_height":0,"ocean_header_custom_menu":"0","ocean_menu_typo_font_family":"0","ocean_menu_typo_font_subset":"","ocean_menu_typo_font_size":0,"ocean_menu_typo_font_size_tablet":0,"ocean_menu_typo_font_size_mobile":0,"ocean_menu_typo_font_size_unit":"px","ocean_menu_typo_font_weight":"","ocean_menu_typo_font_weight_tablet":"","ocean_menu_typo_font_weight_mobile":"","ocean_menu_typo_transform":"","ocean_menu_typo_transform_tablet":"","ocean_menu_typo_transform_mobile":"","ocean_menu_typo_line_height":0,"ocean_menu_typo_line_height_tablet":0,"ocean_menu_typo_line_height_mobile":0,"ocean_menu_typo_line_height_unit":"","ocean_menu_typo_spacing":0,"ocean_menu_typo_spacing_tablet":0,"ocean_menu_typo_spacing_mobile":0,"ocean_menu_typo_spacing_unit":"","ocean_menu_link_color":"","ocean_menu_link_color_hover":"","ocean_menu_link_color_active":"","ocean_menu_link_background":"","ocean_menu_link_hover_background":"","ocean_menu_link_active_background":"","ocean_menu_social_links_bg":"","ocean_menu_social_hover_links_bg":"","ocean_menu_social_links_color":"","ocean_menu_social_hover_links_color":"","ocean_disable_title":"default","ocean_disable_heading":"default","ocean_post_title":"","ocean_post_subheading":"","ocean_post_title_style":"","ocean_post_title_background_color":"","ocean_post_title_background":0,"ocean_post_title_bg_image_position":"","ocean_post_title_bg_image_attachment":"","ocean_post_title_bg_image_repeat":"","ocean_post_title_bg_image_size":"","ocean_post_title_height":0,"ocean_post_title_bg_overlay":0.5,"ocean_post_title_bg_overlay_color":"","ocean_disable_breadcrumbs":"default","ocean_breadcrumbs_color":"","ocean_breadcrumbs_separator_color":"","ocean_breadcrumbs_links_color":"","ocean_breadcrumbs_links_hover_color":"","ocean_display_footer_widgets":"default","ocean_display_footer_bottom":"default","ocean_custom_footer_template":"0","footnotes":""},"class_list":["post-11938","page","type-page","status-publish","has-post-thumbnail","hentry","entry","has-media"],"yoast_head":"<!-- This site is optimized with the Yoast SEO plugin v27.3 - https:\/\/yoast.com\/product\/yoast-seo-wordpress\/ -->\n<title>Subvenciones y ayudas - Comercio de El Ejido<\/title>\n<meta name=\"description\" content=\"\u00bfNecesitas ayuda para impulsar tu negocio o comenzar un proyecto empresarial? Inf\u00f3rmate de cada una de las subvenciones y ayudas .\" \/>\n<meta name=\"robots\" content=\"index, follow, max-snippet:-1, max-image-preview:large, max-video-preview:-1\" \/>\n<link rel=\"canonical\" href=\"https:\/\/elejido.es\/comercio\/index.php\/info-util\/subvenciones-y-ayudas\/\" \/>\n<meta property=\"og:locale\" content=\"es_ES\" \/>\n<meta property=\"og:type\" content=\"article\" \/>\n<meta property=\"og:title\" content=\"Subvenciones y ayudas - Comercio de El Ejido\" \/>\n<meta property=\"og:description\" content=\"\u00bfNecesitas ayuda para impulsar tu negocio o comenzar un proyecto empresarial? Inf\u00f3rmate de cada una de las subvenciones y ayudas .\" \/>\n<meta property=\"og:url\" content=\"https:\/\/elejido.es\/comercio\/index.php\/info-util\/subvenciones-y-ayudas\/\" \/>\n<meta property=\"og:site_name\" content=\"Comercio de El Ejido\" \/>\n<meta property=\"article:modified_time\" content=\"2025-09-10T10:22:02+00:00\" \/>\n<meta property=\"og:image\" content=\"https:\/\/elejido.es\/comercio\/wp-content\/uploads\/2023\/10\/Subvenciones.png\" \/>\n\t<meta property=\"og:image:width\" content=\"500\" \/>\n\t<meta property=\"og:image:height\" content=\"500\" \/>\n\t<meta property=\"og:image:type\" content=\"image\/png\" \/>\n<meta name=\"twitter:card\" content=\"summary_large_image\" \/>\n<meta name=\"twitter:label1\" content=\"Tiempo de lectura\" \/>\n\t<meta name=\"twitter:data1\" content=\"2 minutos\" \/>\n<script type=\"application\/ld+json\" class=\"yoast-schema-graph\">{\"@context\":\"https:\\\/\\\/schema.org\",\"@graph\":[{\"@type\":\"WebPage\",\"@id\":\"https:\\\/\\\/elejido.es\\\/comercio\\\/index.php\\\/info-util\\\/subvenciones-y-ayudas\\\/\",\"url\":\"https:\\\/\\\/elejido.es\\\/comercio\\\/index.php\\\/info-util\\\/subvenciones-y-ayudas\\\/\",\"name\":\"Subvenciones y ayudas - Comercio de El Ejido\",\"isPartOf\":{\"@id\":\"https:\\\/\\\/elejido.es\\\/comercio\\\/#website\"},\"primaryImageOfPage\":{\"@id\":\"https:\\\/\\\/elejido.es\\\/comercio\\\/index.php\\\/info-util\\\/subvenciones-y-ayudas\\\/#primaryimage\"},\"image\":{\"@id\":\"https:\\\/\\\/elejido.es\\\/comercio\\\/index.php\\\/info-util\\\/subvenciones-y-ayudas\\\/#primaryimage\"},\"thumbnailUrl\":\"https:\\\/\\\/elejido.es\\\/comercio\\\/wp-content\\\/uploads\\\/2023\\\/10\\\/Subvenciones.png\",\"datePublished\":\"2021-05-10T11:30:20+00:00\",\"dateModified\":\"2025-09-10T10:22:02+00:00\",\"description\":\"\u00bfNecesitas ayuda para impulsar tu negocio o comenzar un proyecto empresarial? Inf\u00f3rmate de cada una de las subvenciones y ayudas .\",\"breadcrumb\":{\"@id\":\"https:\\\/\\\/elejido.es\\\/comercio\\\/index.php\\\/info-util\\\/subvenciones-y-ayudas\\\/#breadcrumb\"},\"inLanguage\":\"es\",\"potentialAction\":[{\"@type\":\"ReadAction\",\"target\":[\"https:\\\/\\\/elejido.es\\\/comercio\\\/index.php\\\/info-util\\\/subvenciones-y-ayudas\\\/\"]}]},{\"@type\":\"ImageObject\",\"inLanguage\":\"es\",\"@id\":\"https:\\\/\\\/elejido.es\\\/comercio\\\/index.php\\\/info-util\\\/subvenciones-y-ayudas\\\/#primaryimage\",\"url\":\"https:\\\/\\\/elejido.es\\\/comercio\\\/wp-content\\\/uploads\\\/2023\\\/10\\\/Subvenciones.png\",\"contentUrl\":\"https:\\\/\\\/elejido.es\\\/comercio\\\/wp-content\\\/uploads\\\/2023\\\/10\\\/Subvenciones.png\",\"width\":500,\"height\":500},{\"@type\":\"BreadcrumbList\",\"@id\":\"https:\\\/\\\/elejido.es\\\/comercio\\\/index.php\\\/info-util\\\/subvenciones-y-ayudas\\\/#breadcrumb\",\"itemListElement\":[{\"@type\":\"ListItem\",\"position\":1,\"name\":\"Info \u00fatil\",\"item\":\"https:\\\/\\\/elejido.es\\\/comercio\\\/index.php\\\/info-util\\\/\"},{\"@type\":\"ListItem\",\"position\":2,\"name\":\"Subvenciones y ayudas\"}]},{\"@type\":\"WebSite\",\"@id\":\"https:\\\/\\\/elejido.es\\\/comercio\\\/#website\",\"url\":\"https:\\\/\\\/elejido.es\\\/comercio\\\/\",\"name\":\"Comercio de El Ejido\",\"description\":\"P\u00e1gina oficial del \u00c1rea de Comercio del Ayuntamiento de El Ejido. Apoyamos al comercio local. Informaci\u00f3n sobre cursos para profesionales, subvenciones y mucho m\u00e1s. \",\"publisher\":{\"@id\":\"https:\\\/\\\/elejido.es\\\/comercio\\\/#organization\"},\"potentialAction\":[{\"@type\":\"SearchAction\",\"target\":{\"@type\":\"EntryPoint\",\"urlTemplate\":\"https:\\\/\\\/elejido.es\\\/comercio\\\/?s={search_term_string}\"},\"query-input\":{\"@type\":\"PropertyValueSpecification\",\"valueRequired\":true,\"valueName\":\"search_term_string\"}}],\"inLanguage\":\"es\"},{\"@type\":\"Organization\",\"@id\":\"https:\\\/\\\/elejido.es\\\/comercio\\\/#organization\",\"name\":\"Comercio de El Ejido\",\"url\":\"https:\\\/\\\/elejido.es\\\/comercio\\\/\",\"logo\":{\"@type\":\"ImageObject\",\"inLanguage\":\"es\",\"@id\":\"https:\\\/\\\/elejido.es\\\/comercio\\\/#\\\/schema\\\/logo\\\/image\\\/\",\"url\":\"https:\\\/\\\/elejido.es\\\/comercio\\\/wp-content\\\/uploads\\\/2023\\\/08\\\/unnamed.jpg\",\"contentUrl\":\"https:\\\/\\\/elejido.es\\\/comercio\\\/wp-content\\\/uploads\\\/2023\\\/08\\\/unnamed.jpg\",\"width\":512,\"height\":260,\"caption\":\"Comercio de El Ejido\"},\"image\":{\"@id\":\"https:\\\/\\\/elejido.es\\\/comercio\\\/#\\\/schema\\\/logo\\\/image\\\/\"}}]}<\/script>\n<!-- \/ Yoast SEO plugin. -->","yoast_head_json":{"title":"Subvenciones y ayudas - Comercio de El Ejido","description":"\u00bfNecesitas ayuda para impulsar tu negocio o comenzar un proyecto empresarial? Inf\u00f3rmate de cada una de las subvenciones y ayudas .","robots":{"index":"index","follow":"follow","max-snippet":"max-snippet:-1","max-image-preview":"max-image-preview:large","max-video-preview":"max-video-preview:-1"},"canonical":"https:\/\/elejido.es\/comercio\/index.php\/info-util\/subvenciones-y-ayudas\/","og_locale":"es_ES","og_type":"article","og_title":"Subvenciones y ayudas - Comercio de El Ejido","og_description":"\u00bfNecesitas ayuda para impulsar tu negocio o comenzar un proyecto empresarial? Inf\u00f3rmate de cada una de las subvenciones y ayudas .","og_url":"https:\/\/elejido.es\/comercio\/index.php\/info-util\/subvenciones-y-ayudas\/","og_site_name":"Comercio de El Ejido","article_modified_time":"2025-09-10T10:22:02+00:00","og_image":[{"width":500,"height":500,"url":"https:\/\/elejido.es\/comercio\/wp-content\/uploads\/2023\/10\/Subvenciones.png","type":"image\/png"}],"twitter_card":"summary_large_image","twitter_misc":{"Tiempo de lectura":"2 minutos"},"schema":{"@context":"https:\/\/schema.org","@graph":[{"@type":"WebPage","@id":"https:\/\/elejido.es\/comercio\/index.php\/info-util\/subvenciones-y-ayudas\/","url":"https:\/\/elejido.es\/comercio\/index.php\/info-util\/subvenciones-y-ayudas\/","name":"Subvenciones y ayudas - Comercio de El Ejido","isPartOf":{"@id":"https:\/\/elejido.es\/comercio\/#website"},"primaryImageOfPage":{"@id":"https:\/\/elejido.es\/comercio\/index.php\/info-util\/subvenciones-y-ayudas\/#primaryimage"},"image":{"@id":"https:\/\/elejido.es\/comercio\/index.php\/info-util\/subvenciones-y-ayudas\/#primaryimage"},"thumbnailUrl":"https:\/\/elejido.es\/comercio\/wp-content\/uploads\/2023\/10\/Subvenciones.png","datePublished":"2021-05-10T11:30:20+00:00","dateModified":"2025-09-10T10:22:02+00:00","description":"\u00bfNecesitas ayuda para impulsar tu negocio o comenzar un proyecto empresarial? Inf\u00f3rmate de cada una de las subvenciones y ayudas .","breadcrumb":{"@id":"https:\/\/elejido.es\/comercio\/index.php\/info-util\/subvenciones-y-ayudas\/#breadcrumb"},"inLanguage":"es","potentialAction":[{"@type":"ReadAction","target":["https:\/\/elejido.es\/comercio\/index.php\/info-util\/subvenciones-y-ayudas\/"]}]},{"@type":"ImageObject","inLanguage":"es","@id":"https:\/\/elejido.es\/comercio\/index.php\/info-util\/subvenciones-y-ayudas\/#primaryimage","url":"https:\/\/elejido.es\/comercio\/wp-content\/uploads\/2023\/10\/Subvenciones.png","contentUrl":"https:\/\/elejido.es\/comercio\/wp-content\/uploads\/2023\/10\/Subvenciones.png","width":500,"height":500},{"@type":"BreadcrumbList","@id":"https:\/\/elejido.es\/comercio\/index.php\/info-util\/subvenciones-y-ayudas\/#breadcrumb","itemListElement":[{"@type":"ListItem","position":1,"name":"Info \u00fatil","item":"https:\/\/elejido.es\/comercio\/index.php\/info-util\/"},{"@type":"ListItem","position":2,"name":"Subvenciones y ayudas"}]},{"@type":"WebSite","@id":"https:\/\/elejido.es\/comercio\/#website","url":"https:\/\/elejido.es\/comercio\/","name":"Comercio de El Ejido","description":"P\u00e1gina oficial del \u00c1rea de Comercio del Ayuntamiento de El Ejido. Apoyamos al comercio local. Informaci\u00f3n sobre cursos para profesionales, subvenciones y mucho m\u00e1s. ","publisher":{"@id":"https:\/\/elejido.es\/comercio\/#organization"},"potentialAction":[{"@type":"SearchAction","target":{"@type":"EntryPoint","urlTemplate":"https:\/\/elejido.es\/comercio\/?s={search_term_string}"},"query-input":{"@type":"PropertyValueSpecification","valueRequired":true,"valueName":"search_term_string"}}],"inLanguage":"es"},{"@type":"Organization","@id":"https:\/\/elejido.es\/comercio\/#organization","name":"Comercio de El Ejido","url":"https:\/\/elejido.es\/comercio\/","logo":{"@type":"ImageObject","inLanguage":"es","@id":"https:\/\/elejido.es\/comercio\/#\/schema\/logo\/image\/","url":"https:\/\/elejido.es\/comercio\/wp-content\/uploads\/2023\/08\/unnamed.jpg","contentUrl":"https:\/\/elejido.es\/comercio\/wp-content\/uploads\/2023\/08\/unnamed.jpg","width":512,"height":260,"caption":"Comercio de El Ejido"},"image":{"@id":"https:\/\/elejido.es\/comercio\/#\/schema\/logo\/image\/"}}]}},"_links":{"self":[{"href":"https:\/\/elejido.es\/comercio\/index.php\/wp-json\/wp\/v2\/pages\/11938","targetHints":{"allow":["GET"]}}],"collection":[{"href":"https:\/\/elejido.es\/comercio\/index.php\/wp-json\/wp\/v2\/pages"}],"about":[{"href":"https:\/\/elejido.es\/comercio\/index.php\/wp-json\/wp\/v2\/types\/page"}],"author":[{"embeddable":true,"href":"https:\/\/elejido.es\/comercio\/index.php\/wp-json\/wp\/v2\/users\/5"}],"replies":[{"embeddable":true,"href":"https:\/\/elejido.es\/comercio\/index.php\/wp-json\/wp\/v2\/comments?post=11938"}],"version-history":[{"count":62,"href":"https:\/\/elejido.es\/comercio\/index.php\/wp-json\/wp\/v2\/pages\/11938\/revisions"}],"predecessor-version":[{"id":23103,"href":"https:\/\/elejido.es\/comercio\/index.php\/wp-json\/wp\/v2\/pages\/11938\/revisions\/23103"}],"up":[{"embeddable":true,"href":"https:\/\/elejido.es\/comercio\/index.php\/wp-json\/wp\/v2\/pages\/21755"}],"wp:featuredmedia":[{"embeddable":true,"href":"https:\/\/elejido.es\/comercio\/index.php\/wp-json\/wp\/v2\/media\/22243"}],"wp:attachment":[{"href":"https:\/\/elejido.es\/comercio\/index.php\/wp-json\/wp\/v2\/media?parent=11938"}],"curies":[{"name":"wp","href":"https:\/\/api.w.org\/{rel}","templated":true}]}}