{"id":1675,"date":"2020-12-15T12:43:30","date_gmt":"2020-12-15T11:43:30","guid":{"rendered":"http:\/\/localhost\/wordpress\/?page_id=1675"},"modified":"2025-02-06T13:25:34","modified_gmt":"2025-02-06T12:25:34","slug":"emprende","status":"publish","type":"page","link":"https:\/\/elejido.es\/comercio\/index.php\/asesoramiento\/emprende\/","title":{"rendered":"Emprende"},"content":{"rendered":"\n<div style=\"height:25px\" aria-hidden=\"true\" class=\"wp-block-spacer\"><\/div>\n\n\n\n<figure class=\"wp-block-image size-full\"><img loading=\"lazy\" decoding=\"async\" width=\"1200\" height=\"400\" src=\"https:\/\/app.elejido.es\/comercio\/wp-content\/uploads\/2023\/08\/emprender.png\" alt=\"\" class=\"wp-image-21897\" srcset=\"https:\/\/elejido.es\/comercio\/wp-content\/uploads\/2023\/08\/emprender.png 1200w, https:\/\/elejido.es\/comercio\/wp-content\/uploads\/2023\/08\/emprender-500x167.png 500w, https:\/\/elejido.es\/comercio\/wp-content\/uploads\/2023\/08\/emprender-768x256.png 768w, https:\/\/elejido.es\/comercio\/wp-content\/uploads\/2023\/08\/emprender-800x267.png 800w\" sizes=\"auto, (max-width: 1200px) 100vw, 1200px\" \/><\/figure>\n\n\n\n<div class=\"wp-block-group container\"><div class=\"wp-block-group__inner-container is-layout-flow wp-block-group-is-layout-flow\"><div class=\"breadcrumbs align  wp-block-bcn-breadcrumb-trail has-text-color has-background\" vocab=\"https:\/\/schema.org\/\" typeof=\"BreadcrumbList\">\n\t<span><\/span>\n\t<span property=\"itemListElement\" typeof=\"ListItem\"><a property=\"item\" typeof=\"WebPage\" title=\"Ir a Comercio de El Ejido.\" href=\"https:\/\/elejido.es\/comercio\" class=\"home\" aria-current=\"page\"><span property=\"name\">Comercio de El Ejido<\/span><\/a><meta property=\"position\" content=\"1\"><\/span><\/div>\n\n\n\n<div style=\"height:50px\" aria-hidden=\"true\" class=\"wp-block-spacer\"><\/div>\n\n\n\n<h2 class=\"has-text-align-left animated zoomIn duration1 eds-on-scroll has-black-color has-text-color wp-block-heading\">Emprende<\/h2>\n\n\n\n<p class=\"has-text-align-left\">\u00bfTienes una idea y est\u00e1s pensando en emprender en tu propio negocio? Aunque emprender un negocio resulta un proceso ilusionante, debemos tener en cuenta que tambi\u00e9n puede convertirse en una cuesti\u00f3n complicada. Nuevos retos profesionales, m\u00faltiples dudas y la necesidad de tomar una gran cantidad de decisiones. Por esta raz\u00f3n, si est\u00e1s pensando en emprender, contar con asesoramiento profesional es fundamental, tanto en los pasos previos, como en el crecimiento de tu negocio.<\/p>\n\n\n\n<div style=\"height:50px\" aria-hidden=\"true\" class=\"wp-block-spacer\"><\/div>\n\n\n\n<p><strong>\u00a1Queremos ayudarte a emprender!<\/strong><\/p>\n\n\n\n<p>Te podemos ayudar con el asesoramiento que necesita tu negocio en los temas fundamentales como: <\/p>\n\n\n\n<ul class=\"wp-block-list\">\n<li>Plan de viabilidad.<\/li>\n\n\n\n<li>Informaci\u00f3n sobre tr\u00e1mites laborales\/fiscales.<\/li>\n\n\n\n<li>Fuentes de financiaci\u00f3n y ayudas.<\/li>\n\n\n\n<li>Planes espec\u00edficos de formaci\u00f3n para emprendedores\/as. <\/li>\n<\/ul>\n\n\n\n<p>\u00a1No lo dudes y ponte en contacto con nosotros! De este modo, podr\u00e1s recibir la ayuda que necesitas con los numerosos tr\u00e1mites que debes realizar antes de iniciar la actividad. Ll\u00e1manos al 950 541 007. <\/p>\n<\/div><\/div>\n\n\n\n<div class=\"wp-block-group container\"><div class=\"wp-block-group__inner-container is-layout-flow wp-block-group-is-layout-flow\">\n<div style=\"height:25px\" aria-hidden=\"true\" class=\"wp-block-spacer\"><\/div>\n\n\n\n<h2 class=\"wp-block-heading\">Ayudas para emprendores<\/h2>\n\n\n\n<h3 class=\"wp-block-heading\">Kit Digital &#8211; <em>Gobierno de Espa\u00f1a<\/em><\/h3>\n\n\n\n<p>Estado de la convocatoria &gt; <mark style=\"background-color:rgba(0, 0, 0, 0);color:#35a64c\" class=\"has-inline-color\">Abierta<\/mark> \ud83d\ude42 hasta <\/p>\n\n\n<div\n\t\t\t\n\t\t\tclass=\"so-widget-sow-accordion so-widget-sow-accordion-default-42003b6a64f5\"\n\t\t\t\n\t\t><div>\n\t<div class=\"sow-accordion\">\n\t\t\t<div class=\"sow-accordion-panel\n\t\t sow-accordion-panel-open\t\t\t\"\n\t\t\t\tdata-anchor-id=\"cual-es-el-objetivo\">\n\t\t\t\t\t<div class=\"sow-accordion-panel-header-container\" role=\"heading\" aria-level=\"2\">\n\t\t\t\t\t<div class=\"sow-accordion-panel-header\" tabindex=\"0\" role=\"button\" id=\"accordion-label-%c2%bfcu%c3%a1l-es-el-objetivo\" aria-controls=\"accordion-content-%c2%bfcu%c3%a1l-es-el-objetivo\" aria-expanded=\"true\">\n\t\t\t\t\t\t<div class=\"sow-accordion-title sow-accordion-title-icon-left\">\n\t\t\t\t\t\t\t\t\t\t\t\t\t\t\u00bfCu\u00e1l es el objetivo?\t\t\t\t\t\t\t\t\t\t\t\t\t<\/div>\n\t\t\t\t\t\t<div class=\"sow-accordion-open-close-button\">\n\t\t\t\t\t\t\t<div class=\"sow-accordion-open-button\">\n\t\t\t\t\t\t\t\t<span class=\"sow-icon-ionicons\" data-sow-icon=\"&#xf218;\"\n\t\t \n\t\taria-hidden=\"true\"><\/span>\t\t\t\t\t\t\t<\/div>\n\t\t\t\t\t\t\t<div class=\"sow-accordion-close-button\">\n\t\t\t\t\t\t\t\t<span class=\"sow-icon-ionicons\" data-sow-icon=\"&#xf209;\"\n\t\t \n\t\taria-hidden=\"true\"><\/span>\t\t\t\t\t\t\t<\/div>\n\t\t\t\t\t\t<\/div>\n\t\t\t\t\t<\/div>\n\t\t\t\t<\/div>\n\n\t\t\t<div\n\t\t\t\tclass=\"sow-accordion-panel-content\"\n\t\t\t\trole=\"region\"\n\t\t\t\taria-labelledby=\"accordion-label-%c2%bfcu%c3%a1l-es-el-objetivo\"\n\t\t\t\tid=\"accordion-content-%c2%bfcu%c3%a1l-es-el-objetivo\"\n\t\t\t\t\t\t\t>\n\t\t\t\t<div class=\"sow-accordion-panel-border\">\n\t\t\t\t\t<p align=\"left\"><strong>Kit Digital <\/strong>es una iniciativa del Gobierno de Espa\u00f1a<strong>,<\/strong>\u00a0cuyo objetivo es subvencionar la implantaci\u00f3n de soluciones digitales disponibles en el mercado para conseguir un avance significativo en el nivel de madurez digital.<\/p>\n\t\t\t\t<\/div>\n\t\t\t<\/div>\n\t\t<\/div>\n\t\t\t<div class=\"sow-accordion-panel\n\t\t\t\t\t\"\n\t\t\t\tdata-anchor-id=\"quien-puede-solicitarla\">\n\t\t\t\t\t<div class=\"sow-accordion-panel-header-container\" role=\"heading\" aria-level=\"2\">\n\t\t\t\t\t<div class=\"sow-accordion-panel-header\" tabindex=\"0\" role=\"button\" id=\"accordion-label-%c2%bfqui%c3%a9n-puede-solicitarla\" aria-controls=\"accordion-content-%c2%bfqui%c3%a9n-puede-solicitarla\" aria-expanded=\"false\">\n\t\t\t\t\t\t<div class=\"sow-accordion-title sow-accordion-title-icon-left\">\n\t\t\t\t\t\t\t\t\t\t\t\t\t\t\u00bfQui\u00e9n puede solicitarla?\t\t\t\t\t\t\t\t\t\t\t\t\t<\/div>\n\t\t\t\t\t\t<div class=\"sow-accordion-open-close-button\">\n\t\t\t\t\t\t\t<div class=\"sow-accordion-open-button\">\n\t\t\t\t\t\t\t\t<span class=\"sow-icon-ionicons\" data-sow-icon=\"&#xf218;\"\n\t\t \n\t\taria-hidden=\"true\"><\/span>\t\t\t\t\t\t\t<\/div>\n\t\t\t\t\t\t\t<div class=\"sow-accordion-close-button\">\n\t\t\t\t\t\t\t\t<span class=\"sow-icon-ionicons\" data-sow-icon=\"&#xf209;\"\n\t\t \n\t\taria-hidden=\"true\"><\/span>\t\t\t\t\t\t\t<\/div>\n\t\t\t\t\t\t<\/div>\n\t\t\t\t\t<\/div>\n\t\t\t\t<\/div>\n\n\t\t\t<div\n\t\t\t\tclass=\"sow-accordion-panel-content\"\n\t\t\t\trole=\"region\"\n\t\t\t\taria-labelledby=\"accordion-label-%c2%bfqui%c3%a9n-puede-solicitarla\"\n\t\t\t\tid=\"accordion-content-%c2%bfqui%c3%a9n-puede-solicitarla\"\n\t\t\t\tstyle=\"display: none;\"\t\t\t>\n\t\t\t\t<div class=\"sow-accordion-panel-border\">\n\t\t\t\t\t<p align=\"left\">Las soluciones digitales que proporciona el Kit Digital est\u00e1n orientadas a las necesidades de las peque\u00f1as empresas, microempresas y trabajadores aut\u00f3nomos, que pertenezcan a cualquier sector o tipolog\u00eda de negocio.<\/p>\n\t\t\t\t<\/div>\n\t\t\t<\/div>\n\t\t<\/div>\n\t\t\t<div class=\"sow-accordion-panel\n\t\t\t\t\t\"\n\t\t\t\tdata-anchor-id=\"que-requisitos-tengo-que-cumplir\">\n\t\t\t\t\t<div class=\"sow-accordion-panel-header-container\" role=\"heading\" aria-level=\"2\">\n\t\t\t\t\t<div class=\"sow-accordion-panel-header\" tabindex=\"0\" role=\"button\" id=\"accordion-label-%c2%bfqu%c3%a9-requisitos-tengo-que-cumplir\" aria-controls=\"accordion-content-%c2%bfqu%c3%a9-requisitos-tengo-que-cumplir\" aria-expanded=\"false\">\n\t\t\t\t\t\t<div class=\"sow-accordion-title sow-accordion-title-icon-left\">\n\t\t\t\t\t\t\t\t\t\t\t\t\t\t\u00bfQu\u00e9 requisitos tengo que cumplir?\t\t\t\t\t\t\t\t\t\t\t\t\t<\/div>\n\t\t\t\t\t\t<div class=\"sow-accordion-open-close-button\">\n\t\t\t\t\t\t\t<div class=\"sow-accordion-open-button\">\n\t\t\t\t\t\t\t\t<span class=\"sow-icon-ionicons\" data-sow-icon=\"&#xf218;\"\n\t\t \n\t\taria-hidden=\"true\"><\/span>\t\t\t\t\t\t\t<\/div>\n\t\t\t\t\t\t\t<div class=\"sow-accordion-close-button\">\n\t\t\t\t\t\t\t\t<span class=\"sow-icon-ionicons\" data-sow-icon=\"&#xf209;\"\n\t\t \n\t\taria-hidden=\"true\"><\/span>\t\t\t\t\t\t\t<\/div>\n\t\t\t\t\t\t<\/div>\n\t\t\t\t\t<\/div>\n\t\t\t\t<\/div>\n\n\t\t\t<div\n\t\t\t\tclass=\"sow-accordion-panel-content\"\n\t\t\t\trole=\"region\"\n\t\t\t\taria-labelledby=\"accordion-label-%c2%bfqu%c3%a9-requisitos-tengo-que-cumplir\"\n\t\t\t\tid=\"accordion-content-%c2%bfqu%c3%a9-requisitos-tengo-que-cumplir\"\n\t\t\t\tstyle=\"display: none;\"\t\t\t>\n\t\t\t\t<div class=\"sow-accordion-panel-border\">\n\t\t\t\t\t<ul>\n<li>Ser una peque\u00f1a empresa, microempresa o aut\u00f3nomo.<\/li>\n<li>Cumplir los l\u00edmites financieros y efectivos que definen las categor\u00edas de empresas.<\/li>\n<li>Estar en situaci\u00f3n de alta y tener la antig\u00fcedad m\u00ednima que se establece por convocatoria.<\/li>\n<li>No tener consideraci\u00f3n de empresa en crisis.<\/li>\n<li>Estar al corriente de las obligaciones tributarias y frente a la Seguridad Social.<\/li>\n<li>No estar sujeta a una orden de recuperaci\u00f3n pendiente de la Comisi\u00f3n Europea que haya declarado una ayuda ilegal e incompatible con el mercado com\u00fan.<\/li>\n<li>No incurrir en ninguna de las prohibiciones previstas en el art\u00edculo 13.2 de la Ley 38\/2003, de 17 de noviembre, General de Subvenciones.<\/li>\n<li>No superar el l\u00edmite de ayudas <em>minimis (de cuant\u00eda peque\u00f1a)<\/em><\/li>\n<\/ul>\n\t\t\t\t<\/div>\n\t\t\t<\/div>\n\t\t<\/div>\n\t\t\t<div class=\"sow-accordion-panel\n\t\t\t\t\t\"\n\t\t\t\tdata-anchor-id=\"que-gastos-son-subvencionables-y-cual-es-el-importe-maximo\">\n\t\t\t\t\t<div class=\"sow-accordion-panel-header-container\" role=\"heading\" aria-level=\"2\">\n\t\t\t\t\t<div class=\"sow-accordion-panel-header\" tabindex=\"0\" role=\"button\" id=\"accordion-label-%c2%bfqu%c3%a9-gastos-son-subvencionables-y-cu%c3%a1l-es-el-importe-m%c3%a1ximo\" aria-controls=\"accordion-content-%c2%bfqu%c3%a9-gastos-son-subvencionables-y-cu%c3%a1l-es-el-importe-m%c3%a1ximo\" aria-expanded=\"false\">\n\t\t\t\t\t\t<div class=\"sow-accordion-title sow-accordion-title-icon-left\">\n\t\t\t\t\t\t\t\t\t\t\t\t\t\t\u00bfQu\u00e9 gastos son subvencionables y cu\u00e1l es el importe m\u00e1ximo?\t\t\t\t\t\t\t\t\t\t\t\t\t<\/div>\n\t\t\t\t\t\t<div class=\"sow-accordion-open-close-button\">\n\t\t\t\t\t\t\t<div class=\"sow-accordion-open-button\">\n\t\t\t\t\t\t\t\t<span class=\"sow-icon-ionicons\" data-sow-icon=\"&#xf218;\"\n\t\t \n\t\taria-hidden=\"true\"><\/span>\t\t\t\t\t\t\t<\/div>\n\t\t\t\t\t\t\t<div class=\"sow-accordion-close-button\">\n\t\t\t\t\t\t\t\t<span class=\"sow-icon-ionicons\" data-sow-icon=\"&#xf209;\"\n\t\t \n\t\taria-hidden=\"true\"><\/span>\t\t\t\t\t\t\t<\/div>\n\t\t\t\t\t\t<\/div>\n\t\t\t\t\t<\/div>\n\t\t\t\t<\/div>\n\n\t\t\t<div\n\t\t\t\tclass=\"sow-accordion-panel-content\"\n\t\t\t\trole=\"region\"\n\t\t\t\taria-labelledby=\"accordion-label-%c2%bfqu%c3%a9-gastos-son-subvencionables-y-cu%c3%a1l-es-el-importe-m%c3%a1ximo\"\n\t\t\t\tid=\"accordion-content-%c2%bfqu%c3%a9-gastos-son-subvencionables-y-cu%c3%a1l-es-el-importe-m%c3%a1ximo\"\n\t\t\t\tstyle=\"display: none;\"\t\t\t>\n\t\t\t\t<div class=\"sow-accordion-panel-border\">\n\t\t\t\t\t<p align=\"left\">Lorem ipsum dolor sit amet, consectetur adipiscing elit. Vestibulum rhoncus venenatis elementum. Curabitur vestibulum velit ac metus maximus tempo<\/p>\n\t\t\t\t<\/div>\n\t\t\t<\/div>\n\t\t<\/div>\n\t\t\t<div class=\"sow-accordion-panel\n\t\t\t\t\t\"\n\t\t\t\tdata-anchor-id=\"donde-puedo-solicitarlo\">\n\t\t\t\t\t<div class=\"sow-accordion-panel-header-container\" role=\"heading\" aria-level=\"2\">\n\t\t\t\t\t<div class=\"sow-accordion-panel-header\" tabindex=\"0\" role=\"button\" id=\"accordion-label-%c2%bfd%c3%b3nde-puedo-solicitarlo\" aria-controls=\"accordion-content-%c2%bfd%c3%b3nde-puedo-solicitarlo\" aria-expanded=\"false\">\n\t\t\t\t\t\t<div class=\"sow-accordion-title sow-accordion-title-icon-left\">\n\t\t\t\t\t\t\t\t\t\t\t\t\t\t\u00bfD\u00f3nde puedo solicitarlo?\t\t\t\t\t\t\t\t\t\t\t\t\t<\/div>\n\t\t\t\t\t\t<div class=\"sow-accordion-open-close-button\">\n\t\t\t\t\t\t\t<div class=\"sow-accordion-open-button\">\n\t\t\t\t\t\t\t\t<span class=\"sow-icon-ionicons\" data-sow-icon=\"&#xf218;\"\n\t\t \n\t\taria-hidden=\"true\"><\/span>\t\t\t\t\t\t\t<\/div>\n\t\t\t\t\t\t\t<div class=\"sow-accordion-close-button\">\n\t\t\t\t\t\t\t\t<span class=\"sow-icon-ionicons\" data-sow-icon=\"&#xf209;\"\n\t\t \n\t\taria-hidden=\"true\"><\/span>\t\t\t\t\t\t\t<\/div>\n\t\t\t\t\t\t<\/div>\n\t\t\t\t\t<\/div>\n\t\t\t\t<\/div>\n\n\t\t\t<div\n\t\t\t\tclass=\"sow-accordion-panel-content\"\n\t\t\t\trole=\"region\"\n\t\t\t\taria-labelledby=\"accordion-label-%c2%bfd%c3%b3nde-puedo-solicitarlo\"\n\t\t\t\tid=\"accordion-content-%c2%bfd%c3%b3nde-puedo-solicitarlo\"\n\t\t\t\tstyle=\"display: none;\"\t\t\t>\n\t\t\t\t<div class=\"sow-accordion-panel-border\">\n\t\t\t\t\t<p>Pincha en el siguiente enlace para acceder a las <a href=\"https:\/\/www.acelerapyme.gob.es\/kit-digital\">bases y la solicitud<\/a>.\u00a0<\/p>\n<p><a href=\"https:\/\/www.acelerapyme.gob.es\/kit-digital\">Bases y solicitud<\/a><\/p>\n\t\t\t\t<\/div>\n\t\t\t<\/div>\n\t\t<\/div>\n\t\t\t<div class=\"sow-accordion-panel\n\t\t\t\t\t\"\n\t\t\t\tdata-anchor-id=\"necesitas-mas-informacion\">\n\t\t\t\t\t<div class=\"sow-accordion-panel-header-container\" role=\"heading\" aria-level=\"2\">\n\t\t\t\t\t<div class=\"sow-accordion-panel-header\" tabindex=\"0\" role=\"button\" id=\"accordion-label-%c2%bfnecesitas-m%c3%a1s-informaci%c3%b3n\" aria-controls=\"accordion-content-%c2%bfnecesitas-m%c3%a1s-informaci%c3%b3n\" aria-expanded=\"false\">\n\t\t\t\t\t\t<div class=\"sow-accordion-title sow-accordion-title-icon-left\">\n\t\t\t\t\t\t\t\t\t\t\t\t\t\t\u00bfNecesitas m\u00e1s informaci\u00f3n?\t\t\t\t\t\t\t\t\t\t\t\t\t<\/div>\n\t\t\t\t\t\t<div class=\"sow-accordion-open-close-button\">\n\t\t\t\t\t\t\t<div class=\"sow-accordion-open-button\">\n\t\t\t\t\t\t\t\t<span class=\"sow-icon-ionicons\" data-sow-icon=\"&#xf218;\"\n\t\t \n\t\taria-hidden=\"true\"><\/span>\t\t\t\t\t\t\t<\/div>\n\t\t\t\t\t\t\t<div class=\"sow-accordion-close-button\">\n\t\t\t\t\t\t\t\t<span class=\"sow-icon-ionicons\" data-sow-icon=\"&#xf209;\"\n\t\t \n\t\taria-hidden=\"true\"><\/span>\t\t\t\t\t\t\t<\/div>\n\t\t\t\t\t\t<\/div>\n\t\t\t\t\t<\/div>\n\t\t\t\t<\/div>\n\n\t\t\t<div\n\t\t\t\tclass=\"sow-accordion-panel-content\"\n\t\t\t\trole=\"region\"\n\t\t\t\taria-labelledby=\"accordion-label-%c2%bfnecesitas-m%c3%a1s-informaci%c3%b3n\"\n\t\t\t\tid=\"accordion-content-%c2%bfnecesitas-m%c3%a1s-informaci%c3%b3n\"\n\t\t\t\tstyle=\"display: none;\"\t\t\t>\n\t\t\t\t<div class=\"sow-accordion-panel-border\">\n\t\t\t\t\t<p>Ponte en contacto con nosotros en el 950 54 10 07 o a trav\u00e9s de comercio@elejido.es.\u00a0<\/p>\n\t\t\t\t<\/div>\n\t\t\t<\/div>\n\t\t<\/div>\n\t\t<\/div>\n<\/div>\n<\/div>\n\n\n<div style=\"height:25px\" aria-hidden=\"true\" class=\"wp-block-spacer\"><\/div>\n\n\n\n<h3 class=\"wp-block-heading\">Ayudas al Emprendimiento INNOVACTIVA 2024<\/h3>\n\n\n\n<p>Estado de la convocatoria > <mark style=\"background-color:rgba(0, 0, 0, 0)\" class=\"has-inline-color has-vivid-red-color\">Cerrada<\/mark> \ud83d\ude41 <\/p>\n\n\n<div\n\t\t\t\n\t\t\tclass=\"so-widget-sow-accordion so-widget-sow-accordion-default-42003b6a64f5\"\n\t\t\t\n\t\t><div>\n\t<div class=\"sow-accordion\">\n\t\t\t<div class=\"sow-accordion-panel\n\t\t sow-accordion-panel-open\t\t\t\"\n\t\t\t\tdata-anchor-id=\"de-que-se-trata\">\n\t\t\t\t\t<div class=\"sow-accordion-panel-header-container\" role=\"heading\" aria-level=\"2\">\n\t\t\t\t\t<div class=\"sow-accordion-panel-header\" tabindex=\"0\" role=\"button\" id=\"accordion-label-%c2%bfde-qu%c3%a9-se-trata\" aria-controls=\"accordion-content-%c2%bfde-qu%c3%a9-se-trata\" aria-expanded=\"true\">\n\t\t\t\t\t\t<div class=\"sow-accordion-title sow-accordion-title-icon-left\">\n\t\t\t\t\t\t\t\t\t\t\t\t\t\t\u00bfDe qu\u00e9 se trata?\t\t\t\t\t\t\t\t\t\t\t\t\t<\/div>\n\t\t\t\t\t\t<div class=\"sow-accordion-open-close-button\">\n\t\t\t\t\t\t\t<div class=\"sow-accordion-open-button\">\n\t\t\t\t\t\t\t\t<span class=\"sow-icon-ionicons\" data-sow-icon=\"&#xf218;\"\n\t\t \n\t\taria-hidden=\"true\"><\/span>\t\t\t\t\t\t\t<\/div>\n\t\t\t\t\t\t\t<div class=\"sow-accordion-close-button\">\n\t\t\t\t\t\t\t\t<span class=\"sow-icon-ionicons\" data-sow-icon=\"&#xf209;\"\n\t\t \n\t\taria-hidden=\"true\"><\/span>\t\t\t\t\t\t\t<\/div>\n\t\t\t\t\t\t<\/div>\n\t\t\t\t\t<\/div>\n\t\t\t\t<\/div>\n\n\t\t\t<div\n\t\t\t\tclass=\"sow-accordion-panel-content\"\n\t\t\t\trole=\"region\"\n\t\t\t\taria-labelledby=\"accordion-label-%c2%bfde-qu%c3%a9-se-trata\"\n\t\t\t\tid=\"accordion-content-%c2%bfde-qu%c3%a9-se-trata\"\n\t\t\t\t\t\t\t>\n\t\t\t\t<div class=\"sow-accordion-panel-border\">\n\t\t\t\t\t<p align=\"left\">Las ayudas de un m\u00e1ximo de 9.000 euros tienen como objetivo financiar los gastos para la <strong>puesta en marcha de proyectos empresariales a personas j\u00f3venes andaluzas o residentes de Andaluc\u00eda<\/strong>, a trav\u00e9s de la constituci\u00f3n de empresas con forma jur\u00eddica societaria, o bien, para constituirse como persona empresaria individual aut\u00f3noma. En ambos casos el domicilio fiscal de la actividad debe radicar en Andaluc\u00eda.<\/p>\n\t\t\t\t<\/div>\n\t\t\t<\/div>\n\t\t<\/div>\n\t\t\t<div class=\"sow-accordion-panel\n\t\t\t\t\t\"\n\t\t\t\tdata-anchor-id=\"quien-puede-solicitarla\">\n\t\t\t\t\t<div class=\"sow-accordion-panel-header-container\" role=\"heading\" aria-level=\"2\">\n\t\t\t\t\t<div class=\"sow-accordion-panel-header\" tabindex=\"0\" role=\"button\" id=\"accordion-label-%c2%bfqui%c3%a9n-puede-solicitarla\" aria-controls=\"accordion-content-%c2%bfqui%c3%a9n-puede-solicitarla\" aria-expanded=\"false\">\n\t\t\t\t\t\t<div class=\"sow-accordion-title sow-accordion-title-icon-left\">\n\t\t\t\t\t\t\t\t\t\t\t\t\t\t\u00bfQui\u00e9n puede solicitarla?\t\t\t\t\t\t\t\t\t\t\t\t\t<\/div>\n\t\t\t\t\t\t<div class=\"sow-accordion-open-close-button\">\n\t\t\t\t\t\t\t<div class=\"sow-accordion-open-button\">\n\t\t\t\t\t\t\t\t<span class=\"sow-icon-ionicons\" data-sow-icon=\"&#xf218;\"\n\t\t \n\t\taria-hidden=\"true\"><\/span>\t\t\t\t\t\t\t<\/div>\n\t\t\t\t\t\t\t<div class=\"sow-accordion-close-button\">\n\t\t\t\t\t\t\t\t<span class=\"sow-icon-ionicons\" data-sow-icon=\"&#xf209;\"\n\t\t \n\t\taria-hidden=\"true\"><\/span>\t\t\t\t\t\t\t<\/div>\n\t\t\t\t\t\t<\/div>\n\t\t\t\t\t<\/div>\n\t\t\t\t<\/div>\n\n\t\t\t<div\n\t\t\t\tclass=\"sow-accordion-panel-content\"\n\t\t\t\trole=\"region\"\n\t\t\t\taria-labelledby=\"accordion-label-%c2%bfqui%c3%a9n-puede-solicitarla\"\n\t\t\t\tid=\"accordion-content-%c2%bfqui%c3%a9n-puede-solicitarla\"\n\t\t\t\tstyle=\"display: none;\"\t\t\t>\n\t\t\t\t<div class=\"sow-accordion-panel-border\">\n\t\t\t\t\t<p align=\"left\">Las subvenciones podr\u00e1n ser solicitadas por personas j\u00f3venes andaluzas o residentes en Andaluc\u00eda, <strong>mayores de 18 a\u00f1os y hasta 35 a\u00f1os<\/strong>, inclusive (40 a\u00f1os en el caso de proyectos agr\u00edcolas o ganaderos), con formaci\u00f3n acad\u00e9mica universitaria, ciclo formativo de grado medio o superior, educaci\u00f3n secundaria obligatoria o certificado de profesionalidad.\u00a0<\/p>\n\t\t\t\t<\/div>\n\t\t\t<\/div>\n\t\t<\/div>\n\t\t\t<div class=\"sow-accordion-panel\n\t\t\t\t\t\"\n\t\t\t\tdata-anchor-id=\"que-conceptos-puedo-subvencionar\">\n\t\t\t\t\t<div class=\"sow-accordion-panel-header-container\" role=\"heading\" aria-level=\"2\">\n\t\t\t\t\t<div class=\"sow-accordion-panel-header\" tabindex=\"0\" role=\"button\" id=\"accordion-label-%c2%bfqu%c3%a9-conceptos-puedo-subvencionar\" aria-controls=\"accordion-content-%c2%bfqu%c3%a9-conceptos-puedo-subvencionar\" aria-expanded=\"false\">\n\t\t\t\t\t\t<div class=\"sow-accordion-title sow-accordion-title-icon-left\">\n\t\t\t\t\t\t\t\t\t\t\t\t\t\t\u00bfQu\u00e9 conceptos puedo subvencionar?\t\t\t\t\t\t\t\t\t\t\t\t\t<\/div>\n\t\t\t\t\t\t<div class=\"sow-accordion-open-close-button\">\n\t\t\t\t\t\t\t<div class=\"sow-accordion-open-button\">\n\t\t\t\t\t\t\t\t<span class=\"sow-icon-ionicons\" data-sow-icon=\"&#xf218;\"\n\t\t \n\t\taria-hidden=\"true\"><\/span>\t\t\t\t\t\t\t<\/div>\n\t\t\t\t\t\t\t<div class=\"sow-accordion-close-button\">\n\t\t\t\t\t\t\t\t<span class=\"sow-icon-ionicons\" data-sow-icon=\"&#xf209;\"\n\t\t \n\t\taria-hidden=\"true\"><\/span>\t\t\t\t\t\t\t<\/div>\n\t\t\t\t\t\t<\/div>\n\t\t\t\t\t<\/div>\n\t\t\t\t<\/div>\n\n\t\t\t<div\n\t\t\t\tclass=\"sow-accordion-panel-content\"\n\t\t\t\trole=\"region\"\n\t\t\t\taria-labelledby=\"accordion-label-%c2%bfqu%c3%a9-conceptos-puedo-subvencionar\"\n\t\t\t\tid=\"accordion-content-%c2%bfqu%c3%a9-conceptos-puedo-subvencionar\"\n\t\t\t\tstyle=\"display: none;\"\t\t\t>\n\t\t\t\t<div class=\"sow-accordion-panel-border\">\n\t\t\t\t\t<p>Los gastos subvencionables ser\u00e1n:<\/p>\n<ul>\n<li><strong>Gastos de capital:<\/strong> gastos ocasionados para la elevaci\u00f3n a p\u00fablico de su constituci\u00f3n y los gastos de solicitud de denominaci\u00f3n e inscripci\u00f3n de la misma en el Registro Mercantil. No ser\u00e1n objeto de subvenci\u00f3n las aportaciones de capital inicial de la empresa.<\/li>\n<li><strong>Gastos de inversi\u00f3n en inmovilizado material e intangible:<\/strong> gastos de instalaci\u00f3n necesarios para el desarrollo de la actividad (que no impliquen la ejecuci\u00f3n de una obra, para lo cual ser\u00e1 necesario acreditar la propiedad del local), mobiliario, maquinaria, utillaje, equipamiento inform\u00e1ticos y de telefon\u00eda, aplicaciones inform\u00e1ticas, software, dominios web, elementos de transporte, leasing, propiedad industrial (patentes, marcas, entre otros), derechos de traspaso, creaci\u00f3n y desarrollo de p\u00e1gina web, creaci\u00f3n y dise\u00f1o de imagen corporativa, obras de adecuaci\u00f3n, mejora y adaptaci\u00f3n de inmueble dedicado a la actividad empresarial (en cuyo caso deber\u00e1 acreditarse la propiedad del mismo por parte de la persona solicitante de la ayuda) y otros gastos de inversi\u00f3n que sean inherentes y que resulten necesarios para la puesta en marcha y funcionamiento de la empresa.<\/li>\n<\/ul>\n<p>Para la constituci\u00f3n de empresas con forma jur\u00eddica societaria mercantil, o cooperativas y sociedades laborales,\u00a0 ser\u00e1n subvencionables los dos tipos de gastos reflejados anteriormente. Para la constituci\u00f3n de la persona solicitante como persona empresaria individual aut\u00f3noma los gastos especificados en el apartado 2.<\/p>\n<p>En ambas l\u00edneas los gastos subvencionables deber\u00e1n tener naturaleza de gastos de inversi\u00f3n, no pudiendo ser subvencionados gastos de naturaleza corriente.<\/p>\n\t\t\t\t<\/div>\n\t\t\t<\/div>\n\t\t<\/div>\n\t\t\t<div class=\"sow-accordion-panel\n\t\t\t\t\t\"\n\t\t\t\tdata-anchor-id=\"donde-puedo-solicitarlo\">\n\t\t\t\t\t<div class=\"sow-accordion-panel-header-container\" role=\"heading\" aria-level=\"2\">\n\t\t\t\t\t<div class=\"sow-accordion-panel-header\" tabindex=\"0\" role=\"button\" id=\"accordion-label-%c2%bfd%c3%b3nde-puedo-solicitarlo\" aria-controls=\"accordion-content-%c2%bfd%c3%b3nde-puedo-solicitarlo\" aria-expanded=\"false\">\n\t\t\t\t\t\t<div class=\"sow-accordion-title sow-accordion-title-icon-left\">\n\t\t\t\t\t\t\t\t\t\t\t\t\t\t\u00bfD\u00f3nde puedo solicitarlo?\t\t\t\t\t\t\t\t\t\t\t\t\t<\/div>\n\t\t\t\t\t\t<div class=\"sow-accordion-open-close-button\">\n\t\t\t\t\t\t\t<div class=\"sow-accordion-open-button\">\n\t\t\t\t\t\t\t\t<span class=\"sow-icon-ionicons\" data-sow-icon=\"&#xf218;\"\n\t\t \n\t\taria-hidden=\"true\"><\/span>\t\t\t\t\t\t\t<\/div>\n\t\t\t\t\t\t\t<div class=\"sow-accordion-close-button\">\n\t\t\t\t\t\t\t\t<span class=\"sow-icon-ionicons\" data-sow-icon=\"&#xf209;\"\n\t\t \n\t\taria-hidden=\"true\"><\/span>\t\t\t\t\t\t\t<\/div>\n\t\t\t\t\t\t<\/div>\n\t\t\t\t\t<\/div>\n\t\t\t\t<\/div>\n\n\t\t\t<div\n\t\t\t\tclass=\"sow-accordion-panel-content\"\n\t\t\t\trole=\"region\"\n\t\t\t\taria-labelledby=\"accordion-label-%c2%bfd%c3%b3nde-puedo-solicitarlo\"\n\t\t\t\tid=\"accordion-content-%c2%bfd%c3%b3nde-puedo-solicitarlo\"\n\t\t\t\tstyle=\"display: none;\"\t\t\t>\n\t\t\t\t<div class=\"sow-accordion-panel-border\">\n\t\t\t\t\t<p><strong>Ventanilla Electr\u00f3nica de Administraci\u00f3n. Junta de Andaluc\u00eda:<\/strong><\/p>\n<p><a href=\"https:\/\/ws050.juntadeandalucia.es\/vea\/\">https:\/\/ws050.juntadeandalucia.es\/vea\/<\/a><\/p>\n<p><a href=\"https:\/\/ws050.juntadeandalucia.es\/vea\/faces\/vi\/procedimientos.xhtml\">https:\/\/ws050.juntadeandalucia.es\/vea\/faces\/vi\/procedimientos.xhtml<\/a><\/p>\n<p><strong>Registro Electr\u00f3nico de la Administraci\u00f3n de la Junta de Andaluc\u00eda accesible en la direcci\u00f3n:<\/strong><\/p>\n<p><a href=\"https:\/\/juntadeandalucia.es\/servicios\/tramites\/presentacion-documentos\/registro-electronico.html\">https:\/\/juntadeandalucia.es\/servicios\/tramites\/presentacion-documentos\/registro-electronico.html<\/a><\/p>\n<p><a href=\"https:\/\/ws050.juntadeandalucia.es\/vea\/faces\/vi\/rocedimientoDetalle.xhtml\">https:\/\/ws050.juntadeandalucia.es\/vea\/faces\/vi\/rocedimientoDetalle.xhtm<\/a><\/p>\n<p><a href=\"https:\/\/www.juntadeandalucia.es\/eboja\/2022\/144\/BOJA22-144-00020-12436-01_00265713.pdf\">Bases reguladoras<\/a><\/p>\n\t\t\t\t<\/div>\n\t\t\t<\/div>\n\t\t<\/div>\n\t\t\t<div class=\"sow-accordion-panel\n\t\t\t\t\t\"\n\t\t\t\tdata-anchor-id=\"necesitas-mas-informacion\">\n\t\t\t\t\t<div class=\"sow-accordion-panel-header-container\" role=\"heading\" aria-level=\"2\">\n\t\t\t\t\t<div class=\"sow-accordion-panel-header\" tabindex=\"0\" role=\"button\" id=\"accordion-label-%c2%bfnecesitas-m%c3%a1s-informaci%c3%b3n\" aria-controls=\"accordion-content-%c2%bfnecesitas-m%c3%a1s-informaci%c3%b3n\" aria-expanded=\"false\">\n\t\t\t\t\t\t<div class=\"sow-accordion-title sow-accordion-title-icon-left\">\n\t\t\t\t\t\t\t\t\t\t\t\t\t\t\u00bfNecesitas m\u00e1s informaci\u00f3n?\t\t\t\t\t\t\t\t\t\t\t\t\t<\/div>\n\t\t\t\t\t\t<div class=\"sow-accordion-open-close-button\">\n\t\t\t\t\t\t\t<div class=\"sow-accordion-open-button\">\n\t\t\t\t\t\t\t\t<span class=\"sow-icon-ionicons\" data-sow-icon=\"&#xf218;\"\n\t\t \n\t\taria-hidden=\"true\"><\/span>\t\t\t\t\t\t\t<\/div>\n\t\t\t\t\t\t\t<div class=\"sow-accordion-close-button\">\n\t\t\t\t\t\t\t\t<span class=\"sow-icon-ionicons\" data-sow-icon=\"&#xf209;\"\n\t\t \n\t\taria-hidden=\"true\"><\/span>\t\t\t\t\t\t\t<\/div>\n\t\t\t\t\t\t<\/div>\n\t\t\t\t\t<\/div>\n\t\t\t\t<\/div>\n\n\t\t\t<div\n\t\t\t\tclass=\"sow-accordion-panel-content\"\n\t\t\t\trole=\"region\"\n\t\t\t\taria-labelledby=\"accordion-label-%c2%bfnecesitas-m%c3%a1s-informaci%c3%b3n\"\n\t\t\t\tid=\"accordion-content-%c2%bfnecesitas-m%c3%a1s-informaci%c3%b3n\"\n\t\t\t\tstyle=\"display: none;\"\t\t\t>\n\t\t\t\t<div class=\"sow-accordion-panel-border\">\n\t\t\t\t\t<p><a href=\"https:\/\/ws101.juntadeandalucia.es\/patiojoven\/scri\/ayudas-y-subvenciones\/ayudas-al-emprendimiento\">Visita el siguiente enlace para m\u00e1s informaci\u00f3n.<\/a><\/p>\n\t\t\t\t<\/div>\n\t\t\t<\/div>\n\t\t<\/div>\n\t\t<\/div>\n<\/div>\n<\/div>\n\n\n<div style=\"height:25px\" aria-hidden=\"true\" class=\"wp-block-spacer\"><\/div>\n\n\n\n<div style=\"height:100px\" aria-hidden=\"true\" class=\"wp-block-spacer\"><\/div>\n<\/div><\/div>\n","protected":false},"excerpt":{"rendered":"<p>Emprende \u00bfTienes una idea y est\u00e1s pensando en emprender en tu propio negocio? Aunque emprender un negocio resulta un proceso ilusionante, debemos tener en cuenta que tambi\u00e9n puede convertirse en una cuesti\u00f3n complicada. Nuevos retos profesionales, m\u00faltiples dudas y la necesidad de tomar una gran cantidad de decisiones. Por esta raz\u00f3n, si est\u00e1s pensando en [&hellip;]<\/p>\n","protected":false},"author":5,"featured_media":22238,"parent":22058,"menu_order":0,"comment_status":"closed","ping_status":"closed","template":"","meta":{"content-type":"","ocean_post_layout":"","ocean_both_sidebars_style":"","ocean_both_sidebars_content_width":0,"ocean_both_sidebars_sidebars_width":0,"ocean_sidebar":"0","ocean_second_sidebar":"0","ocean_disable_margins":"enable","ocean_add_body_class":"","ocean_shortcode_before_top_bar":"","ocean_shortcode_after_top_bar":"","ocean_shortcode_before_header":"","ocean_shortcode_after_header":"","ocean_has_shortcode":"","ocean_shortcode_after_title":"","ocean_shortcode_before_footer_widgets":"","ocean_shortcode_after_footer_widgets":"","ocean_shortcode_before_footer_bottom":"","ocean_shortcode_after_footer_bottom":"","ocean_display_top_bar":"default","ocean_display_header":"default","ocean_header_style":"","ocean_center_header_left_menu":"0","ocean_custom_header_template":"0","ocean_custom_logo":0,"ocean_custom_retina_logo":0,"ocean_custom_logo_max_width":0,"ocean_custom_logo_tablet_max_width":0,"ocean_custom_logo_mobile_max_width":0,"ocean_custom_logo_max_height":0,"ocean_custom_logo_tablet_max_height":0,"ocean_custom_logo_mobile_max_height":0,"ocean_header_custom_menu":"0","ocean_menu_typo_font_family":"0","ocean_menu_typo_font_subset":"","ocean_menu_typo_font_size":0,"ocean_menu_typo_font_size_tablet":0,"ocean_menu_typo_font_size_mobile":0,"ocean_menu_typo_font_size_unit":"px","ocean_menu_typo_font_weight":"","ocean_menu_typo_font_weight_tablet":"","ocean_menu_typo_font_weight_mobile":"","ocean_menu_typo_transform":"","ocean_menu_typo_transform_tablet":"","ocean_menu_typo_transform_mobile":"","ocean_menu_typo_line_height":0,"ocean_menu_typo_line_height_tablet":0,"ocean_menu_typo_line_height_mobile":0,"ocean_menu_typo_line_height_unit":"","ocean_menu_typo_spacing":0,"ocean_menu_typo_spacing_tablet":0,"ocean_menu_typo_spacing_mobile":0,"ocean_menu_typo_spacing_unit":"","ocean_menu_link_color":"","ocean_menu_link_color_hover":"","ocean_menu_link_color_active":"","ocean_menu_link_background":"","ocean_menu_link_hover_background":"","ocean_menu_link_active_background":"","ocean_menu_social_links_bg":"","ocean_menu_social_hover_links_bg":"","ocean_menu_social_links_color":"","ocean_menu_social_hover_links_color":"","ocean_disable_title":"default","ocean_disable_heading":"default","ocean_post_title":"","ocean_post_subheading":"","ocean_post_title_style":"","ocean_post_title_background_color":"","ocean_post_title_background":0,"ocean_post_title_bg_image_position":"","ocean_post_title_bg_image_attachment":"","ocean_post_title_bg_image_repeat":"","ocean_post_title_bg_image_size":"","ocean_post_title_height":0,"ocean_post_title_bg_overlay":0.5,"ocean_post_title_bg_overlay_color":"","ocean_disable_breadcrumbs":"default","ocean_breadcrumbs_color":"","ocean_breadcrumbs_separator_color":"","ocean_breadcrumbs_links_color":"","ocean_breadcrumbs_links_hover_color":"","ocean_display_footer_widgets":"default","ocean_display_footer_bottom":"default","ocean_custom_footer_template":"0","footnotes":""},"class_list":["post-1675","page","type-page","status-publish","has-post-thumbnail","hentry","entry","has-media"],"yoast_head":"<!-- This site is optimized with the Yoast SEO plugin v27.3 - https:\/\/yoast.com\/product\/yoast-seo-wordpress\/ -->\n<title>Emprende - Comercio de El Ejido<\/title>\n<meta name=\"description\" content=\"\u00bfTienes una idea y est\u00e1s pensando en emprender en tu propio negocio? Te podemos ayudar con el asesoramiento que necesitas.\" \/>\n<meta name=\"robots\" content=\"index, follow, max-snippet:-1, max-image-preview:large, max-video-preview:-1\" \/>\n<link rel=\"canonical\" href=\"https:\/\/elejido.es\/comercio\/index.php\/asesoramiento\/emprende\/\" \/>\n<meta property=\"og:locale\" content=\"es_ES\" \/>\n<meta property=\"og:type\" content=\"article\" \/>\n<meta property=\"og:title\" content=\"Emprende - Comercio de El Ejido\" \/>\n<meta property=\"og:description\" content=\"\u00bfTienes una idea y est\u00e1s pensando en emprender en tu propio negocio? Te podemos ayudar con el asesoramiento que necesitas.\" \/>\n<meta property=\"og:url\" content=\"https:\/\/elejido.es\/comercio\/index.php\/asesoramiento\/emprende\/\" \/>\n<meta property=\"og:site_name\" content=\"Comercio de El Ejido\" \/>\n<meta property=\"article:modified_time\" content=\"2025-02-06T12:25:34+00:00\" \/>\n<meta property=\"og:image\" content=\"https:\/\/elejido.es\/comercio\/wp-content\/uploads\/2023\/10\/emprende.png\" \/>\n\t<meta property=\"og:image:width\" content=\"500\" \/>\n\t<meta property=\"og:image:height\" content=\"500\" \/>\n\t<meta property=\"og:image:type\" content=\"image\/png\" \/>\n<meta name=\"twitter:card\" content=\"summary_large_image\" \/>\n<meta name=\"twitter:label1\" content=\"Tiempo de lectura\" \/>\n\t<meta name=\"twitter:data1\" content=\"1 minuto\" \/>\n<script type=\"application\/ld+json\" class=\"yoast-schema-graph\">{\"@context\":\"https:\\\/\\\/schema.org\",\"@graph\":[{\"@type\":\"WebPage\",\"@id\":\"https:\\\/\\\/elejido.es\\\/comercio\\\/index.php\\\/asesoramiento\\\/emprende\\\/\",\"url\":\"https:\\\/\\\/elejido.es\\\/comercio\\\/index.php\\\/asesoramiento\\\/emprende\\\/\",\"name\":\"Emprende - Comercio de El Ejido\",\"isPartOf\":{\"@id\":\"https:\\\/\\\/elejido.es\\\/comercio\\\/#website\"},\"primaryImageOfPage\":{\"@id\":\"https:\\\/\\\/elejido.es\\\/comercio\\\/index.php\\\/asesoramiento\\\/emprende\\\/#primaryimage\"},\"image\":{\"@id\":\"https:\\\/\\\/elejido.es\\\/comercio\\\/index.php\\\/asesoramiento\\\/emprende\\\/#primaryimage\"},\"thumbnailUrl\":\"https:\\\/\\\/elejido.es\\\/comercio\\\/wp-content\\\/uploads\\\/2023\\\/10\\\/emprende.png\",\"datePublished\":\"2020-12-15T11:43:30+00:00\",\"dateModified\":\"2025-02-06T12:25:34+00:00\",\"description\":\"\u00bfTienes una idea y est\u00e1s pensando en emprender en tu propio negocio? Te podemos ayudar con el asesoramiento que necesitas.\",\"breadcrumb\":{\"@id\":\"https:\\\/\\\/elejido.es\\\/comercio\\\/index.php\\\/asesoramiento\\\/emprende\\\/#breadcrumb\"},\"inLanguage\":\"es\",\"potentialAction\":[{\"@type\":\"ReadAction\",\"target\":[\"https:\\\/\\\/elejido.es\\\/comercio\\\/index.php\\\/asesoramiento\\\/emprende\\\/\"]}]},{\"@type\":\"ImageObject\",\"inLanguage\":\"es\",\"@id\":\"https:\\\/\\\/elejido.es\\\/comercio\\\/index.php\\\/asesoramiento\\\/emprende\\\/#primaryimage\",\"url\":\"https:\\\/\\\/elejido.es\\\/comercio\\\/wp-content\\\/uploads\\\/2023\\\/10\\\/emprende.png\",\"contentUrl\":\"https:\\\/\\\/elejido.es\\\/comercio\\\/wp-content\\\/uploads\\\/2023\\\/10\\\/emprende.png\",\"width\":500,\"height\":500},{\"@type\":\"BreadcrumbList\",\"@id\":\"https:\\\/\\\/elejido.es\\\/comercio\\\/index.php\\\/asesoramiento\\\/emprende\\\/#breadcrumb\",\"itemListElement\":[{\"@type\":\"ListItem\",\"position\":1,\"name\":\"Asesoramiento\",\"item\":\"https:\\\/\\\/elejido.es\\\/comercio\\\/index.php\\\/asesoramiento\\\/\"},{\"@type\":\"ListItem\",\"position\":2,\"name\":\"Emprende\"}]},{\"@type\":\"WebSite\",\"@id\":\"https:\\\/\\\/elejido.es\\\/comercio\\\/#website\",\"url\":\"https:\\\/\\\/elejido.es\\\/comercio\\\/\",\"name\":\"Comercio de El Ejido\",\"description\":\"P\u00e1gina oficial del \u00c1rea de Comercio del Ayuntamiento de El Ejido. Apoyamos al comercio local. Informaci\u00f3n sobre cursos para profesionales, subvenciones y mucho m\u00e1s. \",\"publisher\":{\"@id\":\"https:\\\/\\\/elejido.es\\\/comercio\\\/#organization\"},\"potentialAction\":[{\"@type\":\"SearchAction\",\"target\":{\"@type\":\"EntryPoint\",\"urlTemplate\":\"https:\\\/\\\/elejido.es\\\/comercio\\\/?s={search_term_string}\"},\"query-input\":{\"@type\":\"PropertyValueSpecification\",\"valueRequired\":true,\"valueName\":\"search_term_string\"}}],\"inLanguage\":\"es\"},{\"@type\":\"Organization\",\"@id\":\"https:\\\/\\\/elejido.es\\\/comercio\\\/#organization\",\"name\":\"Comercio de El Ejido\",\"url\":\"https:\\\/\\\/elejido.es\\\/comercio\\\/\",\"logo\":{\"@type\":\"ImageObject\",\"inLanguage\":\"es\",\"@id\":\"https:\\\/\\\/elejido.es\\\/comercio\\\/#\\\/schema\\\/logo\\\/image\\\/\",\"url\":\"https:\\\/\\\/elejido.es\\\/comercio\\\/wp-content\\\/uploads\\\/2023\\\/08\\\/unnamed.jpg\",\"contentUrl\":\"https:\\\/\\\/elejido.es\\\/comercio\\\/wp-content\\\/uploads\\\/2023\\\/08\\\/unnamed.jpg\",\"width\":512,\"height\":260,\"caption\":\"Comercio de El Ejido\"},\"image\":{\"@id\":\"https:\\\/\\\/elejido.es\\\/comercio\\\/#\\\/schema\\\/logo\\\/image\\\/\"}}]}<\/script>\n<!-- \/ Yoast SEO plugin. -->","yoast_head_json":{"title":"Emprende - Comercio de El Ejido","description":"\u00bfTienes una idea y est\u00e1s pensando en emprender en tu propio negocio? Te podemos ayudar con el asesoramiento que necesitas.","robots":{"index":"index","follow":"follow","max-snippet":"max-snippet:-1","max-image-preview":"max-image-preview:large","max-video-preview":"max-video-preview:-1"},"canonical":"https:\/\/elejido.es\/comercio\/index.php\/asesoramiento\/emprende\/","og_locale":"es_ES","og_type":"article","og_title":"Emprende - Comercio de El Ejido","og_description":"\u00bfTienes una idea y est\u00e1s pensando en emprender en tu propio negocio? Te podemos ayudar con el asesoramiento que necesitas.","og_url":"https:\/\/elejido.es\/comercio\/index.php\/asesoramiento\/emprende\/","og_site_name":"Comercio de El Ejido","article_modified_time":"2025-02-06T12:25:34+00:00","og_image":[{"width":500,"height":500,"url":"https:\/\/elejido.es\/comercio\/wp-content\/uploads\/2023\/10\/emprende.png","type":"image\/png"}],"twitter_card":"summary_large_image","twitter_misc":{"Tiempo de lectura":"1 minuto"},"schema":{"@context":"https:\/\/schema.org","@graph":[{"@type":"WebPage","@id":"https:\/\/elejido.es\/comercio\/index.php\/asesoramiento\/emprende\/","url":"https:\/\/elejido.es\/comercio\/index.php\/asesoramiento\/emprende\/","name":"Emprende - Comercio de El Ejido","isPartOf":{"@id":"https:\/\/elejido.es\/comercio\/#website"},"primaryImageOfPage":{"@id":"https:\/\/elejido.es\/comercio\/index.php\/asesoramiento\/emprende\/#primaryimage"},"image":{"@id":"https:\/\/elejido.es\/comercio\/index.php\/asesoramiento\/emprende\/#primaryimage"},"thumbnailUrl":"https:\/\/elejido.es\/comercio\/wp-content\/uploads\/2023\/10\/emprende.png","datePublished":"2020-12-15T11:43:30+00:00","dateModified":"2025-02-06T12:25:34+00:00","description":"\u00bfTienes una idea y est\u00e1s pensando en emprender en tu propio negocio? Te podemos ayudar con el asesoramiento que necesitas.","breadcrumb":{"@id":"https:\/\/elejido.es\/comercio\/index.php\/asesoramiento\/emprende\/#breadcrumb"},"inLanguage":"es","potentialAction":[{"@type":"ReadAction","target":["https:\/\/elejido.es\/comercio\/index.php\/asesoramiento\/emprende\/"]}]},{"@type":"ImageObject","inLanguage":"es","@id":"https:\/\/elejido.es\/comercio\/index.php\/asesoramiento\/emprende\/#primaryimage","url":"https:\/\/elejido.es\/comercio\/wp-content\/uploads\/2023\/10\/emprende.png","contentUrl":"https:\/\/elejido.es\/comercio\/wp-content\/uploads\/2023\/10\/emprende.png","width":500,"height":500},{"@type":"BreadcrumbList","@id":"https:\/\/elejido.es\/comercio\/index.php\/asesoramiento\/emprende\/#breadcrumb","itemListElement":[{"@type":"ListItem","position":1,"name":"Asesoramiento","item":"https:\/\/elejido.es\/comercio\/index.php\/asesoramiento\/"},{"@type":"ListItem","position":2,"name":"Emprende"}]},{"@type":"WebSite","@id":"https:\/\/elejido.es\/comercio\/#website","url":"https:\/\/elejido.es\/comercio\/","name":"Comercio de El Ejido","description":"P\u00e1gina oficial del \u00c1rea de Comercio del Ayuntamiento de El Ejido. Apoyamos al comercio local. Informaci\u00f3n sobre cursos para profesionales, subvenciones y mucho m\u00e1s. ","publisher":{"@id":"https:\/\/elejido.es\/comercio\/#organization"},"potentialAction":[{"@type":"SearchAction","target":{"@type":"EntryPoint","urlTemplate":"https:\/\/elejido.es\/comercio\/?s={search_term_string}"},"query-input":{"@type":"PropertyValueSpecification","valueRequired":true,"valueName":"search_term_string"}}],"inLanguage":"es"},{"@type":"Organization","@id":"https:\/\/elejido.es\/comercio\/#organization","name":"Comercio de El Ejido","url":"https:\/\/elejido.es\/comercio\/","logo":{"@type":"ImageObject","inLanguage":"es","@id":"https:\/\/elejido.es\/comercio\/#\/schema\/logo\/image\/","url":"https:\/\/elejido.es\/comercio\/wp-content\/uploads\/2023\/08\/unnamed.jpg","contentUrl":"https:\/\/elejido.es\/comercio\/wp-content\/uploads\/2023\/08\/unnamed.jpg","width":512,"height":260,"caption":"Comercio de El Ejido"},"image":{"@id":"https:\/\/elejido.es\/comercio\/#\/schema\/logo\/image\/"}}]}},"_links":{"self":[{"href":"https:\/\/elejido.es\/comercio\/index.php\/wp-json\/wp\/v2\/pages\/1675","targetHints":{"allow":["GET"]}}],"collection":[{"href":"https:\/\/elejido.es\/comercio\/index.php\/wp-json\/wp\/v2\/pages"}],"about":[{"href":"https:\/\/elejido.es\/comercio\/index.php\/wp-json\/wp\/v2\/types\/page"}],"author":[{"embeddable":true,"href":"https:\/\/elejido.es\/comercio\/index.php\/wp-json\/wp\/v2\/users\/5"}],"replies":[{"embeddable":true,"href":"https:\/\/elejido.es\/comercio\/index.php\/wp-json\/wp\/v2\/comments?post=1675"}],"version-history":[{"count":16,"href":"https:\/\/elejido.es\/comercio\/index.php\/wp-json\/wp\/v2\/pages\/1675\/revisions"}],"predecessor-version":[{"id":22727,"href":"https:\/\/elejido.es\/comercio\/index.php\/wp-json\/wp\/v2\/pages\/1675\/revisions\/22727"}],"up":[{"embeddable":true,"href":"https:\/\/elejido.es\/comercio\/index.php\/wp-json\/wp\/v2\/pages\/22058"}],"wp:featuredmedia":[{"embeddable":true,"href":"https:\/\/elejido.es\/comercio\/index.php\/wp-json\/wp\/v2\/media\/22238"}],"wp:attachment":[{"href":"https:\/\/elejido.es\/comercio\/index.php\/wp-json\/wp\/v2\/media?parent=1675"}],"curies":[{"name":"wp","href":"https:\/\/api.w.org\/{rel}","templated":true}]}}