{"id":21808,"date":"2023-08-26T10:40:22","date_gmt":"2023-08-26T08:40:22","guid":{"rendered":"https:\/\/elejido.es\/comercio\/?page_id=21808"},"modified":"2025-09-23T09:11:26","modified_gmt":"2025-09-23T07:11:26","slug":"normativa","status":"publish","type":"page","link":"https:\/\/elejido.es\/comercio\/index.php\/info-util\/normativa\/","title":{"rendered":"Normativa"},"content":{"rendered":"\n<div class=\"wp-block-group container\"><div class=\"wp-block-group__inner-container is-layout-flow wp-block-group-is-layout-flow\">\n<div style=\"height:25px\" aria-hidden=\"true\" class=\"wp-block-spacer\"><\/div>\n\n\n\n<figure class=\"wp-block-image size-full\"><img loading=\"lazy\" decoding=\"async\" width=\"1200\" height=\"400\" src=\"https:\/\/app.elejido.es\/comercio\/wp-content\/uploads\/2023\/10\/Banners-web-comercio.png\" alt=\"\" class=\"wp-image-22122\" srcset=\"https:\/\/elejido.es\/comercio\/wp-content\/uploads\/2023\/10\/Banners-web-comercio.png 1200w, https:\/\/elejido.es\/comercio\/wp-content\/uploads\/2023\/10\/Banners-web-comercio-500x167.png 500w, https:\/\/elejido.es\/comercio\/wp-content\/uploads\/2023\/10\/Banners-web-comercio-768x256.png 768w, https:\/\/elejido.es\/comercio\/wp-content\/uploads\/2023\/10\/Banners-web-comercio-800x267.png 800w\" sizes=\"auto, (max-width: 1200px) 100vw, 1200px\" \/><\/figure>\n\n\n<div class=\"breadcrumbs align  wp-block-bcn-breadcrumb-trail has-text-color has-background\" vocab=\"https:\/\/schema.org\/\" typeof=\"BreadcrumbList\">\n\t<span><\/span>\n\t<span property=\"itemListElement\" typeof=\"ListItem\"><a property=\"item\" typeof=\"WebPage\" title=\"Ir a Comercio de El Ejido.\" href=\"https:\/\/elejido.es\/comercio\" class=\"home\" aria-current=\"page\"><span property=\"name\">Comercio de El Ejido<\/span><\/a><meta property=\"position\" content=\"1\"><\/span><\/div>\n\n\n\n<div style=\"height:50px\" aria-hidden=\"true\" class=\"wp-block-spacer\"><\/div>\n\n\n\n<p>Encuentra la normativa que afecta a tu negocio\/empresa y conoce de primera mano las actuaciones y recomendaciones que has de seguir.<\/p>\n\n\n\n<div style=\"height:25px\" aria-hidden=\"true\" class=\"wp-block-spacer\"><\/div>\n\n\n\n<h2 class=\"has-text-align-left wp-block-heading\">Normativa<\/h2>\n\n\n\n<ul class=\"wp-block-list\">\n<li><a href=\"https:\/\/app.elejido.es\/comercio\/wp-content\/uploads\/2025\/09\/Reglamento-Consejo-Comercio-1.pdf\">Ordenanza del Consejo Municipal de Comercio y Servicios<\/a> <\/li>\n\n\n\n<li><a href=\"https:\/\/www.boe.es\/buscar\/pdf\/2012\/BOJA-b-2012-90003-consolidado.pdf\">Ley de Comercio Interior de Andaluc\u00eda<\/a><\/li>\n\n\n\n<li><a href=\"https:\/\/www.juntadeandalucia.es\/organismos\/empleoempresaytrabajoautonomo\/areas\/comercio\/interior\/paginas\/horarios-comerciales.html\">Horarios comerciales<\/a><\/li>\n\n\n\n<li><a href=\"https:\/\/www.juntadeandalucia.es\/organismos\/empleoempresaytrabajoautonomo\/areas\/comercio\/interior.html#toc-tipolog-a-de-comercio-interior\">Tipolog\u00eda de comercios<\/a><\/li>\n\n\n\n<li><a href=\"https:\/\/www.juntadeandalucia.es\/organismos\/empleoempresaytrabajoautonomo\/areas\/comercio\/interior.html\">Gu\u00edas pr\u00e1cticas para Comercio Interior de Andaluc\u00eda<\/a><\/li>\n\n\n\n<li><a href=\"https:\/\/transparencia.elejido.es\/index.php\/publicidad-activa\/106-informacion-juridica\/ordenanzas-municipales\/964-ordenanza-reguladora-de-apertura-de-establecimiento-para-el-ejercicio-de-actividades-economica-en-el-municipio-de-el-ejido\">Ordenanza reguladora de apertura de establecimiento para el ejercicio de actividad econ\u00f3mica en el municipio de El Ejido<\/a><\/li>\n\n\n\n<li><a href=\"https:\/\/transparencia.elejido.es\/index.php\/publicidad-activa\/106-informacion-juridica\/ordenanzas-municipales\/906-ordenanza-reguladora-de-la-convivencia-ciudadana-y-de-prevencion-de-actos-incivicos\">Ordenanza reguladora de la convivencia ciudadana y de prevenci\u00f3n de actos inc\u00edvicos<\/a><\/li>\n\n\n\n<li><a href=\"https:\/\/transparencia.elejido.es\/index.php\/publicidad-activa\/92-informacion-juridica\/ordenanzas-fiscales\/227-17-tasas-ocupacion-via-publica\">Ordenanza&nbsp; de Ocupaci\u00f3n V\u00eda P\u00fablica Ayuntamiento de El Ejido<\/a><\/li>\n<\/ul>\n\n\n\n<p>En esta p\u00e1gina de <a href=\"https:\/\/www.juntadeandalucia.es\/organismos\/empleoempresaytrabajoautonomo\/areas\/trabajo-autonomo.html\">la<\/a><strong><a href=\"https:\/\/www.juntadeandalucia.es\/organismos\/empleoempresaytrabajoautonomo\/areas\/trabajo-autonomo.html\"> Consejer\u00eda de Empleo, Empresa y Trabajo Aut\u00f3nomo<\/a><\/strong>, podr\u00e1s ver materias dirigidas al fomento y consolidaci\u00f3n del trabajo aut\u00f3nomo: <\/p>\n\n\n\n<ul class=\"wp-block-list\">\n<li>Incentivos y ayudas<\/li>\n<\/ul>\n\n\n\n<ul class=\"wp-block-list\">\n<li>Desarrollo de Emprendimiento<\/li>\n<\/ul>\n\n\n\n<ul class=\"wp-block-list\">\n<li>Distintivos de calidad<\/li>\n<\/ul>\n\n\n\n<ul class=\"wp-block-list\">\n<li>Programas formativos<\/li>\n<\/ul>\n\n\n\n<p><a href=\"https:\/\/www.juntadeandalucia.es\/organismos\/empleoempresaytrabajoautonomo\/areas\/trabajo-autonomo.html\">M\u00e1s informaci\u00f3n aqu\u00ed<\/a>.<\/p>\n\n\n\n<p><\/p>\n<\/div><\/div>\n","protected":false},"excerpt":{"rendered":"<p>Encuentra la normativa que afecta a tu negocio\/empresa y conoce de primera mano las actuaciones y recomendaciones que has de seguir. Normativa En esta p\u00e1gina de la Consejer\u00eda de Empleo, Empresa y Trabajo Aut\u00f3nomo, podr\u00e1s ver materias dirigidas al fomento y consolidaci\u00f3n del trabajo aut\u00f3nomo: M\u00e1s informaci\u00f3n aqu\u00ed.<\/p>\n","protected":false},"author":5,"featured_media":22242,"parent":21755,"menu_order":0,"comment_status":"closed","ping_status":"closed","template":"","meta":{"content-type":"","ocean_post_layout":"","ocean_both_sidebars_style":"","ocean_both_sidebars_content_width":0,"ocean_both_sidebars_sidebars_width":0,"ocean_sidebar":"0","ocean_second_sidebar":"0","ocean_disable_margins":"enable","ocean_add_body_class":"","ocean_shortcode_before_top_bar":"","ocean_shortcode_after_top_bar":"","ocean_shortcode_before_header":"","ocean_shortcode_after_header":"","ocean_has_shortcode":"","ocean_shortcode_after_title":"","ocean_shortcode_before_footer_widgets":"","ocean_shortcode_after_footer_widgets":"","ocean_shortcode_before_footer_bottom":"","ocean_shortcode_after_footer_bottom":"","ocean_display_top_bar":"default","ocean_display_header":"default","ocean_header_style":"","ocean_center_header_left_menu":"0","ocean_custom_header_template":"0","ocean_custom_logo":0,"ocean_custom_retina_logo":0,"ocean_custom_logo_max_width":0,"ocean_custom_logo_tablet_max_width":0,"ocean_custom_logo_mobile_max_width":0,"ocean_custom_logo_max_height":0,"ocean_custom_logo_tablet_max_height":0,"ocean_custom_logo_mobile_max_height":0,"ocean_header_custom_menu":"0","ocean_menu_typo_font_family":"0","ocean_menu_typo_font_subset":"","ocean_menu_typo_font_size":0,"ocean_menu_typo_font_size_tablet":0,"ocean_menu_typo_font_size_mobile":0,"ocean_menu_typo_font_size_unit":"px","ocean_menu_typo_font_weight":"","ocean_menu_typo_font_weight_tablet":"","ocean_menu_typo_font_weight_mobile":"","ocean_menu_typo_transform":"","ocean_menu_typo_transform_tablet":"","ocean_menu_typo_transform_mobile":"","ocean_menu_typo_line_height":0,"ocean_menu_typo_line_height_tablet":0,"ocean_menu_typo_line_height_mobile":0,"ocean_menu_typo_line_height_unit":"","ocean_menu_typo_spacing":0,"ocean_menu_typo_spacing_tablet":0,"ocean_menu_typo_spacing_mobile":0,"ocean_menu_typo_spacing_unit":"","ocean_menu_link_color":"","ocean_menu_link_color_hover":"","ocean_menu_link_color_active":"","ocean_menu_link_background":"","ocean_menu_link_hover_background":"","ocean_menu_link_active_background":"","ocean_menu_social_links_bg":"","ocean_menu_social_hover_links_bg":"","ocean_menu_social_links_color":"","ocean_menu_social_hover_links_color":"","ocean_disable_title":"default","ocean_disable_heading":"default","ocean_post_title":"","ocean_post_subheading":"","ocean_post_title_style":"","ocean_post_title_background_color":"","ocean_post_title_background":0,"ocean_post_title_bg_image_position":"","ocean_post_title_bg_image_attachment":"","ocean_post_title_bg_image_repeat":"","ocean_post_title_bg_image_size":"","ocean_post_title_height":0,"ocean_post_title_bg_overlay":0.5,"ocean_post_title_bg_overlay_color":"","ocean_disable_breadcrumbs":"default","ocean_breadcrumbs_color":"","ocean_breadcrumbs_separator_color":"","ocean_breadcrumbs_links_color":"","ocean_breadcrumbs_links_hover_color":"","ocean_display_footer_widgets":"default","ocean_display_footer_bottom":"default","ocean_custom_footer_template":"0","footnotes":""},"class_list":["post-21808","page","type-page","status-publish","has-post-thumbnail","hentry","entry","has-media"],"yoast_head":"<!-- This site is optimized with the Yoast SEO plugin v27.3 - https:\/\/yoast.com\/product\/yoast-seo-wordpress\/ -->\n<title>Normativa - Comercio de El Ejido<\/title>\n<meta name=\"description\" content=\"Encuentra la normativa que afecta a tu negocio\/empresa y conoce de primera mano las actuaciones y recomendaciones que has de seguir.\" \/>\n<meta name=\"robots\" content=\"index, follow, max-snippet:-1, max-image-preview:large, max-video-preview:-1\" \/>\n<link rel=\"canonical\" href=\"https:\/\/elejido.es\/comercio\/index.php\/info-util\/normativa\/\" \/>\n<meta property=\"og:locale\" content=\"es_ES\" \/>\n<meta property=\"og:type\" content=\"article\" \/>\n<meta property=\"og:title\" content=\"Normativa - Comercio de El Ejido\" \/>\n<meta property=\"og:description\" content=\"Encuentra la normativa que afecta a tu negocio\/empresa y conoce de primera mano las actuaciones y recomendaciones que has de seguir.\" \/>\n<meta property=\"og:url\" content=\"https:\/\/elejido.es\/comercio\/index.php\/info-util\/normativa\/\" \/>\n<meta property=\"og:site_name\" content=\"Comercio de El Ejido\" \/>\n<meta property=\"article:modified_time\" content=\"2025-09-23T07:11:26+00:00\" \/>\n<meta property=\"og:image\" content=\"https:\/\/elejido.es\/comercio\/wp-content\/uploads\/2023\/10\/Normativa.png\" \/>\n\t<meta property=\"og:image:width\" content=\"500\" \/>\n\t<meta property=\"og:image:height\" content=\"500\" \/>\n\t<meta property=\"og:image:type\" content=\"image\/png\" \/>\n<meta name=\"twitter:card\" content=\"summary_large_image\" \/>\n<meta name=\"twitter:label1\" content=\"Tiempo de lectura\" \/>\n\t<meta name=\"twitter:data1\" content=\"1 minuto\" \/>\n<script type=\"application\/ld+json\" class=\"yoast-schema-graph\">{\"@context\":\"https:\\\/\\\/schema.org\",\"@graph\":[{\"@type\":\"WebPage\",\"@id\":\"https:\\\/\\\/elejido.es\\\/comercio\\\/index.php\\\/info-util\\\/normativa\\\/\",\"url\":\"https:\\\/\\\/elejido.es\\\/comercio\\\/index.php\\\/info-util\\\/normativa\\\/\",\"name\":\"Normativa - Comercio de El Ejido\",\"isPartOf\":{\"@id\":\"https:\\\/\\\/elejido.es\\\/comercio\\\/#website\"},\"primaryImageOfPage\":{\"@id\":\"https:\\\/\\\/elejido.es\\\/comercio\\\/index.php\\\/info-util\\\/normativa\\\/#primaryimage\"},\"image\":{\"@id\":\"https:\\\/\\\/elejido.es\\\/comercio\\\/index.php\\\/info-util\\\/normativa\\\/#primaryimage\"},\"thumbnailUrl\":\"https:\\\/\\\/elejido.es\\\/comercio\\\/wp-content\\\/uploads\\\/2023\\\/10\\\/Normativa.png\",\"datePublished\":\"2023-08-26T08:40:22+00:00\",\"dateModified\":\"2025-09-23T07:11:26+00:00\",\"description\":\"Encuentra la normativa que afecta a tu negocio\\\/empresa y conoce de primera mano las actuaciones y recomendaciones que has de seguir.\",\"breadcrumb\":{\"@id\":\"https:\\\/\\\/elejido.es\\\/comercio\\\/index.php\\\/info-util\\\/normativa\\\/#breadcrumb\"},\"inLanguage\":\"es\",\"potentialAction\":[{\"@type\":\"ReadAction\",\"target\":[\"https:\\\/\\\/elejido.es\\\/comercio\\\/index.php\\\/info-util\\\/normativa\\\/\"]}]},{\"@type\":\"ImageObject\",\"inLanguage\":\"es\",\"@id\":\"https:\\\/\\\/elejido.es\\\/comercio\\\/index.php\\\/info-util\\\/normativa\\\/#primaryimage\",\"url\":\"https:\\\/\\\/elejido.es\\\/comercio\\\/wp-content\\\/uploads\\\/2023\\\/10\\\/Normativa.png\",\"contentUrl\":\"https:\\\/\\\/elejido.es\\\/comercio\\\/wp-content\\\/uploads\\\/2023\\\/10\\\/Normativa.png\",\"width\":500,\"height\":500},{\"@type\":\"BreadcrumbList\",\"@id\":\"https:\\\/\\\/elejido.es\\\/comercio\\\/index.php\\\/info-util\\\/normativa\\\/#breadcrumb\",\"itemListElement\":[{\"@type\":\"ListItem\",\"position\":1,\"name\":\"Info \u00fatil\",\"item\":\"https:\\\/\\\/elejido.es\\\/comercio\\\/index.php\\\/info-util\\\/\"},{\"@type\":\"ListItem\",\"position\":2,\"name\":\"Normativa\"}]},{\"@type\":\"WebSite\",\"@id\":\"https:\\\/\\\/elejido.es\\\/comercio\\\/#website\",\"url\":\"https:\\\/\\\/elejido.es\\\/comercio\\\/\",\"name\":\"Comercio de El Ejido\",\"description\":\"P\u00e1gina oficial del \u00c1rea de Comercio del Ayuntamiento de El Ejido. Apoyamos al comercio local. Informaci\u00f3n sobre cursos para profesionales, subvenciones y mucho m\u00e1s. \",\"publisher\":{\"@id\":\"https:\\\/\\\/elejido.es\\\/comercio\\\/#organization\"},\"potentialAction\":[{\"@type\":\"SearchAction\",\"target\":{\"@type\":\"EntryPoint\",\"urlTemplate\":\"https:\\\/\\\/elejido.es\\\/comercio\\\/?s={search_term_string}\"},\"query-input\":{\"@type\":\"PropertyValueSpecification\",\"valueRequired\":true,\"valueName\":\"search_term_string\"}}],\"inLanguage\":\"es\"},{\"@type\":\"Organization\",\"@id\":\"https:\\\/\\\/elejido.es\\\/comercio\\\/#organization\",\"name\":\"Comercio de El Ejido\",\"url\":\"https:\\\/\\\/elejido.es\\\/comercio\\\/\",\"logo\":{\"@type\":\"ImageObject\",\"inLanguage\":\"es\",\"@id\":\"https:\\\/\\\/elejido.es\\\/comercio\\\/#\\\/schema\\\/logo\\\/image\\\/\",\"url\":\"https:\\\/\\\/elejido.es\\\/comercio\\\/wp-content\\\/uploads\\\/2023\\\/08\\\/unnamed.jpg\",\"contentUrl\":\"https:\\\/\\\/elejido.es\\\/comercio\\\/wp-content\\\/uploads\\\/2023\\\/08\\\/unnamed.jpg\",\"width\":512,\"height\":260,\"caption\":\"Comercio de El Ejido\"},\"image\":{\"@id\":\"https:\\\/\\\/elejido.es\\\/comercio\\\/#\\\/schema\\\/logo\\\/image\\\/\"}}]}<\/script>\n<!-- \/ Yoast SEO plugin. -->","yoast_head_json":{"title":"Normativa - Comercio de El Ejido","description":"Encuentra la normativa que afecta a tu negocio\/empresa y conoce de primera mano las actuaciones y recomendaciones que has de seguir.","robots":{"index":"index","follow":"follow","max-snippet":"max-snippet:-1","max-image-preview":"max-image-preview:large","max-video-preview":"max-video-preview:-1"},"canonical":"https:\/\/elejido.es\/comercio\/index.php\/info-util\/normativa\/","og_locale":"es_ES","og_type":"article","og_title":"Normativa - Comercio de El Ejido","og_description":"Encuentra la normativa que afecta a tu negocio\/empresa y conoce de primera mano las actuaciones y recomendaciones que has de seguir.","og_url":"https:\/\/elejido.es\/comercio\/index.php\/info-util\/normativa\/","og_site_name":"Comercio de El Ejido","article_modified_time":"2025-09-23T07:11:26+00:00","og_image":[{"width":500,"height":500,"url":"https:\/\/elejido.es\/comercio\/wp-content\/uploads\/2023\/10\/Normativa.png","type":"image\/png"}],"twitter_card":"summary_large_image","twitter_misc":{"Tiempo de lectura":"1 minuto"},"schema":{"@context":"https:\/\/schema.org","@graph":[{"@type":"WebPage","@id":"https:\/\/elejido.es\/comercio\/index.php\/info-util\/normativa\/","url":"https:\/\/elejido.es\/comercio\/index.php\/info-util\/normativa\/","name":"Normativa - Comercio de El Ejido","isPartOf":{"@id":"https:\/\/elejido.es\/comercio\/#website"},"primaryImageOfPage":{"@id":"https:\/\/elejido.es\/comercio\/index.php\/info-util\/normativa\/#primaryimage"},"image":{"@id":"https:\/\/elejido.es\/comercio\/index.php\/info-util\/normativa\/#primaryimage"},"thumbnailUrl":"https:\/\/elejido.es\/comercio\/wp-content\/uploads\/2023\/10\/Normativa.png","datePublished":"2023-08-26T08:40:22+00:00","dateModified":"2025-09-23T07:11:26+00:00","description":"Encuentra la normativa que afecta a tu negocio\/empresa y conoce de primera mano las actuaciones y recomendaciones que has de seguir.","breadcrumb":{"@id":"https:\/\/elejido.es\/comercio\/index.php\/info-util\/normativa\/#breadcrumb"},"inLanguage":"es","potentialAction":[{"@type":"ReadAction","target":["https:\/\/elejido.es\/comercio\/index.php\/info-util\/normativa\/"]}]},{"@type":"ImageObject","inLanguage":"es","@id":"https:\/\/elejido.es\/comercio\/index.php\/info-util\/normativa\/#primaryimage","url":"https:\/\/elejido.es\/comercio\/wp-content\/uploads\/2023\/10\/Normativa.png","contentUrl":"https:\/\/elejido.es\/comercio\/wp-content\/uploads\/2023\/10\/Normativa.png","width":500,"height":500},{"@type":"BreadcrumbList","@id":"https:\/\/elejido.es\/comercio\/index.php\/info-util\/normativa\/#breadcrumb","itemListElement":[{"@type":"ListItem","position":1,"name":"Info \u00fatil","item":"https:\/\/elejido.es\/comercio\/index.php\/info-util\/"},{"@type":"ListItem","position":2,"name":"Normativa"}]},{"@type":"WebSite","@id":"https:\/\/elejido.es\/comercio\/#website","url":"https:\/\/elejido.es\/comercio\/","name":"Comercio de El Ejido","description":"P\u00e1gina oficial del \u00c1rea de Comercio del Ayuntamiento de El Ejido. Apoyamos al comercio local. Informaci\u00f3n sobre cursos para profesionales, subvenciones y mucho m\u00e1s. ","publisher":{"@id":"https:\/\/elejido.es\/comercio\/#organization"},"potentialAction":[{"@type":"SearchAction","target":{"@type":"EntryPoint","urlTemplate":"https:\/\/elejido.es\/comercio\/?s={search_term_string}"},"query-input":{"@type":"PropertyValueSpecification","valueRequired":true,"valueName":"search_term_string"}}],"inLanguage":"es"},{"@type":"Organization","@id":"https:\/\/elejido.es\/comercio\/#organization","name":"Comercio de El Ejido","url":"https:\/\/elejido.es\/comercio\/","logo":{"@type":"ImageObject","inLanguage":"es","@id":"https:\/\/elejido.es\/comercio\/#\/schema\/logo\/image\/","url":"https:\/\/elejido.es\/comercio\/wp-content\/uploads\/2023\/08\/unnamed.jpg","contentUrl":"https:\/\/elejido.es\/comercio\/wp-content\/uploads\/2023\/08\/unnamed.jpg","width":512,"height":260,"caption":"Comercio de El Ejido"},"image":{"@id":"https:\/\/elejido.es\/comercio\/#\/schema\/logo\/image\/"}}]}},"_links":{"self":[{"href":"https:\/\/elejido.es\/comercio\/index.php\/wp-json\/wp\/v2\/pages\/21808","targetHints":{"allow":["GET"]}}],"collection":[{"href":"https:\/\/elejido.es\/comercio\/index.php\/wp-json\/wp\/v2\/pages"}],"about":[{"href":"https:\/\/elejido.es\/comercio\/index.php\/wp-json\/wp\/v2\/types\/page"}],"author":[{"embeddable":true,"href":"https:\/\/elejido.es\/comercio\/index.php\/wp-json\/wp\/v2\/users\/5"}],"replies":[{"embeddable":true,"href":"https:\/\/elejido.es\/comercio\/index.php\/wp-json\/wp\/v2\/comments?post=21808"}],"version-history":[{"count":17,"href":"https:\/\/elejido.es\/comercio\/index.php\/wp-json\/wp\/v2\/pages\/21808\/revisions"}],"predecessor-version":[{"id":23114,"href":"https:\/\/elejido.es\/comercio\/index.php\/wp-json\/wp\/v2\/pages\/21808\/revisions\/23114"}],"up":[{"embeddable":true,"href":"https:\/\/elejido.es\/comercio\/index.php\/wp-json\/wp\/v2\/pages\/21755"}],"wp:featuredmedia":[{"embeddable":true,"href":"https:\/\/elejido.es\/comercio\/index.php\/wp-json\/wp\/v2\/media\/22242"}],"wp:attachment":[{"href":"https:\/\/elejido.es\/comercio\/index.php\/wp-json\/wp\/v2\/media?parent=21808"}],"curies":[{"name":"wp","href":"https:\/\/api.w.org\/{rel}","templated":true}]}}