{"id":22055,"date":"2023-10-07T12:27:04","date_gmt":"2023-10-07T10:27:04","guid":{"rendered":"https:\/\/elejido.es\/comercio\/?page_id=22055"},"modified":"2024-02-01T14:45:07","modified_gmt":"2024-02-01T13:45:07","slug":"asesorate","status":"publish","type":"page","link":"https:\/\/elejido.es\/comercio\/index.php\/asesoramiento\/asesorate\/","title":{"rendered":"Ases\u00f3rate"},"content":{"rendered":"\n<div style=\"height:25px\" aria-hidden=\"true\" class=\"wp-block-spacer\"><\/div>\n\n\n\n<div class=\"wp-block-group container\"><div class=\"wp-block-group__inner-container is-layout-flow wp-block-group-is-layout-flow\">\n<figure class=\"wp-block-image size-full\"><img loading=\"lazy\" decoding=\"async\" width=\"1200\" height=\"400\" src=\"https:\/\/app.elejido.es\/comercio\/wp-content\/uploads\/2023\/10\/asesorate-comercio-el-ejido.png\" alt=\"\" class=\"wp-image-22128\" srcset=\"https:\/\/elejido.es\/comercio\/wp-content\/uploads\/2023\/10\/asesorate-comercio-el-ejido.png 1200w, https:\/\/elejido.es\/comercio\/wp-content\/uploads\/2023\/10\/asesorate-comercio-el-ejido-500x167.png 500w, https:\/\/elejido.es\/comercio\/wp-content\/uploads\/2023\/10\/asesorate-comercio-el-ejido-768x256.png 768w, https:\/\/elejido.es\/comercio\/wp-content\/uploads\/2023\/10\/asesorate-comercio-el-ejido-800x267.png 800w\" sizes=\"auto, (max-width: 1200px) 100vw, 1200px\" \/><\/figure>\n\n\n<div class=\"breadcrumbs align  wp-block-bcn-breadcrumb-trail has-text-color has-background\" vocab=\"https:\/\/schema.org\/\" typeof=\"BreadcrumbList\">\n\t<span><\/span>\n\t<span property=\"itemListElement\" typeof=\"ListItem\"><a property=\"item\" typeof=\"WebPage\" title=\"Ir a Comercio de El Ejido.\" href=\"https:\/\/elejido.es\/comercio\" class=\"home\" aria-current=\"page\"><span property=\"name\">Comercio de El Ejido<\/span><\/a><meta property=\"position\" content=\"1\"><\/span><\/div>\n\n\n\n<div style=\"height:50px\" aria-hidden=\"true\" class=\"wp-block-spacer\"><\/div>\n\n\n\n<h2 class=\"has-text-align-left animated zoomIn duration1 eds-on-scroll has-black-color has-text-color wp-block-heading\">Ases\u00f3rate<\/h2>\n\n\n\n<p class=\"has-text-align-left\">\u00bfNecesitas asesoramiento para iniciar una actividad o para mejorar tu empresa?<\/p>\n\n\n\n<div style=\"height:25px\" aria-hidden=\"true\" class=\"wp-block-spacer\"><\/div>\n\n\n\n<h3 class=\"wp-block-heading\">\u00bfC\u00f3mo podemos ayudarte?<\/h3>\n\n\n\n<p>Te podemos ayudar con:<\/p>\n\n\n\n<ul class=\"wp-block-list\">\n<li>El asesoramiento y orientaci\u00f3n para el autoempleo.<\/li>\n\n\n\n<li>Informaci\u00f3n para la creaci\u00f3n de empresas y orientaci\u00f3n individualizada. <\/li>\n\n\n\n<li>Informaci\u00f3n relacionada, tanto  a nivel general como partiendo de una idea de negocio, sobre ayudas y subvenciones disponibles.<\/li>\n\n\n\n<li>Informaci\u00f3n sobre tr\u00e1mites necesarios tanto en el Ayuntamiento de El Ejido como en el resto de Administraciones y Organismos P\u00fablicos.<\/li>\n<\/ul>\n\n\n\n<p>No dudes en ponerte en contacto con nosotros si necesitas asesoramiento en el 950 54 10 07.<\/p>\n<\/div><\/div>\n","protected":false},"excerpt":{"rendered":"<p>Ases\u00f3rate \u00bfNecesitas asesoramiento para iniciar una actividad o para mejorar tu empresa? \u00bfC\u00f3mo podemos ayudarte? Te podemos ayudar con: No dudes en ponerte en contacto con nosotros si necesitas asesoramiento en el 950 54 10 07.<\/p>\n","protected":false},"author":5,"featured_media":22237,"parent":22058,"menu_order":0,"comment_status":"closed","ping_status":"closed","template":"","meta":{"content-type":"","ocean_post_layout":"","ocean_both_sidebars_style":"","ocean_both_sidebars_content_width":0,"ocean_both_sidebars_sidebars_width":0,"ocean_sidebar":"0","ocean_second_sidebar":"0","ocean_disable_margins":"enable","ocean_add_body_class":"","ocean_shortcode_before_top_bar":"","ocean_shortcode_after_top_bar":"","ocean_shortcode_before_header":"","ocean_shortcode_after_header":"","ocean_has_shortcode":"","ocean_shortcode_after_title":"","ocean_shortcode_before_footer_widgets":"","ocean_shortcode_after_footer_widgets":"","ocean_shortcode_before_footer_bottom":"","ocean_shortcode_after_footer_bottom":"","ocean_display_top_bar":"default","ocean_display_header":"default","ocean_header_style":"","ocean_center_header_left_menu":"0","ocean_custom_header_template":"0","ocean_custom_logo":0,"ocean_custom_retina_logo":0,"ocean_custom_logo_max_width":0,"ocean_custom_logo_tablet_max_width":0,"ocean_custom_logo_mobile_max_width":0,"ocean_custom_logo_max_height":0,"ocean_custom_logo_tablet_max_height":0,"ocean_custom_logo_mobile_max_height":0,"ocean_header_custom_menu":"0","ocean_menu_typo_font_family":"0","ocean_menu_typo_font_subset":"","ocean_menu_typo_font_size":0,"ocean_menu_typo_font_size_tablet":0,"ocean_menu_typo_font_size_mobile":0,"ocean_menu_typo_font_size_unit":"px","ocean_menu_typo_font_weight":"","ocean_menu_typo_font_weight_tablet":"","ocean_menu_typo_font_weight_mobile":"","ocean_menu_typo_transform":"","ocean_menu_typo_transform_tablet":"","ocean_menu_typo_transform_mobile":"","ocean_menu_typo_line_height":0,"ocean_menu_typo_line_height_tablet":0,"ocean_menu_typo_line_height_mobile":0,"ocean_menu_typo_line_height_unit":"","ocean_menu_typo_spacing":0,"ocean_menu_typo_spacing_tablet":0,"ocean_menu_typo_spacing_mobile":0,"ocean_menu_typo_spacing_unit":"","ocean_menu_link_color":"","ocean_menu_link_color_hover":"","ocean_menu_link_color_active":"","ocean_menu_link_background":"","ocean_menu_link_hover_background":"","ocean_menu_link_active_background":"","ocean_menu_social_links_bg":"","ocean_menu_social_hover_links_bg":"","ocean_menu_social_links_color":"","ocean_menu_social_hover_links_color":"","ocean_disable_title":"default","ocean_disable_heading":"default","ocean_post_title":"","ocean_post_subheading":"","ocean_post_title_style":"","ocean_post_title_background_color":"","ocean_post_title_background":0,"ocean_post_title_bg_image_position":"","ocean_post_title_bg_image_attachment":"","ocean_post_title_bg_image_repeat":"","ocean_post_title_bg_image_size":"","ocean_post_title_height":0,"ocean_post_title_bg_overlay":0.5,"ocean_post_title_bg_overlay_color":"","ocean_disable_breadcrumbs":"default","ocean_breadcrumbs_color":"","ocean_breadcrumbs_separator_color":"","ocean_breadcrumbs_links_color":"","ocean_breadcrumbs_links_hover_color":"","ocean_display_footer_widgets":"default","ocean_display_footer_bottom":"default","ocean_custom_footer_template":"0","footnotes":""},"class_list":["post-22055","page","type-page","status-publish","has-post-thumbnail","hentry","entry","has-media"],"yoast_head":"<!-- This site is optimized with the Yoast SEO plugin v27.3 - https:\/\/yoast.com\/product\/yoast-seo-wordpress\/ -->\n<title>Ases\u00f3rate - Comercio de El Ejido<\/title>\n<meta name=\"description\" content=\"\u00bfNecesitas asesoramiento para iniciar una actividad o para mejorar tu empresa? Descubre como podemos ayudarte.\" \/>\n<meta name=\"robots\" content=\"index, follow, max-snippet:-1, max-image-preview:large, max-video-preview:-1\" \/>\n<link rel=\"canonical\" href=\"https:\/\/elejido.es\/comercio\/index.php\/asesoramiento\/asesorate\/\" \/>\n<meta property=\"og:locale\" content=\"es_ES\" \/>\n<meta property=\"og:type\" content=\"article\" \/>\n<meta property=\"og:title\" content=\"Ases\u00f3rate - Comercio de El Ejido\" \/>\n<meta property=\"og:description\" content=\"\u00bfNecesitas asesoramiento para iniciar una actividad o para mejorar tu empresa? Descubre como podemos ayudarte.\" \/>\n<meta property=\"og:url\" content=\"https:\/\/elejido.es\/comercio\/index.php\/asesoramiento\/asesorate\/\" \/>\n<meta property=\"og:site_name\" content=\"Comercio de El Ejido\" \/>\n<meta property=\"article:modified_time\" content=\"2024-02-01T13:45:07+00:00\" \/>\n<meta property=\"og:image\" content=\"https:\/\/elejido.es\/comercio\/wp-content\/uploads\/2023\/10\/asesorate.png\" \/>\n\t<meta property=\"og:image:width\" content=\"500\" \/>\n\t<meta property=\"og:image:height\" content=\"500\" \/>\n\t<meta property=\"og:image:type\" content=\"image\/png\" \/>\n<meta name=\"twitter:card\" content=\"summary_large_image\" \/>\n<meta name=\"twitter:label1\" content=\"Tiempo de lectura\" \/>\n\t<meta name=\"twitter:data1\" content=\"1 minuto\" \/>\n<script type=\"application\/ld+json\" class=\"yoast-schema-graph\">{\"@context\":\"https:\\\/\\\/schema.org\",\"@graph\":[{\"@type\":\"WebPage\",\"@id\":\"https:\\\/\\\/elejido.es\\\/comercio\\\/index.php\\\/asesoramiento\\\/asesorate\\\/\",\"url\":\"https:\\\/\\\/elejido.es\\\/comercio\\\/index.php\\\/asesoramiento\\\/asesorate\\\/\",\"name\":\"Ases\u00f3rate - Comercio de El Ejido\",\"isPartOf\":{\"@id\":\"https:\\\/\\\/elejido.es\\\/comercio\\\/#website\"},\"primaryImageOfPage\":{\"@id\":\"https:\\\/\\\/elejido.es\\\/comercio\\\/index.php\\\/asesoramiento\\\/asesorate\\\/#primaryimage\"},\"image\":{\"@id\":\"https:\\\/\\\/elejido.es\\\/comercio\\\/index.php\\\/asesoramiento\\\/asesorate\\\/#primaryimage\"},\"thumbnailUrl\":\"https:\\\/\\\/elejido.es\\\/comercio\\\/wp-content\\\/uploads\\\/2023\\\/10\\\/asesorate.png\",\"datePublished\":\"2023-10-07T10:27:04+00:00\",\"dateModified\":\"2024-02-01T13:45:07+00:00\",\"description\":\"\u00bfNecesitas asesoramiento para iniciar una actividad o para mejorar tu empresa? Descubre como podemos ayudarte.\",\"breadcrumb\":{\"@id\":\"https:\\\/\\\/elejido.es\\\/comercio\\\/index.php\\\/asesoramiento\\\/asesorate\\\/#breadcrumb\"},\"inLanguage\":\"es\",\"potentialAction\":[{\"@type\":\"ReadAction\",\"target\":[\"https:\\\/\\\/elejido.es\\\/comercio\\\/index.php\\\/asesoramiento\\\/asesorate\\\/\"]}]},{\"@type\":\"ImageObject\",\"inLanguage\":\"es\",\"@id\":\"https:\\\/\\\/elejido.es\\\/comercio\\\/index.php\\\/asesoramiento\\\/asesorate\\\/#primaryimage\",\"url\":\"https:\\\/\\\/elejido.es\\\/comercio\\\/wp-content\\\/uploads\\\/2023\\\/10\\\/asesorate.png\",\"contentUrl\":\"https:\\\/\\\/elejido.es\\\/comercio\\\/wp-content\\\/uploads\\\/2023\\\/10\\\/asesorate.png\",\"width\":500,\"height\":500},{\"@type\":\"BreadcrumbList\",\"@id\":\"https:\\\/\\\/elejido.es\\\/comercio\\\/index.php\\\/asesoramiento\\\/asesorate\\\/#breadcrumb\",\"itemListElement\":[{\"@type\":\"ListItem\",\"position\":1,\"name\":\"Asesoramiento\",\"item\":\"https:\\\/\\\/elejido.es\\\/comercio\\\/index.php\\\/asesoramiento\\\/\"},{\"@type\":\"ListItem\",\"position\":2,\"name\":\"Ases\u00f3rate\"}]},{\"@type\":\"WebSite\",\"@id\":\"https:\\\/\\\/elejido.es\\\/comercio\\\/#website\",\"url\":\"https:\\\/\\\/elejido.es\\\/comercio\\\/\",\"name\":\"Comercio de El Ejido\",\"description\":\"P\u00e1gina oficial del \u00c1rea de Comercio del Ayuntamiento de El Ejido. Apoyamos al comercio local. Informaci\u00f3n sobre cursos para profesionales, subvenciones y mucho m\u00e1s. \",\"publisher\":{\"@id\":\"https:\\\/\\\/elejido.es\\\/comercio\\\/#organization\"},\"potentialAction\":[{\"@type\":\"SearchAction\",\"target\":{\"@type\":\"EntryPoint\",\"urlTemplate\":\"https:\\\/\\\/elejido.es\\\/comercio\\\/?s={search_term_string}\"},\"query-input\":{\"@type\":\"PropertyValueSpecification\",\"valueRequired\":true,\"valueName\":\"search_term_string\"}}],\"inLanguage\":\"es\"},{\"@type\":\"Organization\",\"@id\":\"https:\\\/\\\/elejido.es\\\/comercio\\\/#organization\",\"name\":\"Comercio de El Ejido\",\"url\":\"https:\\\/\\\/elejido.es\\\/comercio\\\/\",\"logo\":{\"@type\":\"ImageObject\",\"inLanguage\":\"es\",\"@id\":\"https:\\\/\\\/elejido.es\\\/comercio\\\/#\\\/schema\\\/logo\\\/image\\\/\",\"url\":\"https:\\\/\\\/elejido.es\\\/comercio\\\/wp-content\\\/uploads\\\/2023\\\/08\\\/unnamed.jpg\",\"contentUrl\":\"https:\\\/\\\/elejido.es\\\/comercio\\\/wp-content\\\/uploads\\\/2023\\\/08\\\/unnamed.jpg\",\"width\":512,\"height\":260,\"caption\":\"Comercio de El Ejido\"},\"image\":{\"@id\":\"https:\\\/\\\/elejido.es\\\/comercio\\\/#\\\/schema\\\/logo\\\/image\\\/\"}}]}<\/script>\n<!-- \/ Yoast SEO plugin. -->","yoast_head_json":{"title":"Ases\u00f3rate - Comercio de El Ejido","description":"\u00bfNecesitas asesoramiento para iniciar una actividad o para mejorar tu empresa? Descubre como podemos ayudarte.","robots":{"index":"index","follow":"follow","max-snippet":"max-snippet:-1","max-image-preview":"max-image-preview:large","max-video-preview":"max-video-preview:-1"},"canonical":"https:\/\/elejido.es\/comercio\/index.php\/asesoramiento\/asesorate\/","og_locale":"es_ES","og_type":"article","og_title":"Ases\u00f3rate - Comercio de El Ejido","og_description":"\u00bfNecesitas asesoramiento para iniciar una actividad o para mejorar tu empresa? Descubre como podemos ayudarte.","og_url":"https:\/\/elejido.es\/comercio\/index.php\/asesoramiento\/asesorate\/","og_site_name":"Comercio de El Ejido","article_modified_time":"2024-02-01T13:45:07+00:00","og_image":[{"width":500,"height":500,"url":"https:\/\/elejido.es\/comercio\/wp-content\/uploads\/2023\/10\/asesorate.png","type":"image\/png"}],"twitter_card":"summary_large_image","twitter_misc":{"Tiempo de lectura":"1 minuto"},"schema":{"@context":"https:\/\/schema.org","@graph":[{"@type":"WebPage","@id":"https:\/\/elejido.es\/comercio\/index.php\/asesoramiento\/asesorate\/","url":"https:\/\/elejido.es\/comercio\/index.php\/asesoramiento\/asesorate\/","name":"Ases\u00f3rate - Comercio de El Ejido","isPartOf":{"@id":"https:\/\/elejido.es\/comercio\/#website"},"primaryImageOfPage":{"@id":"https:\/\/elejido.es\/comercio\/index.php\/asesoramiento\/asesorate\/#primaryimage"},"image":{"@id":"https:\/\/elejido.es\/comercio\/index.php\/asesoramiento\/asesorate\/#primaryimage"},"thumbnailUrl":"https:\/\/elejido.es\/comercio\/wp-content\/uploads\/2023\/10\/asesorate.png","datePublished":"2023-10-07T10:27:04+00:00","dateModified":"2024-02-01T13:45:07+00:00","description":"\u00bfNecesitas asesoramiento para iniciar una actividad o para mejorar tu empresa? Descubre como podemos ayudarte.","breadcrumb":{"@id":"https:\/\/elejido.es\/comercio\/index.php\/asesoramiento\/asesorate\/#breadcrumb"},"inLanguage":"es","potentialAction":[{"@type":"ReadAction","target":["https:\/\/elejido.es\/comercio\/index.php\/asesoramiento\/asesorate\/"]}]},{"@type":"ImageObject","inLanguage":"es","@id":"https:\/\/elejido.es\/comercio\/index.php\/asesoramiento\/asesorate\/#primaryimage","url":"https:\/\/elejido.es\/comercio\/wp-content\/uploads\/2023\/10\/asesorate.png","contentUrl":"https:\/\/elejido.es\/comercio\/wp-content\/uploads\/2023\/10\/asesorate.png","width":500,"height":500},{"@type":"BreadcrumbList","@id":"https:\/\/elejido.es\/comercio\/index.php\/asesoramiento\/asesorate\/#breadcrumb","itemListElement":[{"@type":"ListItem","position":1,"name":"Asesoramiento","item":"https:\/\/elejido.es\/comercio\/index.php\/asesoramiento\/"},{"@type":"ListItem","position":2,"name":"Ases\u00f3rate"}]},{"@type":"WebSite","@id":"https:\/\/elejido.es\/comercio\/#website","url":"https:\/\/elejido.es\/comercio\/","name":"Comercio de El Ejido","description":"P\u00e1gina oficial del \u00c1rea de Comercio del Ayuntamiento de El Ejido. Apoyamos al comercio local. Informaci\u00f3n sobre cursos para profesionales, subvenciones y mucho m\u00e1s. ","publisher":{"@id":"https:\/\/elejido.es\/comercio\/#organization"},"potentialAction":[{"@type":"SearchAction","target":{"@type":"EntryPoint","urlTemplate":"https:\/\/elejido.es\/comercio\/?s={search_term_string}"},"query-input":{"@type":"PropertyValueSpecification","valueRequired":true,"valueName":"search_term_string"}}],"inLanguage":"es"},{"@type":"Organization","@id":"https:\/\/elejido.es\/comercio\/#organization","name":"Comercio de El Ejido","url":"https:\/\/elejido.es\/comercio\/","logo":{"@type":"ImageObject","inLanguage":"es","@id":"https:\/\/elejido.es\/comercio\/#\/schema\/logo\/image\/","url":"https:\/\/elejido.es\/comercio\/wp-content\/uploads\/2023\/08\/unnamed.jpg","contentUrl":"https:\/\/elejido.es\/comercio\/wp-content\/uploads\/2023\/08\/unnamed.jpg","width":512,"height":260,"caption":"Comercio de El Ejido"},"image":{"@id":"https:\/\/elejido.es\/comercio\/#\/schema\/logo\/image\/"}}]}},"_links":{"self":[{"href":"https:\/\/elejido.es\/comercio\/index.php\/wp-json\/wp\/v2\/pages\/22055","targetHints":{"allow":["GET"]}}],"collection":[{"href":"https:\/\/elejido.es\/comercio\/index.php\/wp-json\/wp\/v2\/pages"}],"about":[{"href":"https:\/\/elejido.es\/comercio\/index.php\/wp-json\/wp\/v2\/types\/page"}],"author":[{"embeddable":true,"href":"https:\/\/elejido.es\/comercio\/index.php\/wp-json\/wp\/v2\/users\/5"}],"replies":[{"embeddable":true,"href":"https:\/\/elejido.es\/comercio\/index.php\/wp-json\/wp\/v2\/comments?post=22055"}],"version-history":[{"count":11,"href":"https:\/\/elejido.es\/comercio\/index.php\/wp-json\/wp\/v2\/pages\/22055\/revisions"}],"predecessor-version":[{"id":22488,"href":"https:\/\/elejido.es\/comercio\/index.php\/wp-json\/wp\/v2\/pages\/22055\/revisions\/22488"}],"up":[{"embeddable":true,"href":"https:\/\/elejido.es\/comercio\/index.php\/wp-json\/wp\/v2\/pages\/22058"}],"wp:featuredmedia":[{"embeddable":true,"href":"https:\/\/elejido.es\/comercio\/index.php\/wp-json\/wp\/v2\/media\/22237"}],"wp:attachment":[{"href":"https:\/\/elejido.es\/comercio\/index.php\/wp-json\/wp\/v2\/media?parent=22055"}],"curies":[{"name":"wp","href":"https:\/\/api.w.org\/{rel}","templated":true}]}}