{"id":1200,"date":"2020-12-14T07:28:41","date_gmt":"2020-12-14T07:28:41","guid":{"rendered":"http:\/\/localhost\/wordpress\/?page_id=1200"},"modified":"2025-02-06T09:17:48","modified_gmt":"2025-02-06T08:17:48","slug":"preguntas-frecuentes","status":"publish","type":"page","link":"https:\/\/elejido.es\/consumo\/index.php\/preguntas-frecuentes\/","title":{"rendered":"Preguntas Frecuentes"},"content":{"rendered":"\n<div style=\"height:25px\" aria-hidden=\"true\" class=\"wp-block-spacer\"><\/div>\n\n\n\n<div class=\"wp-block-group container\"><div class=\"wp-block-group__inner-container is-layout-flow wp-block-group-is-layout-flow\"><div class=\"breadcrumbs align  wp-block-bcn-breadcrumb-trail has-text-color has-background\" vocab=\"https:\/\/schema.org\/\" typeof=\"BreadcrumbList\">\n\t<span><\/span>\n\t<span property=\"itemListElement\" typeof=\"ListItem\"><a property=\"item\" typeof=\"WebPage\" title=\"Ir a Consumo El Ejido.\" href=\"https:\/\/elejido.es\/consumo\" class=\"home\" aria-current=\"page\"><span property=\"name\">Consumo El Ejido<\/span><\/a><meta property=\"position\" content=\"1\"><\/span><\/div>\n\n\n\n<div style=\"height:50px\" aria-hidden=\"true\" class=\"wp-block-spacer\"><\/div>\n\n\n\n<h2 class=\"has-text-align-left animated zoomIn duration1 eds-on-scroll wp-block-heading\">Preguntas Frecuentes<\/h2>\n\n\n\n<div style=\"height:25px\" aria-hidden=\"true\" class=\"wp-block-spacer\"><\/div>\n\n\n\n<div class=\"wp-block-group\"><div class=\"wp-block-group__inner-container is-layout-flow wp-block-group-is-layout-flow\"><div\n\t\t\t\n\t\t\tclass=\"so-widget-sow-accordion so-widget-sow-accordion-default-7a94796e700d\"\n\t\t\t\n\t\t><div>\n\t<div class=\"sow-accordion\">\n\t\t\t<div class=\"sow-accordion-panel\n\t\t\t\t\t\"\n\t\t\t\tdata-anchor-id=\"como-se-tramita-la-hoja-de-reclamaciones-de-la-junta-de-andalucia\">\n\t\t\t\t\t<div class=\"sow-accordion-panel-header-container\" role=\"heading\" aria-level=\"2\">\n\t\t\t\t\t<div class=\"sow-accordion-panel-header\" tabindex=\"0\" role=\"button\" id=\"accordion-label-%c2%bfc%c3%b3mo-se-tramita-la-hoja-de-reclamaciones-de-la-junta-de-andaluc%c3%ada\" aria-controls=\"accordion-content-%c2%bfc%c3%b3mo-se-tramita-la-hoja-de-reclamaciones-de-la-junta-de-andaluc%c3%ada\" aria-expanded=\"false\">\n\t\t\t\t\t\t<div class=\"sow-accordion-title sow-accordion-title-icon-left\">\n\t\t\t\t\t\t\t\t\t\t\t\t\t\t\u00bfC\u00f3mo se tramita la hoja de reclamaciones de la Junta de Andaluc\u00eda?\t\t\t\t\t\t\t\t\t\t\t\t\t<\/div>\n\t\t\t\t\t\t<div class=\"sow-accordion-open-close-button\">\n\t\t\t\t\t\t\t<div class=\"sow-accordion-open-button\">\n\t\t\t\t\t\t\t\t<span class=\"sow-icon-ionicons\" data-sow-icon=\"&#xf218;\"\n\t\t \n\t\taria-hidden=\"true\"><\/span>\t\t\t\t\t\t\t<\/div>\n\t\t\t\t\t\t\t<div class=\"sow-accordion-close-button\">\n\t\t\t\t\t\t\t\t<span class=\"sow-icon-ionicons\" data-sow-icon=\"&#xf209;\"\n\t\t \n\t\taria-hidden=\"true\"><\/span>\t\t\t\t\t\t\t<\/div>\n\t\t\t\t\t\t<\/div>\n\t\t\t\t\t<\/div>\n\t\t\t\t<\/div>\n\n\t\t\t<div\n\t\t\t\tclass=\"sow-accordion-panel-content\"\n\t\t\t\trole=\"region\"\n\t\t\t\taria-labelledby=\"accordion-label-%c2%bfc%c3%b3mo-se-tramita-la-hoja-de-reclamaciones-de-la-junta-de-andaluc%c3%ada\"\n\t\t\t\tid=\"accordion-content-%c2%bfc%c3%b3mo-se-tramita-la-hoja-de-reclamaciones-de-la-junta-de-andaluc%c3%ada\"\n\t\t\t\tstyle=\"display: none;\"\t\t\t>\n\t\t\t\t<div class=\"sow-accordion-panel-border\">\n\t\t\t\t\t<p>Toda empresa o profesional que comercialice bienes o preste servicios tienen la obligaci\u00f3n de disponer de la hoja de quejas y reclamaciones, incluidas las empresas que comercialicen a distancia o fuera de establecimiento comercial.<\/p>\n<p>Si hubiera negativa, por parte de la empresa, a facilitar, firmar o dejar rellenar las hojas fuera del establecimiento, el consumidor puede solicitar el auxilio de la polic\u00eda local.<\/p>\n<p>Si el consumidor presenta la hoja de reclamaciones en la propia empresa, el empresario dispone de un plazo de 10 d\u00edas para contestar, proponiendo una soluci\u00f3n, o justificar su negativa, manifestando si acepta resolver el conflicto mediante la mediaci\u00f3n o arbitraje de consumo.<\/p>\n<p>En el caso de que la empresa no conteste o la contestaci\u00f3n no satisfaga las peticiones del consumidor, podr\u00e1 presentarla en la Oficina Municipal de Informaci\u00f3n al Consumidor de su domicilio, que iniciar\u00e1 una mediaci\u00f3n para resolver el conflicto.<\/p>\n<p>Si no se produjera una resoluci\u00f3n favorable y se apreciara lesi\u00f3n de los derechos del consumidor, la Oficina Municipal de Informaci\u00f3n al Consumidor trasladar\u00eda la hoja al organismo competente.<\/p>\n\t\t\t\t<\/div>\n\t\t\t<\/div>\n\t\t<\/div>\n\t\t\t<div class=\"sow-accordion-panel\n\t\t\t\t\t\"\n\t\t\t\tdata-anchor-id=\"puedo-darme-de-baja-de-un-seguro-en-cualquier-momento\">\n\t\t\t\t\t<div class=\"sow-accordion-panel-header-container\" role=\"heading\" aria-level=\"2\">\n\t\t\t\t\t<div class=\"sow-accordion-panel-header\" tabindex=\"0\" role=\"button\" id=\"accordion-label-%c2%bfpuedo-darme-de-baja-de-un-seguro-en-cualquier-momento\" aria-controls=\"accordion-content-%c2%bfpuedo-darme-de-baja-de-un-seguro-en-cualquier-momento\" aria-expanded=\"false\">\n\t\t\t\t\t\t<div class=\"sow-accordion-title sow-accordion-title-icon-left\">\n\t\t\t\t\t\t\t\t\t\t\t\t\t\t\u00bfPuedo darme de baja de un seguro en cualquier momento?\t\t\t\t\t\t\t\t\t\t\t\t\t<\/div>\n\t\t\t\t\t\t<div class=\"sow-accordion-open-close-button\">\n\t\t\t\t\t\t\t<div class=\"sow-accordion-open-button\">\n\t\t\t\t\t\t\t\t<span class=\"sow-icon-ionicons\" data-sow-icon=\"&#xf218;\"\n\t\t \n\t\taria-hidden=\"true\"><\/span>\t\t\t\t\t\t\t<\/div>\n\t\t\t\t\t\t\t<div class=\"sow-accordion-close-button\">\n\t\t\t\t\t\t\t\t<span class=\"sow-icon-ionicons\" data-sow-icon=\"&#xf209;\"\n\t\t \n\t\taria-hidden=\"true\"><\/span>\t\t\t\t\t\t\t<\/div>\n\t\t\t\t\t\t<\/div>\n\t\t\t\t\t<\/div>\n\t\t\t\t<\/div>\n\n\t\t\t<div\n\t\t\t\tclass=\"sow-accordion-panel-content\"\n\t\t\t\trole=\"region\"\n\t\t\t\taria-labelledby=\"accordion-label-%c2%bfpuedo-darme-de-baja-de-un-seguro-en-cualquier-momento\"\n\t\t\t\tid=\"accordion-content-%c2%bfpuedo-darme-de-baja-de-un-seguro-en-cualquier-momento\"\n\t\t\t\t\t\t\t>\n\t\t\t\t<div class=\"sow-accordion-panel-border\">\n\t\t\t\t\t<p>No.<\/p>\n<p>Hay que tener en cuenta que los contratos de seguros suelen ser anuales, por lo que si queremos darnos de baja debemos hacerlo contactando con la aseguradora de forma fehaciente, por carta certificada o burofax, dirigido a la central de la aseguradora, con un mes de antelaci\u00f3n a la fecha de vencimiento de la p\u00f3liza.<\/p>\n<p>Si has contratado la p\u00f3liza a trav\u00e9s de Internet o fuera de establecimiento comercial, dispones de 14 d\u00edas naturales desde la contrataci\u00f3n, para desistir de dicho contrato, siempre de forma que permita dejar constancia de que has realizado la comunicaci\u00f3n a la aseguradora en tiempo y forma.<\/p>\n<p>La soluci\u00f3n nunca es devolver el recibo, ya que te podr\u00edan incluir en registro de morosidad.<\/p>\n\t\t\t\t<\/div>\n\t\t\t<\/div>\n\t\t<\/div>\n\t\t\t<div class=\"sow-accordion-panel\n\t\t\t\t\t\"\n\t\t\t\tdata-anchor-id=\"si-me-arrepiento-de-una-compra-los-comercios-estan-obligados-a-devolverme-el-dinero\">\n\t\t\t\t\t<div class=\"sow-accordion-panel-header-container\" role=\"heading\" aria-level=\"2\">\n\t\t\t\t\t<div class=\"sow-accordion-panel-header\" tabindex=\"0\" role=\"button\" id=\"accordion-label-%c2%bfsi-me-arrepiento-de-una-compra-los-comercios-est%c3%a1n-obligados-a-devolverme-el-dinero\" aria-controls=\"accordion-content-%c2%bfsi-me-arrepiento-de-una-compra-los-comercios-est%c3%a1n-obligados-a-devolverme-el-dinero\" aria-expanded=\"false\">\n\t\t\t\t\t\t<div class=\"sow-accordion-title sow-accordion-title-icon-left\">\n\t\t\t\t\t\t\t\t\t\t\t\t\t\t\u00bfSi me arrepiento de una compra, los comercios est\u00e1n obligados a devolverme el dinero?\t\t\t\t\t\t\t\t\t\t\t\t\t<\/div>\n\t\t\t\t\t\t<div class=\"sow-accordion-open-close-button\">\n\t\t\t\t\t\t\t<div class=\"sow-accordion-open-button\">\n\t\t\t\t\t\t\t\t<span class=\"sow-icon-ionicons\" data-sow-icon=\"&#xf218;\"\n\t\t \n\t\taria-hidden=\"true\"><\/span>\t\t\t\t\t\t\t<\/div>\n\t\t\t\t\t\t\t<div class=\"sow-accordion-close-button\">\n\t\t\t\t\t\t\t\t<span class=\"sow-icon-ionicons\" data-sow-icon=\"&#xf209;\"\n\t\t \n\t\taria-hidden=\"true\"><\/span>\t\t\t\t\t\t\t<\/div>\n\t\t\t\t\t\t<\/div>\n\t\t\t\t\t<\/div>\n\t\t\t\t<\/div>\n\n\t\t\t<div\n\t\t\t\tclass=\"sow-accordion-panel-content\"\n\t\t\t\trole=\"region\"\n\t\t\t\taria-labelledby=\"accordion-label-%c2%bfsi-me-arrepiento-de-una-compra-los-comercios-est%c3%a1n-obligados-a-devolverme-el-dinero\"\n\t\t\t\tid=\"accordion-content-%c2%bfsi-me-arrepiento-de-una-compra-los-comercios-est%c3%a1n-obligados-a-devolverme-el-dinero\"\n\t\t\t\tstyle=\"display: none;\"\t\t\t>\n\t\t\t\t<div class=\"sow-accordion-panel-border\">\n\t\t\t\t\t<p>\u00danicamente existe la obligaci\u00f3n de devolver el dinero de una compra, cuando hayamos realizado la misma fuera de establecimiento comercial o mediante un contrato a distancia, ejerciendo el derecho de desistiendo de la compra en el plazo m\u00e1ximo de 14 d\u00edas naturales. La forma correcta de ejercer este derecho es mediante escrito dirigido a la empresa, de forma fehaciente, es decir, por correo certificado o burofax. La empresa deber\u00e1 de devolvernos el importe de la compra en un plazo igual de 14 d\u00edas naturales, desde que recibe nuestro escrito fehaciente de desistimiento, si no lo hace, deber\u00e1 devolvernos el doble de dicha cantidad.<\/p>\n<p>El resto de establecimientos no est\u00e1n obligados a devolver el importe de la compra por nuestro arrepentimiento, a no ser que por propia voluntad y como promoci\u00f3n o gesto comercial, lo incluyan en su oferta, determinando la forma y plazo de las devoluciones, como pueden ser, la entrega de un vale, o incluso la devoluci\u00f3n del dinero.<\/p>\n\t\t\t\t<\/div>\n\t\t\t<\/div>\n\t\t<\/div>\n\t\t\t<div class=\"sow-accordion-panel\n\t\t\t\t\t\"\n\t\t\t\tdata-anchor-id=\"cuales-son-los-plazos-de-una-garantia\">\n\t\t\t\t\t<div class=\"sow-accordion-panel-header-container\" role=\"heading\" aria-level=\"2\">\n\t\t\t\t\t<div class=\"sow-accordion-panel-header\" tabindex=\"0\" role=\"button\" id=\"accordion-label-%c2%bfcu%c3%a1les-son-los-plazos-de-una-garant%c3%ada\" aria-controls=\"accordion-content-%c2%bfcu%c3%a1les-son-los-plazos-de-una-garant%c3%ada\" aria-expanded=\"false\">\n\t\t\t\t\t\t<div class=\"sow-accordion-title sow-accordion-title-icon-left\">\n\t\t\t\t\t\t\t\t\t\t\t\t\t\t\u00bfCu\u00e1les son los plazos de una garant\u00eda?\t\t\t\t\t\t\t\t\t\t\t\t\t<\/div>\n\t\t\t\t\t\t<div class=\"sow-accordion-open-close-button\">\n\t\t\t\t\t\t\t<div class=\"sow-accordion-open-button\">\n\t\t\t\t\t\t\t\t<span class=\"sow-icon-ionicons\" data-sow-icon=\"&#xf218;\"\n\t\t \n\t\taria-hidden=\"true\"><\/span>\t\t\t\t\t\t\t<\/div>\n\t\t\t\t\t\t\t<div class=\"sow-accordion-close-button\">\n\t\t\t\t\t\t\t\t<span class=\"sow-icon-ionicons\" data-sow-icon=\"&#xf209;\"\n\t\t \n\t\taria-hidden=\"true\"><\/span>\t\t\t\t\t\t\t<\/div>\n\t\t\t\t\t\t<\/div>\n\t\t\t\t\t<\/div>\n\t\t\t\t<\/div>\n\n\t\t\t<div\n\t\t\t\tclass=\"sow-accordion-panel-content\"\n\t\t\t\trole=\"region\"\n\t\t\t\taria-labelledby=\"accordion-label-%c2%bfcu%c3%a1les-son-los-plazos-de-una-garant%c3%ada\"\n\t\t\t\tid=\"accordion-content-%c2%bfcu%c3%a1les-son-los-plazos-de-una-garant%c3%ada\"\n\t\t\t\tstyle=\"display: none;\"\t\t\t>\n\t\t\t\t<div class=\"sow-accordion-panel-border\">\n\t\t\t\t\t<p>La garant\u00eda es un derecho que la Ley reconoce a los consumidores y usuarios y que afecta a los bienes destinados al consumo privado. Existen dos tipos de garant\u00edas:<\/p>\n<ol>\n<li>\u00a0La garant\u00eda legal: que se aplica durante 3 a\u00f1os para los productos nuevos, pero solo se entiende que el defecto exist\u00eda previamente a la compra durante los 2 primeros a\u00f1os, a partir de ese momento es el consumidor el que tiene que demostrar que este defecto exist\u00eda cuando se le entreg\u00f3 el producto y que no ha sido ocasionado por un mal uso. Los productos de segunda mano la garant\u00eda legal es de 1 a\u00f1o. NUEVA MODIFICACI\u00d3N LEGISLATIVA EN VIGOR PARA LOS PRODUCTOS NUEVOS COMPRADOS A PARTIR DEL 1\/01\/2022.<\/li>\n<li>\u00a0La garant\u00eda comercial: es una garant\u00eda adicional que ofrecen las empresas y que nunca ser\u00e1 inferior a plazo de garant\u00eda legal.<\/li>\n<\/ol>\n<p>Las reclamaciones por garant\u00eda siempre se realizar\u00e1n al vendedor, siendo el documento de garant\u00eda la propia factura de compra.<\/p>\n\t\t\t\t<\/div>\n\t\t\t<\/div>\n\t\t<\/div>\n\t\t\t<div class=\"sow-accordion-panel\n\t\t\t\t\t\"\n\t\t\t\tdata-anchor-id=\"donde-se-puede-solicitar-un-arbitraje-de-consumo\">\n\t\t\t\t\t<div class=\"sow-accordion-panel-header-container\" role=\"heading\" aria-level=\"2\">\n\t\t\t\t\t<div class=\"sow-accordion-panel-header\" tabindex=\"0\" role=\"button\" id=\"accordion-label-%c2%bfd%c3%b3nde-se-puede-solicitar-un-arbitraje-de-consumo\" aria-controls=\"accordion-content-%c2%bfd%c3%b3nde-se-puede-solicitar-un-arbitraje-de-consumo\" aria-expanded=\"false\">\n\t\t\t\t\t\t<div class=\"sow-accordion-title sow-accordion-title-icon-left\">\n\t\t\t\t\t\t\t\t\t\t\t\t\t\t\u00bfD\u00f3nde se puede solicitar un arbitraje de consumo?\t\t\t\t\t\t\t\t\t\t\t\t\t<\/div>\n\t\t\t\t\t\t<div class=\"sow-accordion-open-close-button\">\n\t\t\t\t\t\t\t<div class=\"sow-accordion-open-button\">\n\t\t\t\t\t\t\t\t<span class=\"sow-icon-ionicons\" data-sow-icon=\"&#xf218;\"\n\t\t \n\t\taria-hidden=\"true\"><\/span>\t\t\t\t\t\t\t<\/div>\n\t\t\t\t\t\t\t<div class=\"sow-accordion-close-button\">\n\t\t\t\t\t\t\t\t<span class=\"sow-icon-ionicons\" data-sow-icon=\"&#xf209;\"\n\t\t \n\t\taria-hidden=\"true\"><\/span>\t\t\t\t\t\t\t<\/div>\n\t\t\t\t\t\t<\/div>\n\t\t\t\t\t<\/div>\n\t\t\t\t<\/div>\n\n\t\t\t<div\n\t\t\t\tclass=\"sow-accordion-panel-content\"\n\t\t\t\trole=\"region\"\n\t\t\t\taria-labelledby=\"accordion-label-%c2%bfd%c3%b3nde-se-puede-solicitar-un-arbitraje-de-consumo\"\n\t\t\t\tid=\"accordion-content-%c2%bfd%c3%b3nde-se-puede-solicitar-un-arbitraje-de-consumo\"\n\t\t\t\tstyle=\"display: none;\"\t\t\t>\n\t\t\t\t<div class=\"sow-accordion-panel-border\">\n\t\t\t\t\t<p>El arbitraje de consumo es un sistema de resoluci\u00f3n de conflictos surgido entre los consumidores y usuarios y empresas o profesionales de productos o servicios, de car\u00e1cter extrajudicial, r\u00e1pido, eficaz y voluntario, que sustituye a la v\u00eda judicial y sin costes para las partes.<\/p>\n<p>Las solicitudes de arbitraje se pueden obtener a trav\u00e9s de la Web del Ayuntamiento de El Ejido, y presentarse tanto de forma virtual o presencial, siempre ante la Junta Arbitral de Consumo m\u00e1s cercana al domicilio del consumidor.<\/p>\n\t\t\t\t<\/div>\n\t\t\t<\/div>\n\t\t<\/div>\n\t\t\t<div class=\"sow-accordion-panel\n\t\t\t\t\t\"\n\t\t\t\tdata-anchor-id=\"que-ventajas-tiene-para-una-empresa-estar-adherida-al-sistema-arbitral-de-consumo\">\n\t\t\t\t\t<div class=\"sow-accordion-panel-header-container\" role=\"heading\" aria-level=\"2\">\n\t\t\t\t\t<div class=\"sow-accordion-panel-header\" tabindex=\"0\" role=\"button\" id=\"accordion-label-%c2%bfqu%c3%a9-ventajas-tiene-para-una-empresa-estar-adherida-al-sistema-arbitral-de-consumo\" aria-controls=\"accordion-content-%c2%bfqu%c3%a9-ventajas-tiene-para-una-empresa-estar-adherida-al-sistema-arbitral-de-consumo\" aria-expanded=\"false\">\n\t\t\t\t\t\t<div class=\"sow-accordion-title sow-accordion-title-icon-left\">\n\t\t\t\t\t\t\t\t\t\t\t\t\t\t\u00bfQu\u00e9 ventajas tiene para una empresa estar adherida al Sistema Arbitral de Consumo?\t\t\t\t\t\t\t\t\t\t\t\t\t<\/div>\n\t\t\t\t\t\t<div class=\"sow-accordion-open-close-button\">\n\t\t\t\t\t\t\t<div class=\"sow-accordion-open-button\">\n\t\t\t\t\t\t\t\t<span class=\"sow-icon-ionicons\" data-sow-icon=\"&#xf218;\"\n\t\t \n\t\taria-hidden=\"true\"><\/span>\t\t\t\t\t\t\t<\/div>\n\t\t\t\t\t\t\t<div class=\"sow-accordion-close-button\">\n\t\t\t\t\t\t\t\t<span class=\"sow-icon-ionicons\" data-sow-icon=\"&#xf209;\"\n\t\t \n\t\taria-hidden=\"true\"><\/span>\t\t\t\t\t\t\t<\/div>\n\t\t\t\t\t\t<\/div>\n\t\t\t\t\t<\/div>\n\t\t\t\t<\/div>\n\n\t\t\t<div\n\t\t\t\tclass=\"sow-accordion-panel-content\"\n\t\t\t\trole=\"region\"\n\t\t\t\taria-labelledby=\"accordion-label-%c2%bfqu%c3%a9-ventajas-tiene-para-una-empresa-estar-adherida-al-sistema-arbitral-de-consumo\"\n\t\t\t\tid=\"accordion-content-%c2%bfqu%c3%a9-ventajas-tiene-para-una-empresa-estar-adherida-al-sistema-arbitral-de-consumo\"\n\t\t\t\tstyle=\"display: none;\"\t\t\t>\n\t\t\t\t<div class=\"sow-accordion-panel-border\">\n\t\t\t\t\t<p>Para las empresas, la adhesi\u00f3n a este sistema es una garant\u00eda de calidad y buen servicio que ofrecen al consumidor, ya que sus clientes cuentan con la seguridad de que cualquier diferencia que surja entre ellos ser\u00e1 resuelta a trav\u00e9s de la v\u00eda arbitral de consumo.<\/p>\n<p>Las empresas y profesionales que se adhieren, de forma gratuita, al sistema arbitral de consumo reciben el\u00a0<strong>distintivo\u00a0<\/strong>oficial de adhesi\u00f3n, que pueden utilizar tanto en sus establecimientos como en su publicidad, albaranes, facturas o cualquier otro medio o documento.<\/p>\n\t\t\t\t<\/div>\n\t\t\t<\/div>\n\t\t<\/div>\n\t\t\t<div class=\"sow-accordion-panel\n\t\t\t\t\t\"\n\t\t\t\tdata-anchor-id=\"si-presento-una-solicitud-de-arbitraje-puedo-acudir-a-la-via-judicial\">\n\t\t\t\t\t<div class=\"sow-accordion-panel-header-container\" role=\"heading\" aria-level=\"2\">\n\t\t\t\t\t<div class=\"sow-accordion-panel-header\" tabindex=\"0\" role=\"button\" id=\"accordion-label-si-presento-una-solicitud-de-arbitraje-%c2%bfpuedo-acudir-a-la-v%c3%ada-judicial\" aria-controls=\"accordion-content-si-presento-una-solicitud-de-arbitraje-%c2%bfpuedo-acudir-a-la-v%c3%ada-judicial\" aria-expanded=\"false\">\n\t\t\t\t\t\t<div class=\"sow-accordion-title sow-accordion-title-icon-left\">\n\t\t\t\t\t\t\t\t\t\t\t\t\t\tSi presento una solicitud de arbitraje, \u00bfpuedo acudir a la v\u00eda judicial?\t\t\t\t\t\t\t\t\t\t\t\t\t<\/div>\n\t\t\t\t\t\t<div class=\"sow-accordion-open-close-button\">\n\t\t\t\t\t\t\t<div class=\"sow-accordion-open-button\">\n\t\t\t\t\t\t\t\t<span class=\"sow-icon-ionicons\" data-sow-icon=\"&#xf218;\"\n\t\t \n\t\taria-hidden=\"true\"><\/span>\t\t\t\t\t\t\t<\/div>\n\t\t\t\t\t\t\t<div class=\"sow-accordion-close-button\">\n\t\t\t\t\t\t\t\t<span class=\"sow-icon-ionicons\" data-sow-icon=\"&#xf209;\"\n\t\t \n\t\taria-hidden=\"true\"><\/span>\t\t\t\t\t\t\t<\/div>\n\t\t\t\t\t\t<\/div>\n\t\t\t\t\t<\/div>\n\t\t\t\t<\/div>\n\n\t\t\t<div\n\t\t\t\tclass=\"sow-accordion-panel-content\"\n\t\t\t\trole=\"region\"\n\t\t\t\taria-labelledby=\"accordion-label-si-presento-una-solicitud-de-arbitraje-%c2%bfpuedo-acudir-a-la-v%c3%ada-judicial\"\n\t\t\t\tid=\"accordion-content-si-presento-una-solicitud-de-arbitraje-%c2%bfpuedo-acudir-a-la-v%c3%ada-judicial\"\n\t\t\t\tstyle=\"display: none;\"\t\t\t>\n\t\t\t\t<div class=\"sow-accordion-panel-border\">\n\t\t\t\t\t<p>No, estas dos v\u00edas son incompatibles y excluyentes, ya que ambas finalizan en una resoluci\u00f3n ejecutiva y de obligado cumplimiento por ambas partes (laudo en el caso del arbitraje y sentencia en el caso de la v\u00eda judicial), teniendo por tanto valor de cosa juzgada.<\/p>\n\t\t\t\t<\/div>\n\t\t\t<\/div>\n\t\t<\/div>\n\t\t\t<div class=\"sow-accordion-panel\n\t\t\t\t\t\"\n\t\t\t\tdata-anchor-id=\"si-la-empresa-no-cumple-lo-dictado-por-el-tribunal-arbitral-que-puedo-hacer\">\n\t\t\t\t\t<div class=\"sow-accordion-panel-header-container\" role=\"heading\" aria-level=\"2\">\n\t\t\t\t\t<div class=\"sow-accordion-panel-header\" tabindex=\"0\" role=\"button\" id=\"accordion-label-si-la-empresa-no-cumple-lo-dictado-por-el-tribunal-arbitral-%c2%bfqu%c3%a9-puedo-hacer\" aria-controls=\"accordion-content-si-la-empresa-no-cumple-lo-dictado-por-el-tribunal-arbitral-%c2%bfqu%c3%a9-puedo-hacer\" aria-expanded=\"false\">\n\t\t\t\t\t\t<div class=\"sow-accordion-title sow-accordion-title-icon-left\">\n\t\t\t\t\t\t\t\t\t\t\t\t\t\tSi la empresa no cumple lo dictado por el Tribunal Arbitral, \u00bfqu\u00e9 puedo hacer?\t\t\t\t\t\t\t\t\t\t\t\t\t<\/div>\n\t\t\t\t\t\t<div class=\"sow-accordion-open-close-button\">\n\t\t\t\t\t\t\t<div class=\"sow-accordion-open-button\">\n\t\t\t\t\t\t\t\t<span class=\"sow-icon-ionicons\" data-sow-icon=\"&#xf218;\"\n\t\t \n\t\taria-hidden=\"true\"><\/span>\t\t\t\t\t\t\t<\/div>\n\t\t\t\t\t\t\t<div class=\"sow-accordion-close-button\">\n\t\t\t\t\t\t\t\t<span class=\"sow-icon-ionicons\" data-sow-icon=\"&#xf209;\"\n\t\t \n\t\taria-hidden=\"true\"><\/span>\t\t\t\t\t\t\t<\/div>\n\t\t\t\t\t\t<\/div>\n\t\t\t\t\t<\/div>\n\t\t\t\t<\/div>\n\n\t\t\t<div\n\t\t\t\tclass=\"sow-accordion-panel-content\"\n\t\t\t\trole=\"region\"\n\t\t\t\taria-labelledby=\"accordion-label-si-la-empresa-no-cumple-lo-dictado-por-el-tribunal-arbitral-%c2%bfqu%c3%a9-puedo-hacer\"\n\t\t\t\tid=\"accordion-content-si-la-empresa-no-cumple-lo-dictado-por-el-tribunal-arbitral-%c2%bfqu%c3%a9-puedo-hacer\"\n\t\t\t\tstyle=\"display: none;\"\t\t\t>\n\t\t\t\t<div class=\"sow-accordion-panel-border\">\n\t\t\t\t\t<p>Lo tienes que comunicar a la Junta Arbitral Municipal de Consumo del Ayuntamiento de El Ejido, que har\u00e1 un escrito recordatorio con la obligaci\u00f3n del cumplimiento del laudo dictado.<\/p>\n<p>En caso de que persista en el incumplimiento del laudo, tendr\u00e1 que instar su ejecuci\u00f3n ante el juzgado de primera instancia de tu localidad y solicitar previamente a la Junta Arbitral, por escrito, una certificaci\u00f3n de las actuaciones.<\/p>\n\t\t\t\t<\/div>\n\t\t\t<\/div>\n\t\t<\/div>\n\t\t<\/div>\n<\/div>\n<\/div><\/div><\/div>\n<\/div><\/div>\n","protected":false},"excerpt":{"rendered":"<p>Preguntas Frecuentes<\/p>\n","protected":false},"author":5,"featured_media":0,"parent":0,"menu_order":0,"comment_status":"closed","ping_status":"closed","template":"","meta":{"content-type":"","ocean_post_layout":"","ocean_both_sidebars_style":"","ocean_both_sidebars_content_width":0,"ocean_both_sidebars_sidebars_width":0,"ocean_sidebar":"0","ocean_second_sidebar":"0","ocean_disable_margins":"enable","ocean_add_body_class":"","ocean_shortcode_before_top_bar":"","ocean_shortcode_after_top_bar":"","ocean_shortcode_before_header":"","ocean_shortcode_after_header":"","ocean_has_shortcode":"","ocean_shortcode_after_title":"","ocean_shortcode_before_footer_widgets":"","ocean_shortcode_after_footer_widgets":"","ocean_shortcode_before_footer_bottom":"","ocean_shortcode_after_footer_bottom":"","ocean_display_top_bar":"default","ocean_display_header":"default","ocean_header_style":"","ocean_center_header_left_menu":"0","ocean_custom_header_template":"0","ocean_custom_logo":0,"ocean_custom_retina_logo":0,"ocean_custom_logo_max_width":0,"ocean_custom_logo_tablet_max_width":0,"ocean_custom_logo_mobile_max_width":0,"ocean_custom_logo_max_height":0,"ocean_custom_logo_tablet_max_height":0,"ocean_custom_logo_mobile_max_height":0,"ocean_header_custom_menu":"0","ocean_menu_typo_font_family":"0","ocean_menu_typo_font_subset":"","ocean_menu_typo_font_size":0,"ocean_menu_typo_font_size_tablet":0,"ocean_menu_typo_font_size_mobile":0,"ocean_menu_typo_font_size_unit":"px","ocean_menu_typo_font_weight":"","ocean_menu_typo_font_weight_tablet":"","ocean_menu_typo_font_weight_mobile":"","ocean_menu_typo_transform":"","ocean_menu_typo_transform_tablet":"","ocean_menu_typo_transform_mobile":"","ocean_menu_typo_line_height":0,"ocean_menu_typo_line_height_tablet":0,"ocean_menu_typo_line_height_mobile":0,"ocean_menu_typo_line_height_unit":"","ocean_menu_typo_spacing":0,"ocean_menu_typo_spacing_tablet":0,"ocean_menu_typo_spacing_mobile":0,"ocean_menu_typo_spacing_unit":"","ocean_menu_link_color":"","ocean_menu_link_color_hover":"","ocean_menu_link_color_active":"","ocean_menu_link_background":"","ocean_menu_link_hover_background":"","ocean_menu_link_active_background":"","ocean_menu_social_links_bg":"","ocean_menu_social_hover_links_bg":"","ocean_menu_social_links_color":"","ocean_menu_social_hover_links_color":"","ocean_disable_title":"default","ocean_disable_heading":"default","ocean_post_title":"","ocean_post_subheading":"","ocean_post_title_style":"","ocean_post_title_background_color":"","ocean_post_title_background":0,"ocean_post_title_bg_image_position":"","ocean_post_title_bg_image_attachment":"","ocean_post_title_bg_image_repeat":"","ocean_post_title_bg_image_size":"","ocean_post_title_height":0,"ocean_post_title_bg_overlay":0.5,"ocean_post_title_bg_overlay_color":"","ocean_disable_breadcrumbs":"default","ocean_breadcrumbs_color":"","ocean_breadcrumbs_separator_color":"","ocean_breadcrumbs_links_color":"","ocean_breadcrumbs_links_hover_color":"","ocean_display_footer_widgets":"default","ocean_display_footer_bottom":"default","ocean_custom_footer_template":"0","footnotes":""},"class_list":["post-1200","page","type-page","status-publish","hentry","entry"],"yoast_head":"<!-- This site is optimized with the Yoast SEO plugin v27.4 - https:\/\/yoast.com\/product\/yoast-seo-wordpress\/ -->\n<title>Preguntas Frecuentes - Consumo El Ejido<\/title>\n<meta name=\"description\" content=\"Te presentamos una recopilaci\u00f3n de las preguntas m\u00e1s frecuentes en materia de consumo, para que resuelvas tus dudas.\" \/>\n<meta name=\"robots\" content=\"index, follow, max-snippet:-1, max-image-preview:large, max-video-preview:-1\" \/>\n<link rel=\"canonical\" href=\"https:\/\/elejido.es\/consumo\/index.php\/preguntas-frecuentes\/\" \/>\n<meta property=\"og:locale\" content=\"es_ES\" \/>\n<meta property=\"og:type\" content=\"article\" \/>\n<meta property=\"og:title\" content=\"Preguntas Frecuentes - Consumo El Ejido\" \/>\n<meta property=\"og:description\" content=\"Te presentamos una recopilaci\u00f3n de las preguntas m\u00e1s frecuentes en materia de consumo, para que resuelvas tus dudas.\" \/>\n<meta property=\"og:url\" content=\"https:\/\/elejido.es\/consumo\/index.php\/preguntas-frecuentes\/\" \/>\n<meta property=\"og:site_name\" content=\"Consumo El Ejido\" \/>\n<meta property=\"article:modified_time\" content=\"2025-02-06T08:17:48+00:00\" \/>\n<meta name=\"twitter:card\" content=\"summary_large_image\" \/>\n<meta name=\"twitter:label1\" content=\"Tiempo de lectura\" \/>\n\t<meta name=\"twitter:data1\" content=\"1 minuto\" \/>\n<script type=\"application\/ld+json\" class=\"yoast-schema-graph\">{\"@context\":\"https:\\\/\\\/schema.org\",\"@graph\":[{\"@type\":\"WebPage\",\"@id\":\"https:\\\/\\\/elejido.es\\\/consumo\\\/index.php\\\/preguntas-frecuentes\\\/\",\"url\":\"https:\\\/\\\/elejido.es\\\/consumo\\\/index.php\\\/preguntas-frecuentes\\\/\",\"name\":\"Preguntas Frecuentes - Consumo El Ejido\",\"isPartOf\":{\"@id\":\"https:\\\/\\\/elejido.es\\\/consumo\\\/#website\"},\"datePublished\":\"2020-12-14T07:28:41+00:00\",\"dateModified\":\"2025-02-06T08:17:48+00:00\",\"description\":\"Te presentamos una recopilaci\u00f3n de las preguntas m\u00e1s frecuentes en materia de consumo, para que resuelvas tus dudas.\",\"inLanguage\":\"es\",\"potentialAction\":[{\"@type\":\"ReadAction\",\"target\":[\"https:\\\/\\\/elejido.es\\\/consumo\\\/index.php\\\/preguntas-frecuentes\\\/\"]}]},{\"@type\":\"WebSite\",\"@id\":\"https:\\\/\\\/elejido.es\\\/consumo\\\/#website\",\"url\":\"https:\\\/\\\/elejido.es\\\/consumo\\\/\",\"name\":\"Consumo El Ejido\",\"description\":\"P\u00e1gina Oficial del \u00c1rea de Consumo del Ayuntamiento de El Ejido. Conoce la OMIC de El Ejido. Consejos para consumidores y mucho m\u00e1s.\",\"publisher\":{\"@id\":\"https:\\\/\\\/elejido.es\\\/consumo\\\/#organization\"},\"potentialAction\":[{\"@type\":\"SearchAction\",\"target\":{\"@type\":\"EntryPoint\",\"urlTemplate\":\"https:\\\/\\\/elejido.es\\\/consumo\\\/?s={search_term_string}\"},\"query-input\":{\"@type\":\"PropertyValueSpecification\",\"valueRequired\":true,\"valueName\":\"search_term_string\"}}],\"inLanguage\":\"es\"},{\"@type\":\"Organization\",\"@id\":\"https:\\\/\\\/elejido.es\\\/consumo\\\/#organization\",\"name\":\"Consumo El Ejido\",\"url\":\"https:\\\/\\\/elejido.es\\\/consumo\\\/\",\"logo\":{\"@type\":\"ImageObject\",\"inLanguage\":\"es\",\"@id\":\"https:\\\/\\\/elejido.es\\\/consumo\\\/#\\\/schema\\\/logo\\\/image\\\/\",\"url\":\"https:\\\/\\\/elejido.es\\\/consumo\\\/wp-content\\\/uploads\\\/2023\\\/08\\\/unnamed.jpg\",\"contentUrl\":\"https:\\\/\\\/elejido.es\\\/consumo\\\/wp-content\\\/uploads\\\/2023\\\/08\\\/unnamed.jpg\",\"width\":512,\"height\":260,\"caption\":\"Consumo El Ejido\"},\"image\":{\"@id\":\"https:\\\/\\\/elejido.es\\\/consumo\\\/#\\\/schema\\\/logo\\\/image\\\/\"}}]}<\/script>\n<!-- \/ Yoast SEO plugin. -->","yoast_head_json":{"title":"Preguntas Frecuentes - Consumo El Ejido","description":"Te presentamos una recopilaci\u00f3n de las preguntas m\u00e1s frecuentes en materia de consumo, para que resuelvas tus dudas.","robots":{"index":"index","follow":"follow","max-snippet":"max-snippet:-1","max-image-preview":"max-image-preview:large","max-video-preview":"max-video-preview:-1"},"canonical":"https:\/\/elejido.es\/consumo\/index.php\/preguntas-frecuentes\/","og_locale":"es_ES","og_type":"article","og_title":"Preguntas Frecuentes - Consumo El Ejido","og_description":"Te presentamos una recopilaci\u00f3n de las preguntas m\u00e1s frecuentes en materia de consumo, para que resuelvas tus dudas.","og_url":"https:\/\/elejido.es\/consumo\/index.php\/preguntas-frecuentes\/","og_site_name":"Consumo El Ejido","article_modified_time":"2025-02-06T08:17:48+00:00","twitter_card":"summary_large_image","twitter_misc":{"Tiempo de lectura":"1 minuto"},"schema":{"@context":"https:\/\/schema.org","@graph":[{"@type":"WebPage","@id":"https:\/\/elejido.es\/consumo\/index.php\/preguntas-frecuentes\/","url":"https:\/\/elejido.es\/consumo\/index.php\/preguntas-frecuentes\/","name":"Preguntas Frecuentes - Consumo El Ejido","isPartOf":{"@id":"https:\/\/elejido.es\/consumo\/#website"},"datePublished":"2020-12-14T07:28:41+00:00","dateModified":"2025-02-06T08:17:48+00:00","description":"Te presentamos una recopilaci\u00f3n de las preguntas m\u00e1s frecuentes en materia de consumo, para que resuelvas tus dudas.","inLanguage":"es","potentialAction":[{"@type":"ReadAction","target":["https:\/\/elejido.es\/consumo\/index.php\/preguntas-frecuentes\/"]}]},{"@type":"WebSite","@id":"https:\/\/elejido.es\/consumo\/#website","url":"https:\/\/elejido.es\/consumo\/","name":"Consumo El Ejido","description":"P\u00e1gina Oficial del \u00c1rea de Consumo del Ayuntamiento de El Ejido. Conoce la OMIC de El Ejido. Consejos para consumidores y mucho m\u00e1s.","publisher":{"@id":"https:\/\/elejido.es\/consumo\/#organization"},"potentialAction":[{"@type":"SearchAction","target":{"@type":"EntryPoint","urlTemplate":"https:\/\/elejido.es\/consumo\/?s={search_term_string}"},"query-input":{"@type":"PropertyValueSpecification","valueRequired":true,"valueName":"search_term_string"}}],"inLanguage":"es"},{"@type":"Organization","@id":"https:\/\/elejido.es\/consumo\/#organization","name":"Consumo El Ejido","url":"https:\/\/elejido.es\/consumo\/","logo":{"@type":"ImageObject","inLanguage":"es","@id":"https:\/\/elejido.es\/consumo\/#\/schema\/logo\/image\/","url":"https:\/\/elejido.es\/consumo\/wp-content\/uploads\/2023\/08\/unnamed.jpg","contentUrl":"https:\/\/elejido.es\/consumo\/wp-content\/uploads\/2023\/08\/unnamed.jpg","width":512,"height":260,"caption":"Consumo El Ejido"},"image":{"@id":"https:\/\/elejido.es\/consumo\/#\/schema\/logo\/image\/"}}]}},"_links":{"self":[{"href":"https:\/\/elejido.es\/consumo\/index.php\/wp-json\/wp\/v2\/pages\/1200","targetHints":{"allow":["GET"]}}],"collection":[{"href":"https:\/\/elejido.es\/consumo\/index.php\/wp-json\/wp\/v2\/pages"}],"about":[{"href":"https:\/\/elejido.es\/consumo\/index.php\/wp-json\/wp\/v2\/types\/page"}],"author":[{"embeddable":true,"href":"https:\/\/elejido.es\/consumo\/index.php\/wp-json\/wp\/v2\/users\/5"}],"replies":[{"embeddable":true,"href":"https:\/\/elejido.es\/consumo\/index.php\/wp-json\/wp\/v2\/comments?post=1200"}],"version-history":[{"count":27,"href":"https:\/\/elejido.es\/consumo\/index.php\/wp-json\/wp\/v2\/pages\/1200\/revisions"}],"predecessor-version":[{"id":22867,"href":"https:\/\/elejido.es\/consumo\/index.php\/wp-json\/wp\/v2\/pages\/1200\/revisions\/22867"}],"wp:attachment":[{"href":"https:\/\/elejido.es\/consumo\/index.php\/wp-json\/wp\/v2\/media?parent=1200"}],"curies":[{"name":"wp","href":"https:\/\/api.w.org\/{rel}","templated":true}]}}