{"id":21772,"date":"2023-08-18T10:55:29","date_gmt":"2023-08-18T08:55:29","guid":{"rendered":"https:\/\/elejido.es\/consumo\/?page_id=21772"},"modified":"2025-01-14T12:00:06","modified_gmt":"2025-01-14T11:00:06","slug":"el-consumidor","status":"publish","type":"page","link":"https:\/\/elejido.es\/consumo\/index.php\/el-consumidor\/","title":{"rendered":"El Consumidor"},"content":{"rendered":"\n<div class=\"wp-block-group container\"><div class=\"wp-block-group__inner-container is-layout-flow wp-block-group-is-layout-flow\">\n<div style=\"height:25px\" aria-hidden=\"true\" class=\"wp-block-spacer\"><\/div>\n\n\n<div class=\"breadcrumbs align  wp-block-bcn-breadcrumb-trail has-text-color has-background\" vocab=\"https:\/\/schema.org\/\" typeof=\"BreadcrumbList\">\n\t<span><\/span>\n\t<span property=\"itemListElement\" typeof=\"ListItem\"><a property=\"item\" typeof=\"WebPage\" title=\"Ir a Consumo El Ejido.\" href=\"https:\/\/elejido.es\/consumo\" class=\"home\" aria-current=\"page\"><span property=\"name\">Consumo El Ejido<\/span><\/a><meta property=\"position\" content=\"1\"><\/span><\/div>\n\n\n\n<div style=\"height:50px\" aria-hidden=\"true\" class=\"wp-block-spacer\"><\/div>\n\n\n\n<h2 class=\"has-text-align-left animated zoomIn duration1 eds-on-scroll wp-block-heading\">El Consumidor<\/h2>\n\n\n\n<div style=\"height:50px\" aria-hidden=\"true\" class=\"wp-block-spacer\"><\/div>\n\n\n\n<h3 class=\"wp-block-heading\">\u00bfQui\u00e9nes son personas consumidoras y usuarias?<\/h3>\n\n\n\n<p>Seg\u00fan establece el Art. 3 de la <em>Ley 13\/2003 de defensa y protecci\u00f3n de los consumidores y usuarios de Andaluc\u00eda<\/em>, las personas consumidoras o usuarias finales son aquellas \u201c<strong>personas f\u00edsicas o jur\u00eddicas que adquieren, utilicen o disfruten como destinatarios finales de bienes y servicios<\/strong>. No tienen esta consideraci\u00f3n las personas f\u00edsicas o jur\u00eddicas que, sin constituirse en destinatarios finales, adquieren, utilicen o disfruten bienes o servicios con el fin de integrarlos en la organizaci\u00f3n o ejercicio de una actividad empresarial, profesional o de prestaci\u00f3n de servicios, incluidos los p\u00fablicos\u201d.<\/p>\n\n\n\n<p><\/p>\n\n\n\n<p>En conclusi\u00f3n son destinatarios finales de bienes y servicios:<\/p>\n\n\n\n<ol class=\"wp-block-list\" type=\"a\">\n<li>Personas f\u00edsicas que adquieran, utilicen o disfruten bienes o servicios cuya exclusiva finalidad sea el uso o&nbsp; disfrute personal, familiar o dom\u00e9stico.<\/li>\n\n\n\n<li>Las personas jur\u00eddicas que adquieran utilicen o disfruten bienes o servicios destinados de forma&nbsp; desinteresada, gratuita o sin \u00e1nimo de lucro a sus trabajadores, socios, miembros o para ellos mismos.<\/li>\n<\/ol>\n\n\n\n<p>Las entidades asociativas sin personalidad jur\u00eddica que adquieran, utilicen o disfruten bienes o servicios sin \u00e1nimo de lucro.<\/p>\n\n\n\n<div style=\"height:50px\" aria-hidden=\"true\" class=\"wp-block-spacer\"><\/div>\n\n\n\n<h3 class=\"wp-block-heading\">\u00bfQui\u00e9nes son consumidores vulnerables?<\/h3>\n\n\n\n<p>Seg\u00fan establece el articulo 3.2 de la <em>Ley 4\/2022, de 25 de febrero, de protecci\u00f3n de los consumidores y usuarios frente a situaciones de vulnerabilidad social y econ\u00f3mica<\/em>, son considerados <strong>personas consumidoras vulnerables<\/strong> respecto de las relaciones concretas de consumo, aquellas personas f\u00edsicas que, de forma individual o colectiva, por sus caracter\u00edsticas, necesidades o circunstancias personales, econ\u00f3micas, educativas o sociales, se encuentran, aunque sea territorial, sectorial o\u00a0 temporalmente, en una especial situaci\u00f3n de subordinaci\u00f3n, indefensi\u00f3n o desprotecci\u00f3n que les impide el ejercicio de sus derechos como personas consumidoras en condiciones de igualdad.<\/p>\n<\/div><\/div>\n","protected":false},"excerpt":{"rendered":"<p>El Consumidor \u00bfQui\u00e9nes son personas consumidoras y usuarias? Seg\u00fan establece el Art. 3 de la Ley 13\/2003 de defensa y protecci\u00f3n de los consumidores y usuarios de Andaluc\u00eda, las personas consumidoras o usuarias finales son aquellas \u201cpersonas f\u00edsicas o jur\u00eddicas que adquieren, utilicen o disfruten como destinatarios finales de bienes y servicios. No tienen esta [&hellip;]<\/p>\n","protected":false},"author":5,"featured_media":0,"parent":0,"menu_order":0,"comment_status":"closed","ping_status":"closed","template":"","meta":{"content-type":"","ocean_post_layout":"","ocean_both_sidebars_style":"","ocean_both_sidebars_content_width":0,"ocean_both_sidebars_sidebars_width":0,"ocean_sidebar":"0","ocean_second_sidebar":"0","ocean_disable_margins":"enable","ocean_add_body_class":"","ocean_shortcode_before_top_bar":"","ocean_shortcode_after_top_bar":"","ocean_shortcode_before_header":"","ocean_shortcode_after_header":"","ocean_has_shortcode":"","ocean_shortcode_after_title":"","ocean_shortcode_before_footer_widgets":"","ocean_shortcode_after_footer_widgets":"","ocean_shortcode_before_footer_bottom":"","ocean_shortcode_after_footer_bottom":"","ocean_display_top_bar":"default","ocean_display_header":"default","ocean_header_style":"","ocean_center_header_left_menu":"0","ocean_custom_header_template":"0","ocean_custom_logo":0,"ocean_custom_retina_logo":0,"ocean_custom_logo_max_width":0,"ocean_custom_logo_tablet_max_width":0,"ocean_custom_logo_mobile_max_width":0,"ocean_custom_logo_max_height":0,"ocean_custom_logo_tablet_max_height":0,"ocean_custom_logo_mobile_max_height":0,"ocean_header_custom_menu":"0","ocean_menu_typo_font_family":"0","ocean_menu_typo_font_subset":"","ocean_menu_typo_font_size":0,"ocean_menu_typo_font_size_tablet":0,"ocean_menu_typo_font_size_mobile":0,"ocean_menu_typo_font_size_unit":"px","ocean_menu_typo_font_weight":"","ocean_menu_typo_font_weight_tablet":"","ocean_menu_typo_font_weight_mobile":"","ocean_menu_typo_transform":"","ocean_menu_typo_transform_tablet":"","ocean_menu_typo_transform_mobile":"","ocean_menu_typo_line_height":0,"ocean_menu_typo_line_height_tablet":0,"ocean_menu_typo_line_height_mobile":0,"ocean_menu_typo_line_height_unit":"","ocean_menu_typo_spacing":0,"ocean_menu_typo_spacing_tablet":0,"ocean_menu_typo_spacing_mobile":0,"ocean_menu_typo_spacing_unit":"","ocean_menu_link_color":"","ocean_menu_link_color_hover":"","ocean_menu_link_color_active":"","ocean_menu_link_background":"","ocean_menu_link_hover_background":"","ocean_menu_link_active_background":"","ocean_menu_social_links_bg":"","ocean_menu_social_hover_links_bg":"","ocean_menu_social_links_color":"","ocean_menu_social_hover_links_color":"","ocean_disable_title":"default","ocean_disable_heading":"default","ocean_post_title":"","ocean_post_subheading":"","ocean_post_title_style":"","ocean_post_title_background_color":"","ocean_post_title_background":0,"ocean_post_title_bg_image_position":"","ocean_post_title_bg_image_attachment":"","ocean_post_title_bg_image_repeat":"","ocean_post_title_bg_image_size":"","ocean_post_title_height":0,"ocean_post_title_bg_overlay":0.5,"ocean_post_title_bg_overlay_color":"","ocean_disable_breadcrumbs":"default","ocean_breadcrumbs_color":"","ocean_breadcrumbs_separator_color":"","ocean_breadcrumbs_links_color":"","ocean_breadcrumbs_links_hover_color":"","ocean_display_footer_widgets":"default","ocean_display_footer_bottom":"default","ocean_custom_footer_template":"0","footnotes":""},"class_list":["post-21772","page","type-page","status-publish","hentry","entry"],"yoast_head":"<!-- This site is optimized with the Yoast SEO plugin v27.4 - https:\/\/yoast.com\/product\/yoast-seo-wordpress\/ -->\n<title>El Consumidor - Consumo El Ejido<\/title>\n<meta name=\"description\" content=\"\u00bfQui\u00e9nes son personas consumidoras y usuarias? \u00bfQui\u00e9nes son consumidores vulnerables? Toda la informaci\u00f3n aqu\u00ed.\" \/>\n<meta name=\"robots\" content=\"index, follow, max-snippet:-1, max-image-preview:large, max-video-preview:-1\" \/>\n<link rel=\"canonical\" href=\"https:\/\/elejido.es\/consumo\/index.php\/el-consumidor\/\" \/>\n<meta property=\"og:locale\" content=\"es_ES\" \/>\n<meta property=\"og:type\" content=\"article\" \/>\n<meta property=\"og:title\" content=\"El Consumidor - Consumo El Ejido\" \/>\n<meta property=\"og:description\" content=\"\u00bfQui\u00e9nes son personas consumidoras y usuarias? \u00bfQui\u00e9nes son consumidores vulnerables? Toda la informaci\u00f3n aqu\u00ed.\" \/>\n<meta property=\"og:url\" content=\"https:\/\/elejido.es\/consumo\/index.php\/el-consumidor\/\" \/>\n<meta property=\"og:site_name\" content=\"Consumo El Ejido\" \/>\n<meta property=\"article:modified_time\" content=\"2025-01-14T11:00:06+00:00\" \/>\n<meta name=\"twitter:card\" content=\"summary_large_image\" \/>\n<meta name=\"twitter:label1\" content=\"Tiempo de lectura\" \/>\n\t<meta name=\"twitter:data1\" content=\"2 minutos\" \/>\n<script type=\"application\/ld+json\" class=\"yoast-schema-graph\">{\"@context\":\"https:\\\/\\\/schema.org\",\"@graph\":[{\"@type\":\"WebPage\",\"@id\":\"https:\\\/\\\/elejido.es\\\/consumo\\\/index.php\\\/el-consumidor\\\/\",\"url\":\"https:\\\/\\\/elejido.es\\\/consumo\\\/index.php\\\/el-consumidor\\\/\",\"name\":\"El Consumidor - Consumo El Ejido\",\"isPartOf\":{\"@id\":\"https:\\\/\\\/elejido.es\\\/consumo\\\/#website\"},\"datePublished\":\"2023-08-18T08:55:29+00:00\",\"dateModified\":\"2025-01-14T11:00:06+00:00\",\"description\":\"\u00bfQui\u00e9nes son personas consumidoras y usuarias? \u00bfQui\u00e9nes son consumidores vulnerables? Toda la informaci\u00f3n aqu\u00ed.\",\"inLanguage\":\"es\",\"potentialAction\":[{\"@type\":\"ReadAction\",\"target\":[\"https:\\\/\\\/elejido.es\\\/consumo\\\/index.php\\\/el-consumidor\\\/\"]}]},{\"@type\":\"WebSite\",\"@id\":\"https:\\\/\\\/elejido.es\\\/consumo\\\/#website\",\"url\":\"https:\\\/\\\/elejido.es\\\/consumo\\\/\",\"name\":\"Consumo El Ejido\",\"description\":\"P\u00e1gina Oficial del \u00c1rea de Consumo del Ayuntamiento de El Ejido. Conoce la OMIC de El Ejido. Consejos para consumidores y mucho m\u00e1s.\",\"publisher\":{\"@id\":\"https:\\\/\\\/elejido.es\\\/consumo\\\/#organization\"},\"potentialAction\":[{\"@type\":\"SearchAction\",\"target\":{\"@type\":\"EntryPoint\",\"urlTemplate\":\"https:\\\/\\\/elejido.es\\\/consumo\\\/?s={search_term_string}\"},\"query-input\":{\"@type\":\"PropertyValueSpecification\",\"valueRequired\":true,\"valueName\":\"search_term_string\"}}],\"inLanguage\":\"es\"},{\"@type\":\"Organization\",\"@id\":\"https:\\\/\\\/elejido.es\\\/consumo\\\/#organization\",\"name\":\"Consumo El Ejido\",\"url\":\"https:\\\/\\\/elejido.es\\\/consumo\\\/\",\"logo\":{\"@type\":\"ImageObject\",\"inLanguage\":\"es\",\"@id\":\"https:\\\/\\\/elejido.es\\\/consumo\\\/#\\\/schema\\\/logo\\\/image\\\/\",\"url\":\"https:\\\/\\\/elejido.es\\\/consumo\\\/wp-content\\\/uploads\\\/2023\\\/08\\\/unnamed.jpg\",\"contentUrl\":\"https:\\\/\\\/elejido.es\\\/consumo\\\/wp-content\\\/uploads\\\/2023\\\/08\\\/unnamed.jpg\",\"width\":512,\"height\":260,\"caption\":\"Consumo El Ejido\"},\"image\":{\"@id\":\"https:\\\/\\\/elejido.es\\\/consumo\\\/#\\\/schema\\\/logo\\\/image\\\/\"}}]}<\/script>\n<!-- \/ Yoast SEO plugin. -->","yoast_head_json":{"title":"El Consumidor - Consumo El Ejido","description":"\u00bfQui\u00e9nes son personas consumidoras y usuarias? \u00bfQui\u00e9nes son consumidores vulnerables? Toda la informaci\u00f3n aqu\u00ed.","robots":{"index":"index","follow":"follow","max-snippet":"max-snippet:-1","max-image-preview":"max-image-preview:large","max-video-preview":"max-video-preview:-1"},"canonical":"https:\/\/elejido.es\/consumo\/index.php\/el-consumidor\/","og_locale":"es_ES","og_type":"article","og_title":"El Consumidor - Consumo El Ejido","og_description":"\u00bfQui\u00e9nes son personas consumidoras y usuarias? \u00bfQui\u00e9nes son consumidores vulnerables? Toda la informaci\u00f3n aqu\u00ed.","og_url":"https:\/\/elejido.es\/consumo\/index.php\/el-consumidor\/","og_site_name":"Consumo El Ejido","article_modified_time":"2025-01-14T11:00:06+00:00","twitter_card":"summary_large_image","twitter_misc":{"Tiempo de lectura":"2 minutos"},"schema":{"@context":"https:\/\/schema.org","@graph":[{"@type":"WebPage","@id":"https:\/\/elejido.es\/consumo\/index.php\/el-consumidor\/","url":"https:\/\/elejido.es\/consumo\/index.php\/el-consumidor\/","name":"El Consumidor - Consumo El Ejido","isPartOf":{"@id":"https:\/\/elejido.es\/consumo\/#website"},"datePublished":"2023-08-18T08:55:29+00:00","dateModified":"2025-01-14T11:00:06+00:00","description":"\u00bfQui\u00e9nes son personas consumidoras y usuarias? \u00bfQui\u00e9nes son consumidores vulnerables? Toda la informaci\u00f3n aqu\u00ed.","inLanguage":"es","potentialAction":[{"@type":"ReadAction","target":["https:\/\/elejido.es\/consumo\/index.php\/el-consumidor\/"]}]},{"@type":"WebSite","@id":"https:\/\/elejido.es\/consumo\/#website","url":"https:\/\/elejido.es\/consumo\/","name":"Consumo El Ejido","description":"P\u00e1gina Oficial del \u00c1rea de Consumo del Ayuntamiento de El Ejido. Conoce la OMIC de El Ejido. Consejos para consumidores y mucho m\u00e1s.","publisher":{"@id":"https:\/\/elejido.es\/consumo\/#organization"},"potentialAction":[{"@type":"SearchAction","target":{"@type":"EntryPoint","urlTemplate":"https:\/\/elejido.es\/consumo\/?s={search_term_string}"},"query-input":{"@type":"PropertyValueSpecification","valueRequired":true,"valueName":"search_term_string"}}],"inLanguage":"es"},{"@type":"Organization","@id":"https:\/\/elejido.es\/consumo\/#organization","name":"Consumo El Ejido","url":"https:\/\/elejido.es\/consumo\/","logo":{"@type":"ImageObject","inLanguage":"es","@id":"https:\/\/elejido.es\/consumo\/#\/schema\/logo\/image\/","url":"https:\/\/elejido.es\/consumo\/wp-content\/uploads\/2023\/08\/unnamed.jpg","contentUrl":"https:\/\/elejido.es\/consumo\/wp-content\/uploads\/2023\/08\/unnamed.jpg","width":512,"height":260,"caption":"Consumo El Ejido"},"image":{"@id":"https:\/\/elejido.es\/consumo\/#\/schema\/logo\/image\/"}}]}},"_links":{"self":[{"href":"https:\/\/elejido.es\/consumo\/index.php\/wp-json\/wp\/v2\/pages\/21772","targetHints":{"allow":["GET"]}}],"collection":[{"href":"https:\/\/elejido.es\/consumo\/index.php\/wp-json\/wp\/v2\/pages"}],"about":[{"href":"https:\/\/elejido.es\/consumo\/index.php\/wp-json\/wp\/v2\/types\/page"}],"author":[{"embeddable":true,"href":"https:\/\/elejido.es\/consumo\/index.php\/wp-json\/wp\/v2\/users\/5"}],"replies":[{"embeddable":true,"href":"https:\/\/elejido.es\/consumo\/index.php\/wp-json\/wp\/v2\/comments?post=21772"}],"version-history":[{"count":8,"href":"https:\/\/elejido.es\/consumo\/index.php\/wp-json\/wp\/v2\/pages\/21772\/revisions"}],"predecessor-version":[{"id":22823,"href":"https:\/\/elejido.es\/consumo\/index.php\/wp-json\/wp\/v2\/pages\/21772\/revisions\/22823"}],"wp:attachment":[{"href":"https:\/\/elejido.es\/consumo\/index.php\/wp-json\/wp\/v2\/media?parent=21772"}],"curies":[{"name":"wp","href":"https:\/\/api.w.org\/{rel}","templated":true}]}}